{"id":52672,"date":"2019-03-17T20:16:08","date_gmt":"2019-03-17T19:16:08","guid":{"rendered":"https:\/?page_id=52672"},"modified":"2019-03-21T19:52:50","modified_gmt":"2019-03-21T18:52:50","slug":"guide-de-tourisme-santa-gertrude-de-fruite","status":"publish","type":"page","link":"https:\/\/soloibiza.com\/fr\/guide-touristique-culturel-et-naturel-ibiza\/guide-touristique-de-santa-eulalia-a-ibiza\/guide-de-tourisme-santa-gertrude-de-fruite\/","title":{"rendered":"Guide de tourisme Santa Gertrude de fruit\u00e9"},"content":{"rendered":"<div class=\"wpb-content-wrapper\"><p>[vc_row full_width=&#8221;stretch_row&#8221; parallax=&#8221;Content-Moving-fade&#8221; css=&#8221;.vc_custom_1545224474865 {padding-top: 20px !important; padding-bottom: 60px !important; background-image: url(http:\/\/soloibiza.com\/wp-content\/uploads\/2018\/12\/Santa-Gertrudis-1.jpg?id=46586) !important;}&#8221;][vc_column][vc_custom_heading text=&#8221;Guide touristique de Santa Gertrude&#8221; font_container=&#8221;tag:H1|text_align:center|color:#ffffff&#8221; use_theme_fonts=&#8221;yes&#8221;][vc_custom_heading text=&#8221;Santa Gertrude est le coeur de l&#8217;\u00eele, un coin calme et paisible c\u00e9l\u00e8bre pour ses bars et restaurants familiaux&#8221; font_container=&#8221;tag:P|font_size: 24px|text_align:center|color:#ffffff&#8221; use_theme_fonts=&#8221;yes&#8221;][\/vc_column][\/vc_row][vc_row][vc_column width=&#8221;1\/3&#8243;][vc_column_text]<\/p>\n<div class=\"entry clearfloat\">\n<div class=\"texto\">  <strong>Santa Gertrude de Fruita<\/strong> est un petit village nich\u00e9 au c\u0153ur d&#8217;Ibiza. Il borde au nord avec <strong>Sant Mateu, Sant Miquel et Sant Lloren\u00e7. Sant Antoni et Santa Eul\u00e1ria<\/strong> couvrent les flancs tandis que Sant Rafael est au sud. La ville est accessible depuis tous ces endroits. Si nous quittons la ville, \u00e0 mi-chemin entre Ibiza et Santa Eul\u00e1ria, nous trouvons le d\u00e9tour qui nous am\u00e8ne \u00e0 leurs rues rares mais bien connues.<\/div>\n<\/div>\n<p>[\/vc_column_text][\/vc_column][vc_column width=&#8221;2\/3&#8243;][vc_single_image image=&#8221;46586&#8243; img_size=&#8221;full&#8221;][\/vc_column][\/vc_row][vc_row][vc_column][vc_column_text] [\/vc_column_text][\/vc_column][\/vc_row][vc_row][vc_column][vc_column_text]<\/p>\n<h2 class=\"title\" >La nourriture et la tranquillit\u00e9 comme une revendication<\/h2>\n<div class=\"entry clearfloat\">\n<div class=\"texto\"> L&#8217;\u00c9glise sert de pr\u00e9sentation \u00e0 un petit voisinage de maisons basses, typiques de l&#8217;\u00eele, m\u00e9lang\u00e9es avec des constructions modernes. L&#8217;activit\u00e9 principale a toujours \u00e9t\u00e9 d\u00e9velopp\u00e9e sur la place de la ville, maintenant transform\u00e9e en zone pi\u00e9tonne, et tr\u00e8s c\u00e9l\u00e8bre parmi les locaux pour leurs snack-bars. Dans cette zone est servie le pa amb tomaquet avec des produits de charcuterie et est appr\u00e9ci\u00e9 sur les terrasses ou \u00e0 l&#8217;int\u00e9rieur des bars o\u00f9 de nombreuses peintures pendent. Au cours de l&#8217;\u00e8re hippie, ils se sont approch\u00e9s de la ville pour vendre leurs peintures et leurs produits artisanaux, ou pour les \u00e9changer contre de la nourriture, d&#8217;o\u00f9 les galeries d&#8217;art qui existent encore aujourd&#8217;hui.<\/div>\n<\/div>\n<p>[\/vc_column_text][\/vc_column][\/vc_row][vc_row][vc_column][vc_column_text] [\/vc_column_text][\/vc_column][\/vc_row][vc_row full_width=&#8221;stretch_row&#8221; css=&#8221;.vc_custom_1539804160222 {padding-top: 30px !important; padding-bottom: 60px !important; background-color:#1b7f47 !important; background-position: centre !important; background-repeat: non-REPEAT !important; Background-size: Cover !important;}&#8221;][vc_column][vc_custom_heading text=&#8221;lieux d&#8217;int\u00e9r\u00eat de Santa Gertrude&#8221; font_container=&#8221;tag:H2|font_size: 40px|text_align:center|color:#FFFFFF|line_height: 48px&#8221; use_theme_fonts=&#8221;yes&#8221;][vc_custom_heading text=&#8221;si vous avez d\u00e9cid\u00e9 de faire une visite \u00e0 Santa Gertrude, ne manquez pas ces coins&#8221; font_container=&#8221;tag:P|font_size: 24px|text_align:center|color:#ffffff&#8221; use_theme_fonts=&#8221;yes&#8221;][\/vc_column][\/vc_row][vc_row][vc_column][vc_column_text] [\/vc_column_text][\/vc_column][\/vc_row][vc_row][vc_column width=&#8221;1\/6&#8243;][vc_column_text] [\/vc_column_text][\/vc_column][vc_column width=&#8221;1\/3&#8243;][vc_single_image image=&#8221;46586&#8243; img_size=&#8221;full&#8221; onclick=&#8221;custom_link&#8221; link=&#8221;https:\/guia-de-turismo-de-ibiza-cultural-y-natural\/guia-turismo-santa-eulalia-ibiza\/guia-de-turismo-de-santa-gertrudis-de-fruitera\/iglesia-de-santa-gertrudis\/&#8221;][vc_column_text]<\/p>\n<h2 style=\"text-align: center;\" >\u00c9glise de Santa Gertrude<\/h2>\n<p style=\"text-align: center;\" >L&#8217;\u00e9glise de Santa Gertrude martyr commen\u00e7a sa construction en 1785, terminant les travaux \u00e0 la fin du m\u00eame si\u00e8cle.<\/p>\n<p>[\/vc_column_text][\/vc_column][vc_column width=&#8221;1\/3&#8243;][vc_single_image image=&#8221;46904&#8243; img_size=&#8221;full&#8221; onclick=&#8221;custom_link&#8221; link=&#8221;https:\/guia-de-turismo-de-ibiza-cultural-y-natural\/guia-turismo-santa-eulalia-ibiza\/guia-de-turismo-de-santa-gertrudis-de-fruitera\/pont-de-can-font\/&#8221;][vc_column_text]<\/p>\n<h2 style=\"text-align: center;\" >Pont de can font<\/h2>\n<p style=\"text-align: center;\">Pont de can font est un pont situ\u00e9 sur l&#8217;ancienne route de Sant Joan de Labritja. Selon la plaque d&#8217;immatriculation du pont, la premi\u00e8re documentation qui a \u00e9t\u00e9 trouv\u00e9e correspond au XVIIIe si\u00e8cle.<\/p>\n<p>[\/vc_column_text][\/vc_column][vc_column width=&#8221;1\/6&#8243;][vc_column_text] [\/vc_column_text][\/vc_column][\/vc_row][vc_row][vc_column][vc_column_text] [\/vc_column_text][\/vc_column][\/vc_row][vc_row][vc_column][vc_gmaps link=&#8221;#E-8_JTNDaWZyYW1lJTIwc3JjJTNEJTIyaHR0cHMlM0ElMkYlMkZ3d3cuZ29vZ2xlLmNvbSUyRm1hcHMlMkZlbWJlZCUzRnBiJTNEJTIxMW0xOCUyMTFtMTIlMjExbTMlMjExZDMxMDAuNzUxMTE3NTEzOTA4JTIxMmQxLjQyNjE2NDcxNTg2NDEyNjklMjEzZDM4Ljk5ODE3NjE5ODYwMTU1NiUyMTJtMyUyMTFmMCUyMTJmMCUyMTNmMCUyMTNtMiUyMTFpMTAyNCUyMTJpNzY4JTIxNGYxMy4xJTIxM20zJTIxMW0yJTIxMXMweDEyOTkzOGJmM2EwNmJjOTElMjUzQTB4YjA1ZWE1YzQyMzViMDgyZiUyMTJzMDc4MTQlMkJTYW50YSUyQkdlcnRydWRpcyUyQmRlJTJCRnJ1aXRlcmElMjUyQyUyQklzbGFzJTJCQmFsZWFyZXMlMjE1ZTAlMjEzbTIlMjExc2VzJTIxMnNlcyUyMTR2MTU0NTIyMjgzOTQ5MiUyMiUyMHdpZHRoJTNEJTIyNjAwJTIyJTIwaGVpZ2h0JTNEJTIyNDUwJTIyJTIwZnJhbWVib3JkZXIlM0QlMjIwJTIyJTIwc3R5bGUlM0QlMjJib3JkZXIlM0EwJTIyJTIwYWxsb3dmdWxsc2NyZWVuJTNFJTNDJTJGaWZyYW1lJTNF&#8221;][\/vc_column][\/vc_row][vc_row][vc_column][vc_column_text] [\/vc_column_text][\/vc_column][\/vc_row][vc_row full_width=&#8221;stretch_row&#8221; css=&#8221;.vc_custom_1539804160222 {padding-top: 30px !important; padding-bottom: 60px !important, Background-color:#1b7f47 !important; background-position: centre !important; background-repeat: non-REPEAT !important, Background-size: Cover !important;}&#8221;][vc_column][vc_custom_heading text=&#8221;lieux pr\u00e8s de Santa Gertrude&#8221; font_container=&#8221;tag:H2|font_size: 40px|text_align:center|color:#FFFFFF|line_height: 48px&#8221; use_theme_fonts=&#8221;yes&#8221;][\/vc_column][\/vc_row][vc_row][vc_column][vc_column_text] [\/vc_column_text][\/vc_column][\/vc_row][vc_row][vc_column width=&#8221;1\/6&#8243;][vc_column_text] [\/vc_column_text][\/vc_column][vc_column width=&#8221;1\/3&#8243;][vc_single_image image=&#8221;47006&#8243; img_size=&#8221;full&#8221; onclick=&#8221;custom_link&#8221; link=&#8221;https:\/guia-de-turismo-de-ibiza-cultural-y-natural\/guia-de-turismo-de-sant-antoni\/guia-de-turismo-de-sant-rafel-de-sa-creu\/&#8221;][vc_column_text]<\/p>\n<h2 style=\"text-align: center;\" >Sant Rafael 5 km<\/h2>\n<p style=\"text-align: center;\" >Sant Rafael de sa Creu est une population qui, toujours appartenant \u00e0 la municipalit\u00e9 de Sant Antoni, a une relation \u00e9troite avec Ibiza, dont il est \u00e0 quelques kilom\u00e8tres.<\/p>\n<p>[\/vc_column_text][\/vc_column][vc_column width=&#8221;1\/3&#8243;][vc_single_image image=&#8221;46988&#8243; img_size=&#8221;full&#8221; onclick=&#8221;custom_link&#8221; link=&#8221;https:\/guia-de-turismo-de-ibiza-cultural-y-natural\/guia-turismo-sant-joan-ibiza\/guia-de-turismo-de-san-lorenzo-o-sant-llorenc-de-balafia\/&#8221;][vc_column_text]<\/p>\n<h2 style=\"text-align: center;\" >Sant LLoren\u00e7 7 km<\/h2>\n<p style=\"text-align: center;\" >Sant Lloren\u00e7 de Bal\u00e0fia, ou San Lorenzo, est une ville rurale, avec pratiquement aucun noyau urbain, situ\u00e9 dans la municipalit\u00e9 de Sant Joan.<\/p>\n<p>[\/vc_column_text][\/vc_column][vc_column width=&#8221;1\/6&#8243;][vc_column_text] [\/vc_column_text][\/vc_column][\/vc_row][vc_row][vc_column][vc_column_text] [\/vc_column_text][\/vc_column][\/vc_row][vc_row full_width=&#8221;stretch_row&#8221; css=&#8221;.vc_custom_1539928959405 {padding-top: 20px !important; padding-bottom: 20px !important; background-color:#1b7f47 !important;}&#8221;][vc_column][vc_custom_heading text=&#8221;plus de lieux d&#8217;int\u00e9r\u00eat&#8221; font_container=&#8221;tag:H2|text_align:center|color:#ffffff&#8221; use_theme_fonts=&#8221;yes&#8221;][vc_custom_heading text=&#8221;Si vous avez une voiture de location vous pouvez visiter ces autres villes avec des attractions touristiques&#8221; font_container=&#8221;tag:p|font_size:24px|text_align:center|color:%23ffff&#8221; use_theme_fonts=&#8221;yes&#8221; link=&#8221;url:https%3A\/\/alquilercochesibiza.soloibiza.com|||&#8221;][vc_row_inner css=&#8221;.vc_custom_1539926670780 {margin-top: 20px !important;}&#8221;][vc_column_inner width=&#8221;1\/4&#8243;][vc_btn title=&#8221;Santa Eul\u00e0lia&#8221; color=&#8221;default&#8221; align=&#8221;center&#8221; link=&#8221;url:https%3A%2F%2Ffr.soloibiza.com%2Fguide-touristique-culturel-et-naturel-ibiza%2Fguide-touristique-de-santa-eulalia-a-ibiza%2F|||&#8221;][\/vc_column_inner][vc_column_inner width=&#8221;1\/4&#8243;][vc_btn title=&#8221;San Antonio&#8221; color=&#8221;default&#8221; align=&#8221;center&#8221; link=&#8221;url:https%3A%2F%2Ffr.soloibiza.com%2Fguide-touristique-culturel-et-naturel-ibiza%2Fguide-de-tourisme-sant-antoni%2F|||&#8221;][\/vc_column_inner][vc_column_inner width=&#8221;1\/4&#8243;][vc_btn title=&#8221;San Jos\u00e9&#8221; color=&#8221;default&#8221; align=&#8221;center&#8221; link=&#8221;url:https%3A%2F%2Ffr.soloibiza.com%2Fguide-touristique-culturel-et-naturel-ibiza%2Fguide-touristique-de-sant-josep-a-ibiza%2F|||&#8221;][\/vc_column_inner][vc_column_inner width=&#8221;1\/4&#8243;][vc_btn title=&#8221;San Juan&#8221; color=&#8221;default&#8221; align=&#8221;center&#8221; link=&#8221;url:https%3A%2F%2Ffr.soloibiza.com%2Fguide-touristique-culturel-et-naturel-ibiza%2Fguide-touristique-de-sant-joan-a-ibiza%2F|||&#8221;][\/vc_column_inner][\/vc_row_inner][\/vc_column][\/vc_row][vc_row][vc_column][vc_column_text] [\/vc_column_text][\/vc_column][\/vc_row][vc_row][vc_column width=&#8221;1\/3&#8243;][vc_single_image image=&#8221;47588&#8243; img_size=&#8221;full&#8221;][vc_column_text el_class=&#8221;.conelanteriorreducido&#8221;] <a href=\"https:\/puerto-de-san-miguel\/\">Puerto San Miguel<\/a> [\/vc_column_text][vc_column_text]<\/p>\n<h2 style=\"text-align: center;\" >Puerto de San Miguel 9 km<\/h2>\n<p style=\"text-align: center;\" >Le port de San Miguel est situ\u00e9 \u00e0 l&#8217;extr\u00eame nord de l&#8217;\u00eele, dans la municipalit\u00e9 de Sant Joan.<\/p>\n<p>[\/vc_column_text][\/vc_column][vc_column width=&#8221;1\/3&#8243;][vc_single_image image=&#8221;47338&#8243; img_size=&#8221;full&#8221;][vc_column_text el_class=&#8221;.conelanteriorreducido&#8221;] <a href=\"https:\/cala-moltons\/\">Cala Moltens<\/a> [\/vc_column_text][vc_column_text]<\/p>\n<h2 style=\"text-align: center;\" >Cala Moltens 9 km<\/h2>\n<p style=\"text-align: center;\" >Cala Moltens est une crique au nord de l&#8217;\u00eele, dans la municipalit\u00e9 de Sant Joan.<\/p>\n<p>[\/vc_column_text][\/vc_column][vc_column width=&#8221;1\/3&#8243;][vc_single_image image=&#8221;47515&#8243; img_size=&#8221;full&#8221;][vc_column_text el_class=&#8221;.conelanteriorreducido&#8221;] <a href=\"https:\/talamanca\/\">Plage de Talamanca<\/a> [\/vc_column_text][vc_column_text]<\/p>\n<h2 style=\"text-align: center;\" >\u00c0 9 km de Talamanca Beach<\/h2>\n<p style=\"text-align: center;\" >L&#8217;une des meilleures plages urbaines que nous pouvons appr\u00e9cier est situ\u00e9e sur la plage de Talamanca.<\/p>\n<p>[\/vc_column_text][\/vc_column][\/vc_row][vc_row][vc_column][vc_column_text] [\/vc_column_text][\/vc_column][\/vc_row][vc_row full_width=&#8221;stretch_row&#8221; css=&#8221;.vc_custom_1539804160222 {padding-top: 30px !important; padding-bottom: 60px !important; background-color:#1b7f47 !important; background-position: centre !important; background-repeat: non-REPEAT !important; Background-size: Cover !important;}&#8221;][vc_column][vc_custom_heading text=&#8221;Fiestas de Santa Gertrude&#8221; font_container=&#8221;tag:H2|font_size: 40px|text_align:center|color:#FFFFFF|line_height: 48px&#8221; use_theme_fonts=&#8221;yes&#8221;][\/vc_column][\/vc_row][vc_row][vc_column][vc_column_text] [\/vc_column_text][\/vc_column][\/vc_row][vc_row][vc_column][vc_column_text]<\/p>\n<div class=\"texto\">\n<div class=\"texto\"><strong >F\u00eates patronales Saint-Gertrude<\/strong><\/div>\n<div >Le 16 novembre<\/div>\n<\/div>\n<p>[\/vc_column_text][\/vc_column][\/vc_row][vc_row][vc_column][vc_column_text] [\/vc_column_text][\/vc_column][\/vc_row][vc_row full_width=&#8221;stretch_row&#8221; css=&#8221;.vc_custom_1539804160222 {padding-top: 30px !important; padding-bottom: 60px !important; background-color:#1b7f47 !important; background-position: centre !important; background-repeat: non-REPEAT !important; Background-size: Cover !important;}&#8221;][vc_column][vc_custom_heading text=&#8221;bus to Santa Gertrude&#8221; font_container=&#8221;tag:H2|font_size: 40px|text_align:center|color:#FFFFFF|line_height: 48px&#8221; use_theme_fonts=&#8221;yes&#8221;][\/vc_column][\/vc_row][vc_row][vc_column][vc_column_text] [\/vc_column_text][\/vc_column][\/vc_row][vc_row][vc_column][vc_column_text]<\/p>\n<div class=\"texto\"><b >Santa Eulalia-> Es Canar <a href=\"https:\/autobuses-de-ibiza-lineas-y-horarios\/autobus-linea-18a-santa-eulalia-es-canar\/\">ligne 18A<\/a><\/b><\/div>\n<p><strong > Ibiza-> Port de San Miguel <a href=\"https:\/autobuses-de-ibiza-lineas-y-horarios\/autobus-linea-l25a-ibiza-puerto-de-san-miguel\/\">ligne 25<\/a><\/strong><\/div>\n<p><strong >San Mateo-> Ibiza <a href=\"https:\/autobuses-de-ibiza-lineas-y-horarios\/autobus-linea-33-san-mateo-ibiza\/\">ligne 33<\/a><\/strong><\/div>\n<p><strong >Puerto de San Miguel-> Es Canar <a href=\"https:\/autobuses-de-ibiza-lineas-y-horarios\/autobus-linea-37-puerto-de-san-miguel-es-canar\/\">ligne 37<\/a><\/strong><\/div>\n<\/div>\n<\/div>\n<p>[\/vc_column_text][\/vc_column][\/vc_row]<\/p>\n<\/div>","protected":false},"excerpt":{"rendered":"<p>[vc_row full_width=&#8221;stretch_row&#8221; parallax=&#8221;Content-Moving-fade&#8221; css=&#8221;.vc_custom_1545224474865 {padding-top: 20px !important; padding-bottom: 60px !important; background-image: url(http:\/\/soloibiza.com\/wp-content\/uploads\/2018\/12\/Santa-Gertrudis-1.jpg?id=46586) !important;}&#8221;][vc_column][vc_custom_heading text=&#8221;Guide touristique de Santa Gertrude&#8221; font_container=&#8221;tag:H1|text_align:center|color:#ffffff&#8221; use_theme_fonts=&#8221;yes&#8221;][vc_custom_heading text=&#8221;Santa Gertrude est le coeur de l&#8217;\u00eele, un coin calme et paisible c\u00e9l\u00e8bre pour ses bars et restaurants familiaux&#8221; font_container=&#8221;tag:P|font_size: 24px|text_align:center|color:#ffffff&#8221; use_theme_fonts=&#8221;yes&#8221;][\/vc_column][\/vc_row][vc_row][vc_column width=&#8221;1\/3&#8243;][vc_column_text] Santa Gertrude de Fruita est un petit village nich\u00e9 au c\u0153ur d&#8217;Ibiza. [&hellip;]<\/p>\n","protected":false},"author":1,"featured_media":0,"parent":52609,"menu_order":0,"comment_status":"closed","ping_status":"closed","template":"","meta":{"_acf_changed":false,"footnotes":""},"class_list":["post-52672","page","type-page","status-publish","hentry"],"acf":[],"_links":{"self":[{"href":"https:\/\/soloibiza.com\/fr\/wp-json\/wp\/v2\/pages\/52672","targetHints":{"allow":["GET"]}}],"collection":[{"href":"https:\/\/soloibiza.com\/fr\/wp-json\/wp\/v2\/pages"}],"about":[{"href":"https:\/\/soloibiza.com\/fr\/wp-json\/wp\/v2\/types\/page"}],"author":[{"embeddable":true,"href":"https:\/\/soloibiza.com\/fr\/wp-json\/wp\/v2\/users\/1"}],"replies":[{"embeddable":true,"href":"https:\/\/soloibiza.com\/fr\/wp-json\/wp\/v2\/comments?post=52672"}],"version-history":[{"count":0,"href":"https:\/\/soloibiza.com\/fr\/wp-json\/wp\/v2\/pages\/52672\/revisions"}],"up":[{"embeddable":true,"href":"https:\/\/soloibiza.com\/fr\/wp-json\/wp\/v2\/pages\/52609"}],"wp:attachment":[{"href":"https:\/\/soloibiza.com\/fr\/wp-json\/wp\/v2\/media?parent=52672"}],"curies":[{"name":"wp","href":"https:\/\/api.w.org\/{rel}","templated":true}]}}