{"id":51366,"date":"2019-03-09T14:51:55","date_gmt":"2019-03-09T13:51:55","guid":{"rendered":"https:\/?page_id=51366"},"modified":"2019-03-09T15:42:06","modified_gmt":"2019-03-09T14:42:06","slug":"plage-de-santa-eulalia","status":"publish","type":"page","link":"https:\/\/soloibiza.com\/fr\/plage-de-santa-eulalia\/","title":{"rendered":"Plage de Santa Eulalia"},"content":{"rendered":"<div class=\"wpb-content-wrapper\"><p> [vc_row full_width = &#8220;stretch_row&#8221; parallax = &#8220;Content-Moving-fade&#8221; css = &#8220;.vc_custom_1545902815388 {padding-top: 20px !important; padding-bottom: 60px !important; background-image: url(http:\/\/soloibiza.com\/wp-content\/uploads\/2018\/12\/Playa-de-Santa-Eulalia.jpg?id=47500) !important;}&#8221;] [vc_column] [vc_custom_heading text = &#8220;Playa de Santa Eulalia. La plage la plus urbaine de la municipalit\u00e9 &#8221; font_container =&#8221;tag:H1|text_align:center|color:#ffffff&#8221; use_theme_fonts =&#8221;yes&#8221;] [vc_custom_heading text =&#8221; la plage de Santa Eulalia traverse la promenade de la localit\u00e9 &#8221; font_container =&#8221; tag:P|font_size: 24px|text_align: Center|color:#ffffff&#8221; use_theme_fonts=&#8221;yes&#8221;] [\/vc_column] [\/vc_row] [vc_row] [vc_column width=&#8221; 2\/3 &#8220;] [vc_row_inner] [vc_column_inner] [\/vc_column_inner] [\/vc_row_inner] [vc_single_image image =&#8221;47500&#8243; img_size =&#8221;full&#8221;] [vc_column_text] L&#8217;une des principales attractions offertes par <a href=\"https:\/guia-de-turismo-de-ibiza-cultural-y-natural\/guia-turismo-santa-eulalia-ibiza\/\">Santa Eulalia<\/a>est, sans aucun doute, la plage urbaine qui longe la c\u00f4te, entre la rivi\u00e8re Santa Eularia et la Marina. L&#8217;acc\u00e8s n&#8217;a pas de complications, car prendre n&#8217;importe quelle route qui nous emm\u00e8ne au centre de la municipalit\u00e9, nous pourrons y adh\u00e9rer. En arrivant au village, qui est situ\u00e9 \u00e0 environ dix-sept kilom\u00e8tres d\u2019Ibiza, nous devrons trouver un parking vers la zone de descente vers la mer. Veuillez noter que ces lots sont en zone bleue, donc vous devez regarder le temps qui restera sur la plage et prendre aux modifications n\u00e9cessaires. Une fois que nous abaisser le v\u00e9hicule, aussi si nous sommes descendus du bus, ils suffira \u00e0 descendre \u00e0 la plage. Nous vous recommandons d\u2019effectuer ce voyage le long de la promenade, en face de l\u2019h\u00f4tel de ville, o\u00f9 vous pourrez visiter les \u00e9tals des artisans pour prendre certains souvenirs et photographi\u00e9 \u00e0 c\u00f4t\u00e9 de l\u2019est Pou de Baix, un ancien puits de 1543. [\/vc_column_text] [\/vc_column] [vc_column width = &#8220;1\/3&#8243;] [vc_gmaps link=&#8221;#E-8_JTNDaWZyYW1lJTIwc3JjJTNEJTIyaHR0cHMlM0ElMkYlMkZ3d3cuZ29vZ2xlLmNvbSUyRm1hcHMlMkZlbWJlZCUzRnBiJTNEJTIxMW0xOCUyMTFtMTIlMjExbTMlMjExZDMxMDEuNDEzMDUwODYxODQ0JTIxMmQxLjUzMTkyMjUxNTg2MzgzMSUyMTNkMzguOTgzMDY4NDQ5NDkzNzg2JTIxMm0zJTIxMWYwJTIxMmYwJTIxM2YwJTIxM20yJTIxMWkxMDI0JTIxMmk3NjglMjE0ZjEzLjElMjEzbTMlMjExbTIlMjExczB4MTI5OTE1NGU5ZjZjOGI2MyUyNTNBMHg4NGFhZjg2NTdhZTU2ZmRkJTIxMnNQbGF5YSUyQkRlJTJCU2FudGElMkJFdWxhbGlhJTIxNWUwJTIxM20yJTIxMXNlcyUyMTJzZXMlMjE0djE1NDU5MDMyMTU4OTElMjIlMjB3aWR0aCUzRCUyMjYwMCUyMiUyMGhlaWdodCUzRCUyMjQ1MCUyMiUyMGZyYW1lYm9yZGVyJTNEJTIyMCUyMiUyMHN0eWxlJTNEJTIyYm9yZGVyJTNBMCUyMiUyMGFsbG93ZnVsbHNjcmVlbiUzRSUzQyUyRmlmcmFtZSUzRQ==&#8221;] [vc_custom_heading text  = &#8220;Extra services&#8221; font_container = &#8216;tag:h3|text_align:center|color:%23ffff&#8217; use_theme_fonts = &#8220;yes&#8221; css = &#8220;.vc_custom_1540662764537 {margin-bottom: 30px !important; background-color:#f3ad2a !important;} &#8220;] [vc_row_inner gap = &#8220;30&#8221;] [vc_column_inner width = &#8220;1\/3&#8221;] [vc_icon icon_hubbleicons = &#8220;icono-sun-bath&#8221; color= &#8220;custom&#8221; size = &#8220;xl&#8221; align = &#8220;center&#8221; icons_reach_icons = &#8220;icon-beach-1&#8221; custom_color = &#8220;#f1ae28&#8221;] [vc_column_text] <\/p>\n<p style=\"text-align: center;\"><span style=\"color:#f3ad2a;\"><strong >Parapluies<\/strong><\/span><\/p>\n<p> [\/vc_column_text] [\/vc_column_inner] [vc_column_inner width = &#8220;1\/3&#8221;] [vc_icon icon_hubbleicons = &#8220;icono-relax-5&#8221; color= &#8220;custom&#8221; size= &#8220;xl&#8221; align = &#8220;Centre&#8221; icons_reach_icons = &#8220;Icon-Beach-1&#8221; custom_color = &#8220;#f1ae28&#8221;] [vc_column_text] <\/p>\n<p style=\"text-align: center;\"><span style=\"color:#f3ad2a;\"><strong >Hamacs<\/strong><\/span><\/p>\n<p> [\/vc_column_text] [\/vc_column_inner] [vc_column_inner width = &#8220;1\/3&#8221;] [vc_icon icon_hubbleicons = &#8220;icono-swimming-pool-3&#8221; color= &#8220;custom&#8221; size= &#8220;xl&#8221; align = &#8220;Centre&#8221; icons_reach_icons = &#8220;Icon-plage-1&#8221; custom_color = &#8220;#f1ae28&#8221;] [vc_column_text] <\/p>\n<p style=\"text-align: center;\"><span style=\"color:#f3ad2a;\"><strong >Espace bain<\/strong><\/span><\/p>\n<p> [\/vc_column_text] [\/vc_column_inner] [\/vc_row_inner] [vc_row_inner Gap = &#8220;30&#8221;] [vc_column_inner width = &#8220;1\/3&#8221;] [vc_icon icon_hubbleicons = &#8220;icono-terrace&#8221; color= &#8220;custom&#8221; size= &#8220;xl&#8221; align = &#8220;Centre&#8221; icons_reach_icons = &#8220;Icon-Beach-1&#8221; custom_color = &#8220;#f1ae28&#8221;] [vc_column_text] <\/p>\n<p style=\"text-align: center;\"><span style=\"color:#f3ad2a;\"><strong >Restaurant<\/strong><\/span><\/p>\n<p> [\/vc_column_text] [\/vc_column_inner] [vc_column_inner width = &#8220;1\/3&#8221;] [vc_icon icon_hubbleicons = &#8220;icono-kayak&#8221; color= &#8220;custom&#8221; size= &#8220;xl&#8221; align = &#8220;Centre&#8221; icons_reach_icons = &#8220;Icon-Beach-1&#8221; custom_color = &#8220;#f1ae28&#8221;] [vc_column_text] <\/p>\n<p style=\"text-align: center;\"><span style=\"color:#f3ad2a;\"><strong >Cano\u00eb<\/strong><\/span><\/p>\n<p> [\/vc_column_text] [\/vc_column_inner] [vc_column_inner width = &#8220;1\/3&#8221;] [vc_icon icon_hubbleicons = &#8220;icono-restroom&#8221; color= &#8220;custom&#8221; size= &#8220;xl&#8221; align = &#8220;Centre&#8221; icons_reach_icons = &#8220;Icon-Beach-1&#8221; custom_color = &#8220;#f1ae28&#8221;] [vc_column_text] <\/p>\n<p style=\"text-align: center;\"><span style=\"color:#f3ad2a;\"><strong >Accessible<\/strong><\/span><\/p>\n<p> [\/vc_column_text] [\/vc_column_inner] [\/vc_row_inner] [\/vc_column] [\/vc_row] [vc_row] [vc_column] [vc_column_text] <\/p>\n<div class=\"entry clearfloat\">\n<h2 id=\"t2\" class=\"title\" >Nous trouverons dans la plage de Santa Eulalia<\/h2>\n<div class=\"entry clearfloat\"> La <strong>plage <\/strong>est dans une grande baie, avec environ 250 m\u00e8tres de large par environ 40 de large. Il a un sable fin qui vient principalement du fond marin. La plage est marqu\u00e9e et dans les premiers m\u00e8tres, la pente du fond est tr\u00e8s douce. De la quinzaine de m\u00e8tres la profondeur augmente jusqu&#8217;\u00e0 ce que vous obtenez \u00e0 couvrir \u00e0 distance de marche. Les vents soufflent g\u00e9n\u00e9ralement en vrac et presque toujours \u00e0 l&#8217;int\u00e9rieur des terres. L&#8217;offre de loisirs qui pr\u00e9sente la plage est tr\u00e8s compl\u00e8te, soulignant les sports nautiques qui, gr\u00e2ce \u00e0 la proximit\u00e9 de la Marina, est l&#8217;un des plus complets que nous pouvons trouver sur l&#8217;\u00eele. Le paysage n&#8217;est pas seulement urbain, nous pouvons \u00e9galement trouver l&#8217;embouchure de la rivi\u00e8re Santa Eularia, avec une belle promenade \u00e0 travers laquelle nous pouvons marcher sur la rive et contempler \u00e0 la fois la faune et la flore de la r\u00e9gion. Dans la promenade, nous pouvons trouver des souvenirs et des services gastronomiques vari\u00e9s, \u00eatre en mesure de profiter d&#8217;un repas copieux sur les rives de la mer, assaisonn\u00e9 avec une bonne cr\u00e8me glac\u00e9e dans les salons de cr\u00e8me glac\u00e9e sur la <strong>plage<\/strong>. Tr\u00e8s proche nous trouverons \u00e9galement une <a title=\"Alquiler de coches en Santa Eulalia\" href=\"https:\/alquiler-coches-ibiza\/alquiler-de-coches-en-santa-eulalia-en-ibiza\/\">compagnie de location de voiture \u00e0 Santa Eulalia<\/a> pour pouvoir contempler toute la c\u00f4te de cette belle localit\u00e9. <\/div><\/div>\n<p> [\/vc_column_text] [\/vc_column] [\/vc_row] [vc_row full_width = &#8220;stretch_row&#8221; css = &#8220;.vc_custom_1540634055579 {padding-top: 30px !important; padding-bottom: 60px !important; background-color:#f1ae28 !important; sfondo-posizione: centre !important; background-repeat: non-REPEAT !important; Background-taille: Cover !important;} &#8220;] [vc_column] [vc_custom_heading text = &#8220;lignes de bus \u00e0 la plage de Santa Eulalia&#8221; font_container = &#8220;tag:H2|font_size: 40px|text_align:center|color:#FFFFFF|line_height: 48px&#8221; use_theme_fonts = &#8220;yes&#8221;] [vc_custom_heading text = &#8220;il est important de contr\u00f4ler le calendrier des bus, car perdre le dernier peut \u00eatre un probl\u00e8me. Nous vous conseillons de vous d\u00e9placer dans une voiture de location. &#8221; font_container =&#8221; tag:P|font_size: 24px|text_align:center|color:#ffffff&#8221; use_theme_fonts =&#8221;yes&#8221; Link =&#8221; URL: HTTPS% 3A% 2F% 2Falquilercochesibiza. Soloibiza. com|||&#8221;] [\/vc_column] [\/vc_row] [vc_row] [vc_column] [vc_column_text] Il n&#8217;y a pas de bus arrivant \u00e0 Playa de Santa Eularia donc nous vous recommandons de conduire \u00e0 cette plage. Vous pouvez trouver de bonnes affaires dans notre moteur de recherche de <a href=\"https:\/\/alquilercochesibiza.soloibiza.com\/\">location de voitures \u00e0 Ibiza<\/a>[\/vc_column_text] [\/vc_column] [\/vc_row] [vc_row full_width = &#8220;stretch_row&#8221; css = &#8220;.vc_custom_1540634055579 {padding-top: 30px !important; padding-bottom: 60px !important;background-color:#f1ae28 !important; sfondo-posizione: center !important; background-repeat: non r\u00e9p\u00e9tition !important; background-taille: couverture !important;} &#8220;] [vc_column] [vc_custom_heading text = &#8220;Autres plages \u00e0 proximit\u00e9 de la plage de Santa Eulalia&#8221; font_container = &#8220;tag:h2|font_size:40px|text_align:center|color:%23ffffff|line_height:48px&#8221; use_theme_fonts = &#8220;yes&#8221;] [\/vc_column] [\/vc_row] [vc_row] [vc_column width = &#8220;1\/3&#8221; class = &#8220;filaplayas&#8221;] [vc_single_image image= &#8220;47700&#8221; img_size = &#8220;full&#8221;] [vc_column_text el_class = &#8220;.conelanteriorreducido&#8221;] <a href=\"https:\/rio-de-santa-eulalia\/\">Riomar<\/a> [\/vc_column_text] [vc_column_text] <\/p>\n<h2 style=\"text-align: center;\" >Santa Eularia ou Riomar River Beach \u00e0 665 m\u00e8tres<\/h2>\n<p style=\"text-align: center;\" >Il y a des endroits sur cette \u00eele qui passent inaper\u00e7us par le simple fait d&#8217;\u00eatre une source au-del\u00e0.<\/p>\n<p> [\/vc_column_text] [\/vc_column] [vc_column width = &#8220;1\/3&#8221; El_class = &#8220;Filaplayas&#8221;] [vc_single_image image = &#8220;47602&#8221; img_size = &#8220;full&#8221;] [vc_column_text El_class = &#8220;.conelanteriorreducido&#8221;] <a href=\"https:\/calo-de-salga\/\">Cal\u00f3 de s&#8217;Alga<\/a> [\/vc_column_text] [vc_column_text] <\/p>\n<h2 style=\"text-align: center;\" >Cal\u00f3 de S \u0301Alga \u00e0 1055 m\u00e8tres<\/h2>\n<p style=\"text-align: center;\" >Une plage curieuse qui se trouve dans l&#8217;urbanisation de Siesta, Santa Eulalia del R\u00edo.<\/p>\n<p> [\/vc_column_text] [\/vc_column] [vc_column width = &#8220;1\/3&#8221; El_class = &#8220;Filaplayas&#8221;] [vc_single_image image = &#8220;47482&#8221; img_size = &#8220;full&#8221;] [vc_column_text El_class = &#8220;.conelanteriorreducido&#8221;] <a href=\"https:\/niu-blau\/\">Niu Blau<\/a> [\/vc_column_text] [vc_column_text] <\/p>\n<h2 style=\"text-align: center;\" >Niu Blau 2 km<\/h2>\n<p style=\"text-align: center;\" >La Playa des Niu Blau appartient \u00e0 la municipalit\u00e9 de Santa Eularia et se trouve \u00e0 environ dix-sept kilom\u00e8tres d&#8217;Ibiza et \u00e0 environ deux kilom\u00e8tres du centre neuralgique de la paroisse de Santa Eularia.<\/p>\n<p> [\/vc_column_text] [\/vc_column] [\/vc_row] [vc_row full_width = &#8220;stretch_row&#8221; css = &#8220;.vc_custom_1539928959405 {padding-top: 20px !important; padding-bottom: 20px !important, Background-color:#1b7f47 !important;}&#8221;] [vc_column] [vc_custom_heading text = &#8220;plus de lieux d&#8217;int\u00e9r\u00eat&#8221; font_container = &#8220;tag:H2|text_align:center|color:#ffffff&#8221; use_theme_fonts = &#8220;yes&#8221;] [vc_custom_heading text = &#8220;si vous avez une voiture de location vous pouvez visiter ces autres endroits avec un int\u00e9r\u00eat touristique&#8221; font_container = &#8220;tag:P|font_size: 24px|text_align:center|color:#ffffff&#8221; use_theme_fonts = &#8220;yes&#8221; Link = &#8220;URL: HTTPS% 3A% 2F% 2Falquilercochesibiza. Soloibiza. com|| |&#8221;] [\/vc_column] [\/vc_row] [vc_row] [vc_column width = &#8220;1\/3&#8221;] [vc_single_image image = &#8220;46622&#8221; img_size = &#8220;full&#8221; onclick = &#8220;custom_link&#8221; Link = &#8220;https:\/guia-de-turismo-de-ibiza-cultural-y-natural\/guia-turismo-santa-eulalia-ibiza\/museo-barrau\/&#8221;] [vc_column_text] <\/p>\n<h2 style=\"text-align: center;\" >Mus\u00e9e de Barrau \u00e0 571 m\u00e8tres<\/h2>\n<p style=\"text-align: center;\" >Au coeur de Puig de Missa, dans un endroit privil\u00e9gi\u00e9, en face de la porte de l&#8217;\u00e9glise, vous trouverez la maison-mus\u00e9e d\u00e9di\u00e9e au Laure\u00e0 Barrau i Bu\u00f1ol de Barcelone.<\/p>\n<p> [\/vc_column_text] [\/vc_column] [vc_column width = &#8220;1\/3&#8221;] [vc_single_image image = &#8220;46880&#8221; img_size = &#8220;full&#8221; onclick = &#8220;custom_link&#8221; Link = &#8220;https:\/guia-de-turismo-de-ibiza-cultural-y-natural\/guia-turismo-santa-eulalia-ibiza\/museo-etnologico-can-ros\/&#8221;] [vc_column_text] <\/p>\n<h2 style=\"text-align: center;\" >Mus\u00e9e ethnologique \u00e0 631 m\u00e8tres<\/h2>\n<p style=\"text-align: center;\" >Dans le noyau de Puig de Missa, nous pouvons visiter le Mus\u00e9e ethnologique de CAN ros.<\/p>\n<p> [\/vc_column_text] [\/vc_column] [vc_column width = &#8220;1\/3&#8221; El_class = &#8220;Filaplayas&#8221;] [vc_single_image image = &#8220;46724&#8221; img_size = &#8220;full&#8221; onclick = &#8220;custom_link&#8221; Link = &#8220;https:\/guia-de-turismo-de-ibiza-cultural-y-natural\/guia-turismo-santa-eulalia-ibiza\/iglesia-de-puig-de-missa\/&#8221;] [vc_column_text] <\/p>\n<h2 style=\"text-align: center;\" >L&#8217;\u00e9glise Puig de Missa \u00e0 634 m\u00e8tres<\/h2>\n<p style=\"text-align: center;\" >Puig de Missa est le nom qui re\u00e7oit la zone \u00e9lev\u00e9e de l&#8217;\u00e9glise-ch\u00e2teau qui pr\u00e9side Santa Eularia<\/p>\n<p> [\/vc_column_text] [\/vc_column] [\/vc_row] [vc_row full_width = &#8220;stretch_row&#8221; css = &#8220;.vc_custom_1539928959405 {padding-top: 20px !important; padding-bottom: 20px !important; background-color:#1b7f47 !important;}&#8221;] [vc_column] [vc_custom_heading text = &#8220;emplacements \u00e0 Playa de Santa Eulalia&#8221; font_container = &#8220;tag:H2|text_align:center|color:#ffffff&#8221; use_theme_fonts = &#8220;yes&#8221;] [\/vc_column] [\/vc_row] [vc_row] [vc_column width = &#8220;1\/3&#8221;] [vc_single_image image = &#8220;46952&#8221; img_size = &#8220;full&#8221; onclick = &#8220;custom_link&#8221; Link = &#8220;https:\/guia-de-turismo-de-ibiza-cultural-y-natural\/guia-turismo-santa-eulalia-ibiza\/&#8221;] [vc_column_text] <\/p>\n<h2 style=\"text-align: center;\" >Santa Eularia \u00e0 605 m\u00e8tres<\/h2>\n<p style=\"text-align: center;\" >La pr\u00e9sence humaine dans cette municipalit\u00e9 a \u00e9t\u00e9 \u00e9tablie \u00e0 l&#8217;\u00e9poque pr\u00e9historique.<\/p>\n<p> [\/vc_column_text] [\/vc_column] [vc_column width = &#8220;1\/3&#8221;] [vc_single_image image = &#8220;46964&#8221; img_size = &#8220;full&#8221; onclick = &#8220;custom_link&#8221; Link = &#8220;https:\/guia-de-turismo-de-ibiza-cultural-y-natural\/guia-turismo-santa-eulalia-ibiza\/guia-de-turismo-de-san-carlos-o-sant-carles-de-peralta\/&#8221; ] [vc_column_text] <\/p>\n<h2 style=\"text-align: center;\" >Sant Carles 7 km<\/h2>\n<p style=\"text-align: center;\" >Situ\u00e9 \u00e0 environ six kilom\u00e8tres du noyau de Santa Eularia se trouve la paroisse de Sant Carles de Peralta, ou San Carlos.<\/p>\n<p> [\/vc_column_text] [\/vc_column] [vc_column width = &#8220;1\/3&#8221;] [vc_single_image image = &#8220;46988&#8221; img_size = &#8220;full&#8221; onclick = &#8220;custom_link&#8221; Link = &#8220;https:\/guia-de-turismo-de-ibiza-cultural-y-natural\/guia-turismo-sant-joan-ibiza\/guia-de-turismo-de-san-lorenzo-o-sant-llorenc-de-balafia\/&#8221;] [vc_column_text] <\/p>\n<h2 style=\"text-align: center;\" >Sant LLoren\u00e7 8 km<\/h2>\n<p style=\"text-align: center;\" >Sant Lloren\u00e7 de Bal\u00e0fia, ou San Lorenzo, est une ville rurale, avec pratiquement aucun noyau urbain, situ\u00e9 dans la municipalit\u00e9 de Sant Joan.<\/p>\n<p> [\/vc_column_text] [\/vc_column] [\/vc_row] [vc_row] [vc_column] [vc_column_text] [toc] [\/vc_column_text] [\/vc_column] [\/vc_row] <\/p>\n<\/div>","protected":false},"excerpt":{"rendered":"<p>[vc_row full_width = &#8220;stretch_row&#8221; parallax = &#8220;Content-Moving-fade&#8221; css = &#8220;.vc_custom_1545902815388 {padding-top: 20px !important; padding-bottom: 60px !important; background-image: url(http:\/\/soloibiza.com\/wp-content\/uploads\/2018\/12\/Playa-de-Santa-Eulalia.jpg?id=47500) !important;}&#8221;] [vc_column] [vc_custom_heading text = &#8220;Playa de Santa Eulalia. La plage la plus urbaine de la municipalit\u00e9 &#8221; font_container =&#8221;tag:H1|text_align:center|color:#ffffff&#8221; use_theme_fonts =&#8221;yes&#8221;] [vc_custom_heading text =&#8221; la plage de Santa Eulalia traverse la promenade de la localit\u00e9 &#8221; [&hellip;]<\/p>\n","protected":false},"author":1,"featured_media":0,"parent":0,"menu_order":0,"comment_status":"closed","ping_status":"closed","template":"","meta":{"_acf_changed":false,"footnotes":""},"class_list":["post-51366","page","type-page","status-publish","hentry"],"acf":[],"_links":{"self":[{"href":"https:\/\/soloibiza.com\/fr\/wp-json\/wp\/v2\/pages\/51366","targetHints":{"allow":["GET"]}}],"collection":[{"href":"https:\/\/soloibiza.com\/fr\/wp-json\/wp\/v2\/pages"}],"about":[{"href":"https:\/\/soloibiza.com\/fr\/wp-json\/wp\/v2\/types\/page"}],"author":[{"embeddable":true,"href":"https:\/\/soloibiza.com\/fr\/wp-json\/wp\/v2\/users\/1"}],"replies":[{"embeddable":true,"href":"https:\/\/soloibiza.com\/fr\/wp-json\/wp\/v2\/comments?post=51366"}],"version-history":[{"count":0,"href":"https:\/\/soloibiza.com\/fr\/wp-json\/wp\/v2\/pages\/51366\/revisions"}],"wp:attachment":[{"href":"https:\/\/soloibiza.com\/fr\/wp-json\/wp\/v2\/media?parent=51366"}],"curies":[{"name":"wp","href":"https:\/\/api.w.org\/{rel}","templated":true}]}}