{"id":51202,"date":"2019-03-09T12:56:14","date_gmt":"2019-03-09T11:56:14","guid":{"rendered":"https:\/?page_id=51202"},"modified":"2019-03-09T13:53:03","modified_gmt":"2019-03-09T12:53:03","slug":"plage-de-cala-jondal-a-ibiza","status":"publish","type":"page","link":"https:\/\/soloibiza.com\/fr\/plage-de-cala-jondal-a-ibiza\/","title":{"rendered":"Plage de Cala Jondal \u00e0 Ibiza"},"content":{"rendered":"<div class=\"wpb-content-wrapper\"><p> [vc_row full_width = &#8220;stretch_row&#8221; parallax = &#8220;Content-Moving-fade&#8221; css = &#8220;.vc_custom_1546003508768 {padding-top: 20px !important; Padding-fond: 60px !important; background-image: url(http:\/\/soloibiza.com\/wp-content\/uploads\/2018\/11\/cala-jondal.jpg?id=45009) !important;}&#8221;] [vc_column] [vc_custom_heading text = &#8220;plage de Cala Jondal, une crique tr\u00e8s anim\u00e9e&#8221; font_container = &#8220;tag:H1|text_align:center|color:#ffffff&#8221; use_theme_fonts = &#8220;yes&#8221;] [vc_custom_heading text = &#8220;la plage de Cala Jondal combine une crique de rochers avec diff\u00e9rents environnements musicaux&#8221; font_container = &#8220;tag:P|font_size: 24px|text_align:center|color:#ffffff&#8221; use_theme_fonts = &#8220;yes&#8221;] [\/vc_column] [\/vc_row] [vc_row] [vc_column width = &#8220;2\/3&#8221;] [vc_row_inner] [vc_column_inner] [\/vc_column_inner] [\/vc_row_inner] [vc_single_image image = &#8220;48293&#8221; img_size = &#8220;full&#8221;] [vc_column_text] Dans la municipalit\u00e9 de <a href=\"https:\/guia-de-turismo-de-ibiza-cultural-y-natural\/guia-turismo-sant-josep-ibiza\/\"> <strong>Sant Josep<\/strong> <\/a> , nous trouvons la <strong>plage de Cala jondal<\/strong>, avec plus de 200 m\u00e8tres de long et quinze de large. Il est situ\u00e9 \u00e0 environ treize kilom\u00e8tres d&#8217; <a href=\"https:\/\"> <strong>Ibiza<\/strong> <\/a>et dix de <strong>Sant Josep<\/strong>. C&#8217;est une grande baie, qui par son orientation sud et sa morphologie est tout \u00e0 fait prot\u00e9g\u00e9e du vent. Cette protection a permis la formation de rochers sur la rive, qui se transforment en zones de sable mous \u00e0 l\u2019int\u00e9rieur de la mer. Ils ont une hauteur, acc\u00e8s mer \u00e0 quarante m\u00e8tres sans mouiller pour couvrir les nous, qui en font un endroit id\u00e9al pour les familles et personnes ag\u00e9es. Le vent souffle toujours de mer \u00e0 la terre, qui permettent un doux vent toujours un abri contre la structure de l\u2019anse propre. La <strong>plage<\/strong> est entour\u00e9e de champs avec l\u2019agriculture typique de l\u2019\u00eele et offre une vue spectaculaire sur, tout en \u00e9tant entour\u00e9 par des prises d\u2019eau, les heures des bains de soleil sont r\u00e9duits. Il y a aussi un torrent qui se jette directement dans la mer. <\/p>\n<h3 >Acc\u00e8s \u00e0 Cala Jondal<\/h3>\n<p> Il est accessible \u00e0 partir de la route de l&#8217;a\u00e9roport, en prenant le virage \u00e0 droite en direction de Cala Jondal. Le dernier morceau de route n&#8217;est pas en tr\u00e8s bon \u00e9tat, avec une route assez \u00e9troite et sinueuse. Si vous atteignez la route de San Jose, vous pouvez \u00e9galement trouver un d\u00e9tour sur le kilom\u00e8tre 7. L&#8217;acc\u00e8s est recommand\u00e9 par votre propre v\u00e9hicule, bien que vous pouvez \u00e9galement aller \u00e0 v\u00e9lo si vous \u00eates habitu\u00e9 \u00e0 utiliser ces m\u00e9dias. [\/vc_column_text] [\/vc_column] [vc_column width = &#8220;1\/3&#8243;] [vc_gmaps link=&#8221;#E-8_JTNDaWZyYW1lJTIwc3JjJTNEJTIyaHR0cHMlM0ElMkYlMkZ3d3cuZ29vZ2xlLmNvbSUyRm1hcHMlMkZlbWJlZCUzRnBiJTNEJTIxMW0xOCUyMTFtMTIlMjExbTMlMjExZDQ0MDQuODY3Njg2OTExNDUxNSUyMTJkMS4zMTQ3MTkwMTU4NjE4MTElMjEzZDM4Ljg2NzY0Mzg1NjMwMTU0JTIxMm0zJTIxMWYwJTIxMmYwJTIxM2YwJTIxM20yJTIxMWkxMDI0JTIxMmk3NjglMjE0ZjEzLjElMjEzbTMlMjExbTIlMjExczB4MTI5OTRlZWY5OGMzMWY5ZCUyNTNBMHhhZmJkNzg2ZjE4ZWNjNWUwJTIxMnNDYWxhJTJCSm9uZGFsJTIxNWUxJTIxM20yJTIxMXNlcyUyMTJzZXMlMjE0djE1NDYwMTg1NTUyNzUlMjIlMjB3aWR0aCUzRCUyMjYwMCUyMiUyMGhlaWdodCUzRCUyMjQ1MCUyMiUyMGZyYW1lYm9yZGVyJTNEJTIyMCUyMiUyMHN0eWxlJTNEJTIyYm9yZGVyJTNBMCUyMiUyMGFsbG93ZnVsbHNjcmVlbiUzRSUzQyUyRmlmcmFtZSUzRQ==&#8221;] [vc_custom_heading text =&#8221; services supplementaires &#8221; font_container =&#8221; tag:H3|text_align:center|color:#ffffff&#8221; use_theme_fonts =&#8221;yes&#8221; css =&#8221;.vc_custom_1540662764537 { margin-bottom: 30px !important; background-color:#f3ad2a !important;} &#8220;] [vc_row_inner Gap = &#8220;30&#8221;] [vc_column_inner width = &#8220;1\/3&#8221;] [vc_icon icon_hubbleicons = &#8220;icono-sun-bath&#8221; color= &#8220;custom&#8221; size= &#8220;xl&#8221; align = &#8220;Centre&#8221; icons_reach_icons = &#8220;Icon-Beach-1&#8221; custom_color = &#8220;#f1ae28&#8221;] [vc_column_text] <\/p>\n<p style=\"text-align: center;\"><span style=\"color:#f3ad2a;\"><strong >Parapluies<\/strong><\/span><\/p>\n<p> [\/vc_column_text] [\/vc_column_inner] [vc_column_inner width = &#8220;1\/3&#8221;] [vc_icon icon_hubbleicons = &#8220;icono-relax-5&#8221; color= &#8220;custom&#8221; size= &#8220;xl&#8221; align = &#8220;Centre&#8221; icons_reach_icons = &#8220;Icon-Beach-1&#8221; custom_color = &#8220;#f1ae28&#8221;] [vc_column_text] <\/p>\n<p style=\"text-align: center;\"><span style=\"color:#f3ad2a;\"><strong >Hamacs<\/strong><\/span><\/p>\n<p> [\/vc_column_text] [\/vc_column_inner] [vc_column_inner width = &#8220;1\/3&#8221;] [vc_icon icon_hubbleicons = &#8220;icono-swimming-pool-3&#8221; color= &#8220;custom&#8221; size= &#8220;xl&#8221; align = &#8220;Centre&#8221; icons_reach_icons = &#8220;Icon-plage-1&#8221; custom_color = &#8220;#f1ae28&#8221;] [vc_column_text] <\/p>\n<p style=\"text-align: center;\"><span style=\"color:#f3ad2a;\"><strong >Espace bain<\/strong><\/span><\/p>\n<p> [\/vc_column_text] [\/vc_column_inner] [\/vc_row_inner] [vc_row_inner Gap = &#8220;30&#8221;] [vc_column_inner width = &#8220;1\/3&#8221;] [vc_icon icon_hubbleicons = &#8220;icono-terrace&#8221; color= &#8220;custom&#8221; size= &#8220;xl&#8221; align = &#8220;Centre&#8221; icons_reach_icons = &#8220;Icon-Beach-1&#8221; custom_color = &#8220;#f1ae28&#8221;] [vc_column_text] <\/p>\n<p style=\"text-align: center;\"><span style=\"color:#f3ad2a;\"><strong >Restaurant<\/strong><\/span><\/p>\n<p> [\/vc_column_text] [\/vc_column_inner] [vc_column_inner width = &#8220;1\/3&#8221;] [vc_icon icon_hubbleicons = &#8220;icono-kayak&#8221; color= &#8220;custom&#8221; size= &#8220;xl&#8221; align = &#8220;Centre&#8221; icons_reach_icons = &#8220;Icon-Beach-1&#8221; custom_color = &#8220;#f1ae28&#8221;] [vc_column_text] <\/p>\n<p style=\"text-align: center;\"><span style=\"color:#f3ad2a;\"><strong >Cano\u00eb<\/strong><\/span><\/p>\n<p> [\/vc_column_text] [\/vc_column_inner] [vc_column_inner width = &#8220;1\/3&#8221;] [vc_icon icon_hubbleicons = &#8220;icono-parking&#8221; color= &#8220;custom&#8221; size= &#8220;xl&#8221; align = &#8220;Centre&#8221; icons_reach_icons = &#8220;Icon-Beach-1&#8221; custom_color = &#8220;#f1ae28&#8221;] [vc_column_text] <\/p>\n<p style=\"text-align: center;\"><span style=\"color:#f3ad2a;\"><strong >Parking<\/strong><\/span><\/p>\n<p> [\/vc_column_text] [\/vc_column_inner] [\/vc_row_inner] [\/vc_column] [\/vc_row] [vc_row] [vc_column] [vc_column_text] <\/p>\n<div class=\"entry clearfloat\">\n<h2 id=\"t2\" class=\"title\" >La nouvelle physionomie de Cala Jondal<\/h2>\n<div class=\"entry clearfloat\"> Je n&#8217;ai pas visit\u00e9 cette plage depuis longtemps. Les parkings sont devenus une aire de stationnement pour les bars de plage de la Cala. Il est curieux de la transformation qui a souffert de la rive, o\u00f9 trois bars de musique ont \u00e9t\u00e9 install\u00e9s qui divisent la plage en trois environnements tr\u00e8s diff\u00e9rents. Nous pouvons trouver le dernier bar conditionn\u00e9 pour les gens riches. Celui qui recouvre la zone m\u00e9diane s&#8217;adresse aux jeunes. Le premier est le plus VIP que nous puissions trouver. Le <strong>Cala Jondal<\/strong> est bien \u00e9quip\u00e9 avec des hamacs et des parasols et des douches. En outre, la <strong>plage<\/strong> est entour\u00e9e d&#8217;un phare d&#8217;avertissement ext\u00e9rieur pour les nageurs. Un service de p\u00e9dalos et un terrain de Beach-volley sont \u00e9galement \u00e0 noter. Nous pouvons manger dans un bar ou un restaurant dans la r\u00e9gion et m\u00eame profiter de la nuit dans plusieurs endroits. <\/div><\/div>\n<p> [\/vc_column_text] [\/vc_column] [\/vc_row] [vc_row full_width = &#8220;stretch_row&#8221; css = &#8220;.vc_custom_1540634055579 {padding-top: 30px !important; padding-bottom: 60px !important; background-color:#f1ae28 !important; sfondo-posizione: centre !important; background-repeat: non-REPEAT !important; Background-taille: Cover !important;} &#8220;] [vc_column] [vc_custom_heading text = &#8220;lignes de bus \u00e0 la plage de Cala Jondal&#8221; font_container = &#8220;tag:H2|font_size: 40px|text_align:center|color:#FFFFFF|line_height: 48px&#8221; use_theme_fonts=&#8221;yes&#8221;] [vc_custom_heading text = &#8220;il est important de contr\u00f4ler le calendrier des bus, car perdre le dernier peut \u00eatre un probl\u00e8me. Nous vous conseillons de vous d\u00e9placer dans une voiture de location. &#8221; font_container =&#8221; tag:P|font_size: 24px|text_align:center|color:#ffffff&#8221; use_theme_fonts =&#8221;yes&#8221; Link =&#8221; URL: HTTPS% 3A% 2F% 2Falquilercochesibiza. Soloibiza. com|||&#8221;] [\/vc_column] [\/vc_row] [vc_row] [vc_column] [vc_column_text] Il n&#8217;y a pas de bus arrivant \u00e0 Cala Jondal donc nous vous recommandons de conduire \u00e0 cette plage. Vous pouvez trouver les bonnes affaires dans notre <a href=\"https:\/\/alquilercochesibiza.soloibiza.com\/\">location de voiture Ibiza \u00e9conomique<\/a>Finder [\/vc_column_text] [\/vc_column] [\/vc_row] [vc_row full_width = &#8220;stretch_row&#8221; css = &#8220;.vc_custom_1540634055579 {padding-top: 30px !important; padding-bottom: 60px!important; background-color:#f1ae28 !important; sfondo-posizione: center !important; background-repeat: non r\u00e9p\u00e9tition !important; background-taille: couverture !important;} &#8220;] [vc_column] [vc_custom_heading text = &#8220;Autres plages \u00e0 proximit\u00e9 de la plage de Cala Jondal&#8221; font_container = &#8220;tag:h2|font_size:40px|text_align:center|color:%23ffffff|line_height:48px&#8221; use_theme_fonts = &#8220;yes&#8221;] [\/vc_column] [\/vc_row] [vc_row] [vc_column width = &#8220;1\/3&#8221; class = &#8220;filaplayas&#8221;] [vc_single_image image= &#8220;47464&#8221; img_size = &#8220;full&#8221;] [vc_column_text el_class = &#8220;.conelanteriorreducido&#8221;] <a href=\"https:\/es-xarcu\/\">Xarcu est<\/a> [\/vc_column_text] [vc_column_text] <\/p>\n<h2 style=\"text-align: center;\" >La plage est Xarcu \u00e0 663 m\u00e8tres<\/h2>\n<p style=\"text-align: center;\" >Appartenant \u00e0 la municipalit\u00e9 de Sant Josep, nous pouvons trouver la plage d&#8217;es Xarcu, \u00e0 environ treize kilom\u00e8tres d&#8217;Ibiza et neuf de Sant Josep.<\/p>\n<p> [\/vc_column_text] [\/vc_column] [vc_column width = &#8220;1\/3&#8221; El_class = &#8220;Filaplayas&#8221;] [vc_single_image image = &#8220;47494&#8221; img_size = &#8220;full&#8221;] [vc_column_text El_class = &#8220;.conelanteriorreducido&#8221;] <a href=\"https:\/sa-caleta\/\">Sa Caleta<\/a> [\/vc_column_text] [vc_column_text] <\/p>\n<h2 style=\"text-align: center;\">Cala bol Nou. Sa Caleta \u00e0 1680 m\u00e8tres<\/h2>\n<p style=\"text-align: center;\" >Appartenant \u00e0 la municipalit\u00e9 de Sant Josep, nous trouvons Cala bol Nou, mieux connu sous le nom de sa Caleta.<\/p>\n<p> [\/vc_column_text] [\/vc_column] [vc_column width = &#8220;1\/3&#8221; El_class = &#8220;Filaplayas&#8221;] [vc_single_image image = &#8220;47428&#8221; img_size = &#8220;full&#8221;] [vc_column_text El_class = &#8220;.conelanteriorreducido&#8221;] <a href=\"https:\/es-codolar\/\">C&#8217;est Cogreenback<\/a> [\/vc_column_text] [vc_column_text] <\/p>\n<h2 style=\"text-align: center;\" >C&#8217;est cogreenback \u00e0 3 km<\/h2>\n<p style=\"text-align: center;\" >Appartenant \u00e0 la commune de Sant Josep, nous pouvons trouver la plage d&#8217;es Colodar \u00e0 environ dix kilom\u00e8tres d&#8217;Ibiza et vingt-cinq du noyau urbain de Sant Josep.<\/p>\n<p> [\/vc_column_text] [\/vc_column] [\/vc_row] [vc_row full_width = &#8220;stretch_row&#8221; css = &#8220;.vc_custom_1539928959405 {padding-top: 20px !important; padding-bottom: 20px !important; background-color:#1b7f47 !important;}&#8221;] [vc_column] [vc_custom_heading text = &#8220;plus de lieux d&#8217;int\u00e9r\u00eat&#8221; font_container = &#8220;tag:H2|text_align:center|color:#ffffff&#8221; use_theme_fonts = &#8220;yes&#8221;] [vc_custom_heading text = &#8220;si vous avez une voiture de location vous pouvez visiter ces autres endroits avec un int\u00e9r\u00eat touristique&#8221; font_container = &#8220;tag:P|font_size: 24px|text_align:center|color:#ffffff&#8221; use_theme_fonts = &#8220;yes&#8221; Link = &#8220;URL: HTTPS% 3A% 2F% 2Falquilercochesibiza. Soloibiza. com|| |&#8221;] [\/vc_column] [\/vc_row] [vc_row] [vc_column width = &#8220;1\/3&#8221;] [vc_single_image image = &#8220;46898&#8221; img_size = &#8220;full&#8221; onclick = &#8220;custom_link&#8221; Link = &#8220;https:\/guia-de-turismo-de-ibiza-cultural-y-natural\/guia-turismo-sant-josep-ibiza\/guia-de-turismo-de-san-francisco-o-sant-francesc-destany\/poblado-fenicio-de-sa-caleta\/&#8221;] [vc_column_text] <\/p>\n<h2 style=\"text-align: center;\" >Village ph\u00e9nicien de sa Caleta \u00e0 1984 m\u00e8tres<\/h2>\n<p style=\"text-align: center;\" >Selon les arch\u00e9ologues, le village ph\u00e9nicien de sa Caleta \u00e9tait \u00e0 l&#8217;origine de l&#8217;actuelle Ibiza.<\/p>\n<p> [\/vc_column_text] [\/vc_column] [vc_column width = &#8220;1\/3&#8221;] [vc_single_image image = &#8220;46712&#8221; img_size = &#8220;full&#8221; onclick = &#8220;custom_link&#8221; Link = &#8220;https:\/guia-de-turismo-de-ibiza-cultural-y-natural\/guia-turismo-sant-josep-ibiza\/guia-de-turismo-de-es-cubells\/iglesia-de-es-cubells\/&#8221;] [vc_column_text] <\/p>\n<h2 style=\"text-align: center;\" >\u00c9glise d&#8217;Es Cubells 5 km<\/h2>\n<p style=\"text-align: center;\" >Au bout de la route menant \u00e0 la ville d&#8217;Es Cubells, nous trouvons l&#8217;\u00e9glise d&#8217;Es Cubells.<\/p>\n<p> [\/vc_column_text] [\/vc_column] [vc_column width = &#8220;1\/3&#8221; El_class = &#8220;Filaplayas&#8221;] [vc_single_image image = &#8220;46706&#8221; img_size = &#8220;full&#8221; onclick = &#8220;custom_link&#8221; Link = &#8220;https:\/guia-de-turismo-de-ibiza-cultural-y-natural\/guia-turismo-sant-josep-ibiza\/font-des-verger\/&#8221;] [vc_column_text] <\/p>\n<h2 style=\"text-align: center;\" >Font des verger 5 km<\/h2>\n<p style=\"text-align: center;\" >Font des verger, est, outre une fontaine, un endroit charmant.<\/p>\n<p> [\/vc_column_text] [\/vc_column] [\/vc_row] [vc_row full_width = &#8220;stretch_row&#8221; css = &#8220;.vc_custom_1539928959405 {padding-top: 20px !important; padding-bottom: 20px !important; background-color:#1b7f47 !important;}&#8221;] [vc_column] [vc_custom_heading text = &#8220;emplacements dans les environs de Playa de Cala Jondal&#8221; font_container = &#8220;tag:H2|text_align:center|color:#ffffff&#8221; use_theme_fonts = &#8220;yes&#8221;] [\/vc_column] [\/vc_row] [vc_row] [vc_column width = &#8220;1\/3&#8221;] [vc_single_image image = &#8220;46982&#8221; img_size = &#8220;full&#8221; onclick = &#8220;custom_link&#8221; Link = &#8220;https:\/guia-de-turismo-de-ibiza-cultural-y-natural\/guia-turismo-sant-josep-ibiza\/&#8221;] [vc_column_text] <\/p>\n<h2 style=\"text-align: center;\" >Sant Josep 6 km<\/h2>\n<p style=\"text-align: center;\" >Sant Josep de sa Talaia est un village nich\u00e9 parmi les montagnes, bien que son extension et son importance \u00e9conomique en font un endroit appropri\u00e9 pour les amoureux de la campagne et les amoureux de la mer.<\/p>\n<p> [\/vc_column_text] [\/vc_column] [vc_column width = &#8220;1\/3&#8221;] [vc_single_image image = &#8220;47434&#8221; img_size = &#8220;full&#8221; onclick = &#8220;custom_link&#8221; Link = &#8220;https:\/guia-de-turismo-de-ibiza-cultural-y-natural\/guia-turismo-sant-josep-ibiza\/guia-de-turismo-de-es-cubells\/&#8221;] [vc_column_text] <\/p>\n<h2 style=\"text-align: center;\" >Es Cubells 7 km<\/h2>\n<p style=\"text-align: center;\" >Appartenant \u00e0 la municipalit\u00e9 de Sant Josep, nous trouvons la paroisse d&#8217;Es Cubells.<\/p>\n<p> [\/vc_column_text] [\/vc_column] [vc_column width = &#8220;1\/3&#8221;] [vc_single_image image = &#8220;46970&#8221; img_size = &#8220;full&#8221; onclick = &#8220;custom_link&#8221; Link = &#8220;https:\/guia-de-turismo-de-ibiza-cultural-y-natural\/guia-turismo-sant-josep-ibiza\/guia-de-turismo-de-san-francisco-o-sant-francesc-destany\/&#8221;] [vc_column_text] <\/p>\n<h2 style=\"text-align: center;\" >Sant Francesc 8 km<\/h2>\n<p style=\"text-align: center;\" >Sant Francesc de s&#8217;Estany est une petite ville \u00e0 la sortie de Sant Jordi de ses salines et lieu de passage obligatoire pour la plage de SES salines et es Cavalleria.<\/p>\n<p> [\/vc_column_text] [\/vc_column] [\/vc_row] [vc_row] [vc_column] [vc_column_text] [toc] [\/vc_column_text] [\/vc_column] [\/vc_row] <\/p>\n<\/div>","protected":false},"excerpt":{"rendered":"<p>[vc_row full_width = &#8220;stretch_row&#8221; parallax = &#8220;Content-Moving-fade&#8221; css = &#8220;.vc_custom_1546003508768 {padding-top: 20px !important; Padding-fond: 60px !important; background-image: url(http:\/\/soloibiza.com\/wp-content\/uploads\/2018\/11\/cala-jondal.jpg?id=45009) !important;}&#8221;] [vc_column] [vc_custom_heading text = &#8220;plage de Cala Jondal, une crique tr\u00e8s anim\u00e9e&#8221; font_container = &#8220;tag:H1|text_align:center|color:#ffffff&#8221; use_theme_fonts = &#8220;yes&#8221;] [vc_custom_heading text = &#8220;la plage de Cala Jondal combine une crique de rochers avec diff\u00e9rents environnements musicaux&#8221; font_container [&hellip;]<\/p>\n","protected":false},"author":1,"featured_media":0,"parent":0,"menu_order":0,"comment_status":"closed","ping_status":"closed","template":"","meta":{"_acf_changed":false,"footnotes":""},"class_list":["post-51202","page","type-page","status-publish","hentry"],"acf":[],"_links":{"self":[{"href":"https:\/\/soloibiza.com\/fr\/wp-json\/wp\/v2\/pages\/51202","targetHints":{"allow":["GET"]}}],"collection":[{"href":"https:\/\/soloibiza.com\/fr\/wp-json\/wp\/v2\/pages"}],"about":[{"href":"https:\/\/soloibiza.com\/fr\/wp-json\/wp\/v2\/types\/page"}],"author":[{"embeddable":true,"href":"https:\/\/soloibiza.com\/fr\/wp-json\/wp\/v2\/users\/1"}],"replies":[{"embeddable":true,"href":"https:\/\/soloibiza.com\/fr\/wp-json\/wp\/v2\/comments?post=51202"}],"version-history":[{"count":0,"href":"https:\/\/soloibiza.com\/fr\/wp-json\/wp\/v2\/pages\/51202\/revisions"}],"wp:attachment":[{"href":"https:\/\/soloibiza.com\/fr\/wp-json\/wp\/v2\/media?parent=51202"}],"curies":[{"name":"wp","href":"https:\/\/api.w.org\/{rel}","templated":true}]}}