{"id":51155,"date":"2019-03-09T09:58:10","date_gmt":"2019-03-09T08:58:10","guid":{"rendered":"https:\/?page_id=51155"},"modified":"2019-03-09T10:15:06","modified_gmt":"2019-03-09T09:15:06","slug":"plage-de-cala-gracio","status":"publish","type":"page","link":"https:\/\/soloibiza.com\/fr\/plage-de-cala-gracio\/","title":{"rendered":"Plage de Cala Graci\u00f3"},"content":{"rendered":"<div class=\"wpb-content-wrapper\"><p> [vc_row full_width = &#8220;stretch_row&#8221; parallax = &#8220;Content-Moving-fade&#8221; css = &#8220;.vc_custom_1545935664412 {padding-top: 20px !important; padding-bottom: 60px !important; background-image: url(http:\/\/soloibiza.com\/wp-content\/uploads\/2018\/12\/Cala-Gracio.jpg?id=47302) !important;}&#8221;] [vc_column] [vc_custom_heading text = &#8220;plage de Cala Graci\u00f3. Une plage familiale \u00e0 San Antonio &#8221; font_container =&#8221;tag:H1|text_align:Center|color:#ffffff&#8221; use_theme_fonts =&#8221;yes&#8221;] [vc_custom_heading text =&#8221; la plage de Cala Graci\u00f3 est tr\u00e8s utilis\u00e9e par les habitants de la r\u00e9gion pour leur tranquillit\u00e9 et ambiance familiale &#8221; font_container = &#8220;tag:P|font_size:24px|text_align: Center|color:#ffffff&#8221; use_theme_fonts = &#8220;yes&#8221;] [\/vc_column] [\/vc_row] [vc_row] [vc_column width = &#8220;2\/3&#8221;] [vc_row_inner] [vc_column_inner] [\/vc_column_inner] [\/vc_row_inner] [vc_single_image image = &#8220;47302&#8221; img_size =&#8221;full&#8221;] [vc_column_text] l&#8217;acc\u00e8s \u00e0 <strong>Cala Graci\u00f3<\/strong> peut \u00eatre fait par la marche ou dans un v\u00e9hicule, pour lequel nous aurons \u00e0 localiser le rond-point situ\u00e9 dans la partie la plus haute du centre urbain, \u00e0 laquelle nous pouvons arriver en suivant les indications vers le Centre de sant\u00e9. Une fois que nous sommes au rond-point, nous trouverons une indication vers la <strong>plage<\/strong>. Apr\u00e8s une ligne droite d&#8217;environ un kilom\u00e8tre, nous arriverons \u00e0 un dernier rond-point \u00e0 partir duquel nous pourrons acc\u00e9der \u00e0 la <strong>plage<\/strong>. <\/p>\n<h3 >Un aquarium \u00e0 Cala Graci\u00f3<\/h3>\n<p> En chemin, nous pouvons nous arr\u00eater \u00e0 une crique situ\u00e9e sur la gauche, pas tr\u00e8s bon acc\u00e8s, transform\u00e9 par les p\u00eacheurs de Varadero, o\u00f9 vous pouvez trouver l&#8217;aquarium du Cap Blanc. Cet aquarium est en fait une grotte avec une sortie \u00e0 la mer, dans laquelle nous pourrons profiter des esp\u00e8ces indig\u00e8nes de la r\u00e9gion dans un petit lac naturel dans la roche. Parmi les esp\u00e8ces figurent les SilviaS et les mantas, brunes et surtout, de magnifiques sp\u00e9cimens de Mero. Cet Aquarium a \u00e9t\u00e9 utilis\u00e9 comme un terrain fertile pour les homards et est actuellement un centre reconnu pour la r\u00e9cup\u00e9ration des tortues de mer. De cet m\u00eame Aquarium il y a une jet\u00e9e arriver que les navires de l\u2019autre extr\u00eame, plus de tourisme, de la baie de <strong>Sant Antoni<\/strong> et qui nous pouvons profiter d\u2019une promenade \u00e0 travers ces eaux. [\/vc_column_text] [\/vc_column] [vc_column width = &#8221;\u00a01\/3\u00a0&#8220;][vc_gmaps link=&#8221;#E-8_JTNDaWZyYW1lJTIwc3JjJTNEJTIyaHR0cHMlM0ElMkYlMkZ3d3cuZ29vZ2xlLmNvbSUyRm1hcHMlMkZlbWJlZCUzRnBiJTNEJTIxMW0xOCUyMTFtMTIlMjExbTMlMjExZDIxOTguNTQ5ODIyNzczMzg4JTIxMmQxLjI4OTI2NDQ1ODMyNjk1NDElMjEzZDM4Ljk5Mjg0MTU3OTU2ODYwNSUyMTJtMyUyMTFmMCUyMTJmMCUyMTNmMCUyMTNtMiUyMTFpMTAyNCUyMTJpNzY4JTIxNGYxMy4xJTIxM20zJTIxMW0yJTIxMXMweDEyOTkzNjA4MTRlNjBhYTklMjUzQTB4ZjVhYzQ2MWExNmJlMmZlYyUyMTJzQ2FsYSUyQkdyYWNpJTI1QzMlMjVCMyUyMTVlMSUyMTNtMiUyMTFzZXMlMjEyc2VzJTIxNHYxNTQ1OTM1NTQwNjM2JTIyJTIwd2lkdGglM0QlMjI2MDAlMjIlMjBoZWlnaHQlM0QlMjI0NTAlMjIlMjBmcmFtZWJvcmRlciUzRCUyMjAlMjIlMjBzdHlsZSUzRCUyMmJvcmRlciUzQTAlMjIlMjBhbGxvd2Z1bGxzY3JlZW4lM0UlM0MlMkZpZnJhbWUlM0U=&#8221;][vc_custom_heading text  = &#8221;\u00a0Extra services\u00a0&#8221; font_container = &#8216;tag:h3|text_align:center|color:%23ffffff&#8217; use_theme_fonts = &#8220;yes&#8221; css = &#8220;.vc_custom_1540662764537 {margin-bottom\u00a0: 30px\u00a0 !important\u00a0; background-color:#f3ad2a\u00a0 !important\u00a0;} &#8220;]\u00a0[vc_row_inner gap = &#8221;\u00a030\u00a0&#8220;] [vc_column_inner width = &#8221;\u00a01\/3\u00a0&#8220;] [vc_icon icon_hubbleicons = &#8221;\u00a0icono-sun-bath\u00a0&#8221; color=&#8221;custom&#8221;\u00a0size= &#8220;xl&#8221; align = &#8220;center&#8221; icons_reach_icons = &#8221;\u00a0icon-beach-1&#8243; custom_color = &#8220;#f1ae28&#8221;] [vc_column_text] <\/p>\n<p style=\"text-align: center;\"><span style=\"color:#f3ad2a;\"><strong >Parapluies<\/strong><\/span><\/p>\n<p> [\/vc_column_text] [\/vc_column_inner] [vc_column_inner width = &#8220;1\/3&#8221;] [vc_icon icon_hubbleicons = &#8220;icono-relax-5&#8221; color= &#8220;custom&#8221; size= &#8220;xl&#8221; align = &#8220;Centre&#8221; icons_reach_icons = &#8220;Icon-Beach-1&#8221; custom_color = &#8220;#f1ae28&#8221;] [vc_column_text] <\/p>\n<p style=\"text-align: center;\"><span style=\"color:#f3ad2a;\"><strong >Hamacs<\/strong><\/span><\/p>\n<p> [\/vc_column_text] [\/vc_column_inner] [vc_column_inner width = &#8220;1\/3&#8221;] [vc_icon icon_hubbleicons = &#8220;icono-swimming-pool-3&#8221; color= &#8220;custom&#8221; size= &#8220;xl&#8221; align = &#8220;Centre&#8221; icons_reach_icons = &#8220;Icon-plage-1&#8221; custom_color = &#8220;#f1ae28&#8221;] [vc_column_text] <\/p>\n<p style=\"text-align: center;\"><span style=\"color:#f3ad2a;\"><strong >Salle de bain<\/strong><\/span><\/p>\n<p> [\/vc_column_text] [\/vc_column_inner] [\/vc_row_inner] [vc_row_inner Gap = &#8220;30&#8221;] [vc_column_inner width = &#8220;1\/3&#8221;] [vc_icon icon_hubbleicons = &#8220;icono-terrace&#8221; color= &#8220;custom&#8221; size= &#8220;xl&#8221; align = &#8220;Centre&#8221; icons_reach_icons = &#8220;Icon-Beach-1&#8221; custom_color = &#8220;#f1ae28&#8221;] [vc_column_text] <\/p>\n<p style=\"text-align: center;\"><span style=\"color:#f3ad2a;\"><strong >Restaurant<\/strong><\/span><\/p>\n<p> [\/vc_column_text] [\/vc_column_inner] [vc_column_inner width = &#8220;1\/3&#8221;] [vc_icon icon_hubbleicons = &#8220;icono-kayak&#8221; color= &#8220;custom&#8221; size= &#8220;xl&#8221; align = &#8220;Centre&#8221; icons_reach_icons = &#8220;Icon-Beach-1&#8221; custom_color = &#8220;#f1ae28&#8221;] [vc_column_text] <\/p>\n<p style=\"text-align: center;\"><span style=\"color:#f3ad2a;\"><strong >Cano\u00eb<\/strong><\/span><\/p>\n<p> [\/vc_column_text] [\/vc_column_inner] [vc_column_inner width = &#8220;1\/3&#8221;] [\/vc_column_inner] [\/vc_row_inner] [\/vc_column] [\/vc_row] [vc_row] [vc_column] [vc_column_text] <\/p>\n<div class=\"entry clearfloat\">\n<h2 id=\"t2\" class=\"title\" >Description de Cala Graci\u00f3<\/h2>\n<div class=\"entry clearfloat\"> La <strong>plage de Cala Graci\u00f3 <\/strong>appartient \u00e0 la municipalit\u00e9 de <strong>Sant Antoni<\/strong> et est presque \u00e0 l&#8217;int\u00e9rieur du noyau Spa. C&#8217;est une crique abrit\u00e9e, en forme de U, environ 50 m\u00e8tres de long et tr\u00e8s large, et faible houle. C&#8217;est une petite <strong>plage<\/strong> de sable avec une profondeur peu profonde, ce qui en fait une r\u00e9guli\u00e8re de la population locale, en particulier les m\u00e8res qui vont profiter avec leurs petits. Sauf pour la zone de sable, le reste de la crique est assez rocheux, il est donc n\u00e9cessaire de faire une chaussure en caoutchouc pour \u00e9viter les rayures et glisse sur les rochers. Ce n&#8217;est pas un domaine particuli\u00e8rement int\u00e9ressant pour l&#8217;immersion, \u00e0 moins que nous entourons la crique, mais il est apte \u00e0 enseigner \u00e0 nos petits les plaisirs de cette pratique. Nous pouvons \u00e9galement pratiquer la p\u00eache avec de la canne \u00e0 partir des extr\u00e9mit\u00e9s de la crique. <\/div><\/div>\n<p> [\/vc_column_text][\/vc_column][\/vc_row][vc_row full_width=&#8221;stretch_row&#8221; css=&#8221;.vc_custom_1540634055579{padding-top: 30px !important;padding-bottom: 60px !important;background-color:#f1ae28 !important;sfondo-posizione: center !important;background-repeat: no-repeat !important;background-size: cover !important;}&#8221;][vc_column][vc_custom_heading text=&#8221;L\u00edneas de autobuses hasta la Playa de Cala Graci\u00f3&#8221; font_container=&#8221;tag:h2|font_size:40px|text_align:center|color:%23ffffff|line_height:48px&#8221; use_theme_fonts=&#8221;yes&#8221;][vc_custom_heading text=&#8221;Es importante controlar el horario de los autobuses, pues perder el \u00faltimo puede suponerte un problema. Te recomendamos te desplaces en coche de alquiler.&#8221; font_container=&#8221;tag:p|font_size:24px|text_align:center|color:%23ffffff&#8221; use_theme_fonts=&#8221;yes&#8221; link=&#8221;url:https%3A\/\/alquilercochesibiza.soloibiza.com|||&#8221;][\/vc_column][\/vc_row][vc_row][vc_column][vc_column_text] <\/p>\n<ul>\n<li>Autob\u00fas San Antonio -> Cala Graci\u00f3 -> Stella Maris <a href=\"https:\/autobuses-de-ibiza-lineas-y-horarios\/autobus-linea-1-san-antonio-cala-gracio-stella-maris\/\">L\u00ednea 1<\/a><\/li>\n<\/ul>\n<p> [\/vc_column_text][\/vc_column][\/vc_row][vc_row full_width=&#8221;stretch_row&#8221; css=&#8221;.vc_custom_1540634055579{padding-top: 30px !important;padding-bottom: 60px !important;background-color:#f1ae28 !important;sfondo-posizione: center !important;background-repeat: no-repeat !important;background-size: cover !important;}&#8221;][vc_column][vc_custom_heading text=&#8221;Otras playas cercanas a Playa de Cala Graci\u00f3&#8221; font_container=&#8221;tag:h2|font_size:40px|text_align:center|color:%23ffffff|line_height:48px&#8221; use_theme_fonts=&#8221;yes&#8221;][\/vc_column][\/vc_row][vc_row][vc_column width=&#8221;1\/3&#8243; el_class=&#8221;filaplayas&#8221;][vc_single_image image=&#8221;47308&#8243; img_size=&#8221;full&#8221;][vc_column_text el_class=&#8221;.conelanteriorreducido&#8221;]<a href=\"https:\/cala-gracioneta\/\">Cala Gracioneta<\/a>[\/vc_column_text][vc_column_text] <\/p>\n<h2 style=\"text-align: center;\">Cala Gracioneta A 157 metros<\/h2>\n<p style=\"text-align: center;\">La playa de Cala Graci\u00f3neta pertenece al municipio de Sant Antoni y se encuentra casi dentro del n\u00facleo \u00farbano.<\/p>\n<p> [\/vc_column_text][\/vc_column][vc_column width=&#8221;1\/3&#8243; el_class=&#8221;filaplayas&#8221;][vc_single_image image=&#8221;47404&#8243; img_size=&#8221;full&#8221;][vc_column_text el_class=&#8221;.conelanteriorreducido&#8221;]<a href=\"https:\/playa-de-es-calo-des-moro\/\">Cal\u00f3 des Moro<\/a>[\/vc_column_text][vc_column_text] <\/p>\n<h2 style=\"text-align: center;\">Cal\u00f3 des Moro A 1040 metros<\/h2>\n<p style=\"text-align: center;\">Playa de Cal\u00f3 des Moro, en Sant Antoni, es uno de esos lugares en los que si nos ce\u00f1imos a la definici\u00f3n de playa, podemos decir que efectivamente, es una playa.<\/p>\n<p> [\/vc_column_text][\/vc_column][vc_column width=&#8221;1\/3&#8243; el_class=&#8221;filaplayas&#8221;][vc_single_image image=&#8221;47362&#8243; img_size=&#8221;full&#8221;][vc_column_text el_class=&#8221;.conelanteriorreducido&#8221;]<a href=\"https:\/cala-salada\/\">Cala Salada<\/a>[\/vc_column_text][vc_column_text] <\/p>\n<h2 style=\"text-align: center;\" >Cala Salada \u00e0 2 km de Ibiza<\/h2>\n<p style=\"text-align: center;\" >Il y a des endroits sur cette \u00eele qui ne cessent de surprendre m\u00eame ceux qui ont profit\u00e9 d&#8217;Ibiza depuis des ann\u00e9es.<\/p>\n<p> [\/vc_column_text] [\/vc_column] [\/vc_row] [vc_row full_width = &#8220;stretch_row&#8221; css = &#8220;.vc_custom_1539928959405 {padding-top: 20px !important; padding-bottom: 20px !important, Background-color:#1b7f47 !important;}&#8221;] [vc_column] [vc_custom_heading text = &#8220;plus de lieux d&#8217;int\u00e9r\u00eat&#8221; font_container = &#8220;tag:H2|text_align: Center|color:#ffffff&#8221; use_theme_fonts = &#8220;yes&#8221;] [vc_custom_heading text = &#8220;si vous avez une voiture de location vous pouvez visiter ces autres endroits avec un int\u00e9r\u00eat touristique&#8221; font_container = &#8220;tag:P|font_size: 24px|text_align: Center|color:#ffffff&#8221; use_theme_fonts = &#8220;yes&#8221; Link = &#8220;URL: HTTPS% 3A% 2F% 2Falquilercochesibiza. Soloibiza. com|| |&#8221;] [\/vc_column] [\/vc_row] [vc_row] [vc_column width = &#8220;1\/3&#8221;] [vc_single_image image = &#8220;46736&#8221; img_size = &#8220;full&#8221; onclick = &#8220;custom_link&#8221; Link = &#8220;https:\/guia-de-turismo-de-ibiza-cultural-y-natural\/guia-de-turismo-de-sant-antoni\/iglesia-de-sant-antoni\/&#8221;] [vc_column_text] <\/p>\n<h2 style=\"text-align: center;\" >\u00c9glise Sant Antoni \u00e0 1997 m\u00e8tres<\/h2>\n<p style=\"text-align: center;\" >Il est situ\u00e9 \u00e0 quelques m\u00e8tres du port, pouvant y acc\u00e9der depuis la promenade jusqu&#8217;\u00e0 l&#8217;entr\u00e9e du village.<\/p>\n<p> [\/vc_column_text] [\/vc_column] [vc_column width = &#8220;1\/3&#8221;] [vc_single_image image = &#8220;46664&#8221; img_size = &#8220;full&#8221; onclick = &#8220;custom_link&#8221; Link = &#8220;https:\/guia-de-turismo-de-ibiza-cultural-y-natural\/guia-de-turismo-de-sant-antoni\/capilla-subterranea-de-santa-ines\/&#8221;] [vc_column_text] <\/p>\n<h2 style=\"text-align: center;\" >Santa In\u00e9s underground \u00e0 2 km de Chapel<\/h2>\n<p style=\"text-align: center;\" >L&#8217;un des \u00e9l\u00e9ments architecturaux les plus difficiles \u00e0 visiter est la chapelle souterraine de Santa agn\u00e9s.<\/p>\n<p> [\/vc_column_text] [\/vc_column] [vc_column width = &#8220;1\/3&#8221; El_class = &#8220;Filaplayas&#8221;] [vc_single_image image = &#8220;46946&#8221; img_size = &#8220;full&#8221; onclick = &#8220;custom_link&#8221; Link = &#8220;https:\/guia-de-turismo-de-ibiza-cultural-y-natural\/guia-de-turismo-de-sant-antoni\/guia-de-turismo-de-santa-ines\/sa-cova-des-vi-pinturas-rupestres-en-ibiza\/&#8221;] [vc_column_text] <\/p>\n<h2 style=\"text-align: center;\" >Sa Cova des VI \u00e0 3 km<\/h2>\n<p style=\"text-align: center;\" >Situ\u00e9 au nord de Sant Antoni, \u00e0 c\u00f4t\u00e9 de la plage de Cala Salada, se trouve sa Cova des VI.<\/p>\n<p> [\/vc_column_text] [\/vc_column] [\/vc_row] [vc_row full_width = &#8220;stretch_row&#8221; css = &#8220;.vc_custom_1539928959405 {padding-top: 20px !important; padding-bottom: 20px !important, Background-color:#1b7f47 !important;}&#8221;] [vc_column] [vc_custom_heading text = &#8220;emplacements dans les environs de Playa de Cala Graci\u00f3&#8221; font_container = &#8220;tag:H2|text_align: Center|color:#ffffff&#8221; use_theme_fonts = &#8220;yes&#8221;] [\/vc_column] [\/vc_row] [vc_row] [vc_column width = &#8220;1\/3&#8221;] [vc_single_image image = &#8220;46736&#8221; img_size = &#8220;full&#8221; onclick = &#8220;custom_link&#8221; Link = &#8220;https:\/guia-de-turismo-de-ibiza-cultural-y-natural\/guia-de-turismo-de-sant-antoni\/&#8221;] [vc_column_text] <\/p>\n<h2 style=\"text-align: center;\" >Sant Antoni 2 km<\/h2>\n<p style=\"text-align: center;\" >Sant Antoni de Portmany est le point le plus proche d&#8217;Ibiza \u00e0 la p\u00e9ninsule.<\/p>\n<p> [\/vc_column_text][\/vc_column][vc_column width=&#8221;1\/3&#8243;][vc_single_image image=&#8221;46958&#8243; img_size=&#8221;full&#8221; onclick=&#8221;custom_link&#8221; link=&#8221;https:\/guia-de-turismo-de-ibiza-cultural-y-natural\/guia-turismo-sant-josep-ibiza\/guia-de-turismo-de-san-agustin-o-sant-agusi-des-vedra\/&#8221;][vc_column_text] <\/p>\n<h2 style=\"text-align: center;\">Sant Agust\u00ed A 6 Km<\/h2>\n<p style=\"text-align: center;\">Sant Agust\u00ed des Vedr\u00e0 se encuentra situado entre los n\u00facleos urbanos de Sant Antoni y Sant Josep, perteneciendo a este \u00faltimo municipio pero con zonas urbanas colindantes al n\u00facleo de Sant Antoni.<\/p>\n<p> [\/vc_column_text][\/vc_column][vc_column width=&#8221;1\/3&#8243;][vc_single_image image=&#8221;46808&#8243; img_size=&#8221;full&#8221; onclick=&#8221;custom_link&#8221; link=&#8221;https:\/guia-de-turismo-de-ibiza-cultural-y-natural\/guia-de-turismo-de-sant-antoni\/guia-de-turismo-de-santa-ines\/&#8221;][vc_column_text] <\/p>\n<h2 style=\"text-align: center;\">Santa In\u00e9s A 7 Km<\/h2>\n<p style=\"text-align: center;\">Santa Agn\u00e9s de Corona es un peque\u00f1o pueblo de agricultores situado en la zona m\u00e1s occidental de la isla.<\/p>\n<p> [\/vc_column_text][\/vc_column][\/vc_row][vc_row][vc_column][vc_column_text][toc][\/vc_column_text][\/vc_column][\/vc_row] <\/p>\n<\/div>","protected":false},"excerpt":{"rendered":"<p>[vc_row full_width = &#8220;stretch_row&#8221; parallax = &#8220;Content-Moving-fade&#8221; css = &#8220;.vc_custom_1545935664412 {padding-top: 20px !important; padding-bottom: 60px !important; background-image: url(http:\/\/soloibiza.com\/wp-content\/uploads\/2018\/12\/Cala-Gracio.jpg?id=47302) !important;}&#8221;] [vc_column] [vc_custom_heading text = &#8220;plage de Cala Graci\u00f3. Une plage familiale \u00e0 San Antonio &#8221; font_container =&#8221;tag:H1|text_align:Center|color:#ffffff&#8221; use_theme_fonts =&#8221;yes&#8221;] [vc_custom_heading text =&#8221; la plage de Cala Graci\u00f3 est tr\u00e8s utilis\u00e9e par les habitants de la r\u00e9gion [&hellip;]<\/p>\n","protected":false},"author":1,"featured_media":0,"parent":0,"menu_order":0,"comment_status":"closed","ping_status":"closed","template":"","meta":{"_acf_changed":false,"footnotes":""},"class_list":["post-51155","page","type-page","status-publish","hentry"],"acf":[],"_links":{"self":[{"href":"https:\/\/soloibiza.com\/fr\/wp-json\/wp\/v2\/pages\/51155","targetHints":{"allow":["GET"]}}],"collection":[{"href":"https:\/\/soloibiza.com\/fr\/wp-json\/wp\/v2\/pages"}],"about":[{"href":"https:\/\/soloibiza.com\/fr\/wp-json\/wp\/v2\/types\/page"}],"author":[{"embeddable":true,"href":"https:\/\/soloibiza.com\/fr\/wp-json\/wp\/v2\/users\/1"}],"replies":[{"embeddable":true,"href":"https:\/\/soloibiza.com\/fr\/wp-json\/wp\/v2\/comments?post=51155"}],"version-history":[{"count":0,"href":"https:\/\/soloibiza.com\/fr\/wp-json\/wp\/v2\/pages\/51155\/revisions"}],"wp:attachment":[{"href":"https:\/\/soloibiza.com\/fr\/wp-json\/wp\/v2\/media?parent=51155"}],"curies":[{"name":"wp","href":"https:\/\/api.w.org\/{rel}","templated":true}]}}