{"id":51619,"date":"2019-03-09T21:35:16","date_gmt":"2019-03-09T20:35:16","guid":{"rendered":"https:\/?page_id=51619"},"modified":"2019-03-09T22:58:36","modified_gmt":"2019-03-09T21:58:36","slug":"calo-de-s-alga-es-reco-de-s-alga","status":"publish","type":"page","link":"https:\/\/soloibiza.com\/de\/calo-de-s-alga-es-reco-de-s-alga\/","title":{"rendered":"Cal\u00f3 de S &#8216; alga. Es Rec\u00f3 de S &#8216; Alga"},"content":{"rendered":"<div class=\"wpb-content-wrapper\"><p> [vc_row full_width = &#8220;Stretch_row&#8221; parallax = &#8220;Content-Moving-fade&#8221; css = &#8220;.vc_custom_1545901029025 {padding-top: 20px !important; padding-bottom: 60px !important; Background-image: url(http:\/\/soloibiza.com\/wp-content\/uploads\/2018\/12\/Calo-de-s-alga.jpg?id=47602) !important;}&#8221;] [vc_column] [vc_custom_heading text = &#8220;Cal\u00f3 de S &#8216; alga. Ein schwer zu finden-Ecke aber sch\u00f6n und ruhig.&#8221; font_container = &#8220;tag:h1|Text_align:center|color:%23ffffff&#8221; Use_theme_fonts = &#8220;yes&#8221;] [vc_custom_heading text = &#8220;Cal\u00f3 de s&#8217; Algen ist ein kleiner Strand in Santa Eulalia, in seiner Gemeinde, sondern dass es das Zugriff \u00fcber Gassen. &#8221; font_container =&#8221;Tag:p|Font_size:24px|Text_align:center|color:%23ffffff&#8221; Use_theme_fonts =&#8221;yes&#8221;] [\/vc_column] [\/vc_row] [vc_row] [vc_column  width=&#8221; 2\/3 &#8220;] [vc_row_inner] [vc_column_inner] [\/vc_column_inner] [\/vc_row_inner] [vc_single_image image = &#8220;47602&#8221; Img_size = &#8220;full&#8221;] [vc_column_text] ein neugieriger Strand, die <strong>in den Nachlass des Siesta, Santa Eulalia del R\u00edo<\/strong>gefunden werden k\u00f6nnen. Mit dem Auto zu erreichen schwierig, durch das Labyrinth der Gassen in Richtung verbotene, Cal\u00f3 de <strong>S&#8217;Alga<\/strong> befindet sich am Ende des Anwesens. Der Strand ist nicht sehr bekannt, was Sie nicht viele Menschen finden. Beachten Sie diese Hinweise. Biegen Sie auf der Stra\u00dfe von Santa Eulalia nach NAP. Verlassen Sie die Stra\u00dfe nicht, bis die zweite letzte Stra\u00dfe auf der linken Seite zu finden, bevor die Stra\u00dfe Stein auf der rechten Seite ist. Nach unten in Richtung Strand, und wenn Sie eine Kurve auf der linken Seite \u00fcbergeben, finden Sie einen kleinen Weg auf der rechten Seite mit einem steilen Hang. Es ist der einzige Weg dorthin mit dem Auto. Wenn Sie zu Fu\u00df sind, empfehlen wir nicht, dass Sie mit Karren oder Menschen mit eingeschr\u00e4nkter Mobilit\u00e4t zugreifen. [\/vc_column_text] [\/vc_column] [vc_column  width= &#8220;1\/3&#8243;] [vc_gmaps link=&#8221;#E-8_JTNDaWZyYW1lJTIwc3JjJTNEJTIyaHR0cHMlM0ElMkYlMkZ3d3cuZ29vZ2xlLmNvbSUyRm1hcHMlMkZlbWJlZCUzRnBiJTNEJTIxMW0xOCUyMTFtMTIlMjExbTMlMjExZDEyNDA3LjA4NDI0MTg1OTQ3MyUyMTJkMS41MjI2NDYxNDQ0OTc3MjUzJTIxM2QzOC45NzQ4OTUzMDQ2NDU2NSUyMTJtMyUyMTFmMCUyMTJmMCUyMTNmMCUyMTNtMiUyMTFpMTAyNCUyMTJpNzY4JTIxNGYxMy4xJTIxM20zJTIxMW0yJTIxMXMweDEyOTk2YWIyNjNjYzZjNWYlMjUzQTB4Mzc5YjMyNzM2MGQ4NWZkNiUyMTJzQ2FsJTI1QzMlMjVCMyUyQmRlJTJCcyUyNiUyMzM5JTNCQWxnYSUyMTVlMCUyMTNtMiUyMTFzZXMlMjEyc2VzJTIxNHYxNTQ1OTAwNjk4NDc1JTIyJTIwd2lkdGglM0QlMjI2MDAlMjIlMjBoZWlnaHQlM0QlMjI0NTAlMjIlMjBmcmFtZWJvcmRlciUzRCUyMjAlMjIlMjBzdHlsZSUzRCUyMmJvcmRlciUzQTAlMjIlMjBhbGxvd2Z1bGxzY3JlZW4lM0UlM0MlMkZpZnJhbWUlM0U=&#8221;] [vc_custom_heading text =&#8221;Zus\u00e4tzliche Leistungen&#8221; font_container =&#8221;Tag:h3|Text_align:center|color:%23ffffff&#8221; Use_theme_fonts =&#8221;yes&#8221; Css =&#8221;.vc_custom_1540662764537 {Margin-Bottom: 30px !important; Background-color:#f3ad2a !important;} &#8220;] [vc_row_inner gap = &#8220;30&#8221;] [vc_column_inner  width= &#8220;1\/3&#8221;] [vc_icon Icon_hubbleicons = &#8220;icono-sun-bath&#8221; color = &#8220;custom&#8221; size = &#8220;xl&#8221; align = &#8220;Center&#8221; Icons_reach_icons = &#8220;icon-beach-1&#8221; Custom_color = &#8220;#f1ae28&#8221;] [vc_column_text] <\/p>\n<p style=\"text-align: center;\"><span style=\"color:#f3ad2a;\"><strong >Sonnenschirme<\/strong><\/span><\/p>\n<p> [\/vc_column_text] [\/vc_column_inner] [vc_column_inner width= &#8220;1\/3&#8221;] [vc_icon icon_hubbleicons = &#8220;icono-relax-5&#8221; color = &#8220;custom&#8221; size = &#8220;xl&#8221; align = &#8220;center&#8221; icons_reach_icons = &#8220;Icon-beach-1&#8221; custom_color = &#8220;#f1ae28&#8221;] [vc_column_text] <\/p>\n<p style=\"text-align: center;\"><span style=\"color:#f3ad2a;\"><strong >H\u00e4ngematten<\/strong><\/span><\/p>\n<p> [\/vc_column_text] [\/vc_column_inner] [vc_column_inner width= &#8220;1\/3&#8221;] [vc_icon icon_hubbleicons = &#8220;icono-parking&#8221; color = &#8220;custom&#8221; size = &#8220;xl&#8221; align = &#8220;center&#8221; icons_reach_icons = &#8220;Icon-Beach-1&#8221; custom_color = &#8220;#f1ae28&#8221;] [vc_column_text] <\/p>\n<p style=\"text-align: center;\"><span style=\"color:#f3ad2a;\"><strong >Parkplatz<\/strong><\/span><\/p>\n<p> [\/vc_column_text] [\/vc_column_inner] [\/vc_row_inner] [vc_row_inner gap = &#8220;30&#8221;] [vc_column_inner width= &#8220;1\/3&#8221;] [\/vc_column_inner] [vc_column_inner width= &#8220;1\/3&#8221;] [\/vc_column_inner] [vc_column_inner width= &#8220;1\/3&#8221;] [\/vc_column_inner] [\/vc_row_inner] [\/vc_column] [\/vc_row] [vc_row] [vc_column] [vc_column_text] <\/p>\n<div class=\"entry clearfloat\">\n<h2 id=\"t2\" class=\"title\" >Zwischen st\u00e4dtischem und nat\u00fcrlichem<\/h2>\n<div class=\"entry clearfloat\"> <strong>Der Strand von Cal\u00f3<\/strong><strong> de S &#8216; alga, auch bekannt als Rac\u00f3 de S &#8216; alga,<\/strong>ist etwa hundert Meter lang f\u00fcr etwa zwanzig Meter breit. Die w\u00f6rtliche \u00dcbersetzung zeigt die Bucht oder Ecke der Algen. Und diese gibt es in der Unterwasserlandschaft reichlich. Auf der rechten Seite befindet sich ein Anlegesteg, der das Ende der Badezone markiert. Nach ihm erhebt sich die K\u00fcste ein wenig, aber nicht zu viel, was kuriose Felsformationen hervorruft. Zusammen mit dem Meeresboden ist <strong>es so sehr f\u00f6rderlich<\/strong>f\u00fcr das Tauchen. Die gegen\u00fcberliegende Seite des Strandes ist etwas kurios. Der Beton hat eine echte Anlegestelle geschaffen, in der man einsteigen und sogar ein kleines Boot anlegen konnte. Denatures ein wenig <strong>Cal\u00f3 de S &#8216; Alga,<\/strong> aber es kann sehr n\u00fctzlich sein f\u00fcr diejenigen, die nicht wie der Sand. <\/div><\/div>\n<p> [\/vc_column_text] [\/vc_column] [\/vc_row] [vc_row full_width = &#8220;Stretch_row&#8221; css = &#8220;.vc_custom_1540634055579 {padding-top: 30px !important; padding-bottom: 60px !important; Background-color:#f1ae28 !important; Background-Position: center !important; Background-Wiederholung: No-Wieder-Wiederholungs-Bedeutung; background-size: Cover !important;} &#8220;] [vc_column] [vc_custom_heading text = &#8220;Buslinien nach Cal\u00f3 de S &#8216; alga&#8221; font_container = &#8220;tag:H2|font_size: 40px|text_align: center|color:#FFFFFF|line_height: 48px&#8221; use_theme_fonts = &#8220;yes&#8221; ] [\/vc_column] [\/vc_row] [vc_row] [vc_column] [vc_column_text] Es gibt keine Busse, die in Cal\u00f3 de S ankommen \u0301Alga daher empfehlen wir Ihnen, zu diesem Strand zu fahren. Angebote finden Sie in unserer Mietwagen-Suchmaschine in <a href=\"https:\/\/alquilercochesibiza.soloibiza.com\/\">Ibiza<\/a>[\/vc_column_text] [\/vc_column] [\/vc_row] [vc_row full_width = &#8220;Stretch_row&#8221; css = &#8220;.vc_custom_1540634055579 {padding-top: 30px !important; padding-bottom: 60px! Background-color:#f1ae28 !important; sfondo-posizione: center !important; background-repeat: no-repeat !important; background-size: Cover !important;} &#8220;] [vc_column] [vc_custom_heading text = &#8220;Andere Str\u00e4nde in der N\u00e4he von Cal\u00f3 de S &#8216; alga&#8221; font_container = &#8220;tag:H2|font_size: 40px|text_align: center|color:#FFFFFF|line_height: 48px&#8221; use_theme_fonts = &#8220;yes&#8221; ] [\/vc_column] [\/vc_row] [vc_row] [vc_column width = &#8220;1\/3&#8221; El_class = &#8220;Filaplayas&#8221;] [vc_single_image image= &#8220;47700&#8221; img_size = &#8220;full&#8221;] [vc_column_text El_class = &#8220;.conelanteriorreducido&#8221;] <a href=\"https:\/rio-de-santa-eulalia\/\">Riomar<\/a> [\/vc_column_text] [vc_column_text] <\/p>\n<h2 style=\"text-align: center;\" >Santa Eularia oder Riomar River Beach auf 478 Metern<\/h2>\n<p style=\"text-align: center;\" >Es gibt Orte auf dieser Insel, die unbemerkt bleiben von der blo\u00dfen Tatsache, eine Quelle jenseits zu sein.<\/p>\n<p> [\/vc_column_text] [\/vc_column] [vc_column width = &#8220;1\/3&#8221; El_class = &#8220;Filaplayas&#8221;] [vc_single_image image= &#8220;47500&#8221; img_size = &#8220;full&#8221;] [vc_column_text El_class = &#8220;.conelanteriorreducido&#8221;] <a href=\"https:\/playa-santa-eulalia\/\">P. Santa eularia<\/a>[\/vc_column_text] [vc_column_text] <\/p>\n<h2 style=\"text-align: center;\" >Santa Eularia Beach auf 1055 Meter<\/h2>\n<p style=\"text-align: center;\" >Eine der Hauptattraktionen von Santa Eulalia ist zweifellos der Stadtstrand, der parallel zur K\u00fcste verl\u00e4uft, zwischen dem Fluss Santa Eularia und dem Yachthafen.<\/p>\n<p> [\/vc_column_text] [\/vc_column] [vc_column width = &#8220;1\/3&#8221; El_class = &#8220;Filaplayas&#8221;] [vc_single_image image= &#8220;47320&#8221; img_size = &#8220;full&#8221;] [vc_column_text El_class = &#8220;.conelanteriorreducido&#8221;] <a href=\"https:\/cala-llonga\/\">Cala Llonga<\/a> [\/vc_column_text] [vc_column_text] <\/p>\n<h2 style=\"text-align: center;\" >Cala Llonga 3 Km<\/h2>\n<p style=\"text-align: center;\" >Der Strand von Cala Llonga liegt etwa zw\u00f6lf Kilometer von der Stadt Ibiza und etwa sechs Kilometer von Santa Eulalia entfernt.<\/p>\n<p> [\/vc_column_text] [\/vc_column] [\/vc_row] [vc_row full_width = &#8220;Stretch_row&#8221; css = &#8220;.vc_custom_1539928959405 {padding-top: 20px !important; padding-bottom: 20px !important; Background-color:#1b7f47 !important;}&#8221;] [vc_column] [vc_custom_heading text = &#8220;Mehr Sehensw\u00fcrdigkeiten&#8221; font_container = &#8220;Tag: H2|text_align: center|color:#ffffff&#8221; use_theme_fonts = &#8220;yes&#8221;] [vc_custom_heading text = &#8220;Wenn Sie einen Mietwagen haben, k\u00f6nnen Sie diese anderen Orte mit einem touristischen Interesse&#8221; font_container = &#8220;Tag besuchen: P|font_size: 24px|text_align: center|color:#ffffff&#8221; use_theme_fonts = &#8220;yes&#8221; link = &#8220;URL: HTTPS% 3a% 2f% 2Falquilercochesibiza.soloibiza.com][\/vc_column] [\/vc_row] [vc_row] [vc_column width = &#8220;1\/3&#8221;] [vc_single_image image= &#8220;46910&#8221; img_size = &#8220;full&#8221; onclick = &#8220;custom_link&#8221; link = &#8220;https:\/guia-de-turismo-de-ibiza-cultural-y-natural\/guia-turismo-santa-eulalia-ibiza\/pont-vell\/&#8221;] [vc_column_text] <\/p>\n<h2 style=\"text-align: center;\" >Pont Vell auf 997 Meter<\/h2>\n<p style=\"text-align: center;\" >Pont Vell befindet sich am Eingang von Santa Eularia des Riu, neben der neuen Br\u00fccke, die den Zugang zur Stadt erm\u00f6glicht.<\/p>\n<p> [\/vc_column_text] [\/vc_column] [vc_column width = &#8220;1\/3&#8221;] [vc_single_image image= &#8220;46880&#8221; img_size = &#8220;full&#8221; onclick = &#8220;custom_link&#8221; link = &#8220;https:\/guia-de-turismo-de-ibiza-cultural-y-natural\/guia-turismo-santa-eulalia-ibiza\/museo-etnologico-can-ros\/&#8221;] [vc_column_text] <\/p>\n<h2 style=\"text-align: center;\" >Ethnologisches Museum auf 1062 Metern<\/h2>\n<p style=\"text-align: center;\" >Im Kern von Puig de Missa k\u00f6nnen wir das Ethnologische Museum von Can Ros besuchen.<\/p>\n<p> [\/vc_column_text] [\/vc_column] [vc_column width = &#8220;1\/3&#8221; El_class = &#8220;Filaplayas&#8221;] [vc_single_image image= &#8220;46874&#8221; img_size = &#8220;full&#8221; onclick = &#8220;custom_link&#8221; link = &#8220;https:\/guia-de-turismo-de-ibiza-cultural-y-natural\/guia-turismo-santa-eulalia-ibiza\/museo-barrau\/&#8221;] [vc_column_text] <\/p>\n<h2 style=\"text-align: center;\" >Museo Barrau A 1084<\/h2>\n<p style=\"text-align: center;\" >Im Herzen von Puig de Missa, an einem privilegierten Ort, vor der Kirchent\u00fcr, befindet sich das Haus-Museum, das der Laure\u00e0 Barrau i Bu\u00f1ol in Barcelona gewidmet ist.<\/p>\n<p> [\/vc_column_text] [\/vc_column] [\/vc_row] [vc_row full_width = &#8220;Stretch_row&#8221; css = &#8220;.vc_custom_1539928959405 {padding-top: 20px !important; padding-bottom: 20px !important; Background-color:#1b7f47 !important;}&#8221;] [vc_column] [vc_custom_heading text = &#8220;Locations in and around Cal\u00f3 de S &#8216; alga&#8221; font_container = &#8220;tag:H2|text_align: center|color:#ffffff&#8221; use_theme_fonts = &#8220;yes&#8221;] [\/vc_column] [\/vc_row] [vc_row] [vc_column width = &#8220;1\/3&#8221;] [vc_single_image image= &#8220;46952&#8221; img_size = &#8220;full&#8221; onclick = &#8220;custom_link&#8221; link = &#8220;https:\/guia-de-turismo-de-ibiza-cultural-y-natural\/guia-turismo-santa-eulalia-ibiza\/&#8221;] [vc_column_text] <\/p>\n<h2 style=\"text-align: center;\" >Santa Eularia<\/h2>\n<p style=\"text-align: center;\" >Die menschliche Pr\u00e4senz in dieser Gemeinde wurde in der pr\u00e4historischen Zeit festgestellt<\/p>\n<p> [\/vc_column_text] [\/vc_column] [vc_column width = &#8220;1\/3&#8221;] [vc_single_image image= &#8220;46964&#8221; img_size = &#8220;full&#8221; onclick = &#8220;custom_link&#8221; link = &#8220;https:\/guia-de-turismo-de-ibiza-cultural-y-natural\/guia-turismo-santa-eulalia-ibiza\/guia-de-turismo-de-san-carlos-o-sant-carles-de-peralta\/&#8221; ] [vc_column_text] <\/p>\n<h2 style=\"text-align: center;\" >Sant Carles 8 Km<\/h2>\n<p style=\"text-align: center;\" >Etwa sechs Kilometer vom Kern von Santa Eularia entfernt befindet sich die Pfarrei Sant Carles de Peralta oder San Carlos.<\/p>\n<p> [\/vc_column_text] [\/vc_column] [vc_column width = &#8220;1\/3&#8221;] [vc_single_image image= &#8220;46988&#8221; img_size = &#8220;full&#8221; onclick = &#8220;custom_link&#8221; link = &#8220;https:\/guia-de-turismo-de-ibiza-cultural-y-natural\/guia-turismo-sant-joan-ibiza\/guia-de-turismo-de-san-lorenzo-o-sant-llorenc-de-balafia\/&#8221;] [vc_column_text] <\/p>\n<h2 style=\"text-align: center;\" >Sant LLoren\u00e7 9 Km<\/h2>\n<p style=\"text-align: center;\" >Sant Lloren\u00e7 de Bal\u00e0fia, oder San Lorenzo, ist eine l\u00e4ndliche Stadt, mit praktisch keinem st\u00e4dtischen Kern, in der Gemeinde Sant Joan.<\/p>\n<p> [\/vc_column_text] [\/vc_column] [\/vc_row] [vc_row] [vc_column] [vc_column_text] [toc] [\/vc_column_text] [\/vc_column] [\/vc_row] <\/p>\n<\/div>","protected":false},"excerpt":{"rendered":"<p>[vc_row full_width = &#8220;Stretch_row&#8221; parallax = &#8220;Content-Moving-fade&#8221; css = &#8220;.vc_custom_1545901029025 {padding-top: 20px !important; padding-bottom: 60px !important; Background-image: url(http:\/\/soloibiza.com\/wp-content\/uploads\/2018\/12\/Calo-de-s-alga.jpg?id=47602) !important;}&#8221;] [vc_column] [vc_custom_heading text = &#8220;Cal\u00f3 de S &#8216; alga. Ein schwer zu finden-Ecke aber sch\u00f6n und ruhig.&#8221; font_container = &#8220;tag:h1|Text_align:center|color:%23ffffff&#8221; Use_theme_fonts = &#8220;yes&#8221;] [vc_custom_heading text = &#8220;Cal\u00f3 de s&#8217; Algen ist ein kleiner Strand in Santa [&hellip;]<\/p>\n","protected":false},"author":1,"featured_media":0,"parent":0,"menu_order":0,"comment_status":"closed","ping_status":"closed","template":"","meta":{"_acf_changed":false,"footnotes":""},"class_list":["post-51619","page","type-page","status-publish","hentry"],"acf":[],"_links":{"self":[{"href":"https:\/\/soloibiza.com\/de\/wp-json\/wp\/v2\/pages\/51619","targetHints":{"allow":["GET"]}}],"collection":[{"href":"https:\/\/soloibiza.com\/de\/wp-json\/wp\/v2\/pages"}],"about":[{"href":"https:\/\/soloibiza.com\/de\/wp-json\/wp\/v2\/types\/page"}],"author":[{"embeddable":true,"href":"https:\/\/soloibiza.com\/de\/wp-json\/wp\/v2\/users\/1"}],"replies":[{"embeddable":true,"href":"https:\/\/soloibiza.com\/de\/wp-json\/wp\/v2\/comments?post=51619"}],"version-history":[{"count":0,"href":"https:\/\/soloibiza.com\/de\/wp-json\/wp\/v2\/pages\/51619\/revisions"}],"wp:attachment":[{"href":"https:\/\/soloibiza.com\/de\/wp-json\/wp\/v2\/media?parent=51619"}],"curies":[{"name":"wp","href":"https:\/\/api.w.org\/{rel}","templated":true}]}}