{"id":51542,"date":"2019-03-09T20:45:10","date_gmt":"2019-03-09T19:45:10","guid":{"rendered":"https:\/?page_id=51542"},"modified":"2019-03-09T20:52:15","modified_gmt":"2019-03-09T19:52:15","slug":"cala-vadella-strand-auf-ibiza","status":"publish","type":"page","link":"https:\/\/soloibiza.com\/de\/cala-vadella-strand-auf-ibiza\/","title":{"rendered":"Cala Vadella Strand auf Ibiza"},"content":{"rendered":"<div class=\"wpb-content-wrapper\"><p> [vc_row full_width = &#8220;Stretch_row&#8221; parallax = &#8220;Content-Moving-fade&#8221; css = &#8220;.vc_custom_1546001995461 {padding-top: 20px !important; padding-bottom: 60px !important; Background-image: url(http:\/\/soloibiza.com\/wp-content\/uploads\/2018\/12\/Cala-Vadella.jpg?id=47386) !important;}&#8221;] [vc_column] [vc_custom_heading text = &#8220;Cala Vadella Beach, a spectacular West Cove&#8221; font_container = &#8220;tag:H1|text_align: center|color:#ffffff&#8221; use_theme_fonts = &#8220;yes&#8221;] [vc_custom_heading text = &#8220;Der Strand von Cala Vadella ist eine unserer Lieblingsbuchten f\u00fcr die Sch\u00f6nheit seiner Umgebung&#8221; font_container = &#8220;Tag: P|font_size: 24px|text_align: center|color:#ffffff&#8221; use_theme_fonts = &#8220;yes&#8221;] [\/vc_column] [\/vc_row] [vc_row] [vc_column width = &#8220;2\/3&#8221;] [vc_row_inner] [vc_column_inner] [\/vc_column_inner] [\/vc_row_inner] [vc_single_image image= &#8220;47386&#8221; img_size = &#8220;full&#8221;] [vc_column_text] Das Gebiet <a href=\"https:\/playas-sant-josep\/\"> <strong>von Sant Josep pr\u00e4sentiert<\/strong> <\/a> relativ weit entfernte Ecken der Hauptstadt, und so k\u00f6nnen wir den <strong>Strand von Cala Vedella<\/strong>, etwa zwanzig Kilometer von <a href=\"https:\/\"> <strong>Ibiza<\/strong> <\/a> und etwa neun der Pfarrei Sant <strong> Josep<\/strong>. Diese Distanz, die auf einige kurze, f\u00fcr die Bewohner der Insel mag ist eine gro\u00dfe Verschiebung. Der Zugang ist auf der Stra\u00dfe, sowohl am Auto wie Fahrrad, obwohl der letzte Strand Zugangsrampen nicht zu empfehlen, oder bus, Linienbus, der in den Sommermonaten arbeitet mit. Um diesen Strand zu erreichen du die Stra\u00dfe von <strong>Ibiza musst<\/strong> , <strong>Sant Josep<\/strong>und an der Kreuzung von dreizehn Kilometer nehmen, nehmen Sie die Stra\u00dfe, die beginnt in Richtung K\u00fcste. Von dort aus haben wir die Hinweise zum Strand. Wenn Sie zu Cala Vadella unterwegs sind, empfehlen wir Ihnen, aufmerksam zu sein. Vor Erreichen der Creek finden Sie rechts einen kleinen Aussichtspunkt von wo aus man einige wirklich spektakul\u00e4re Bilder nehmen. [\/vc_column_text] [\/vc_column] [vc_column  width= &#8220;1\/3&#8243;] [vc_gmaps link=&#8221;#E-8_JTNDaWZyYW1lJTIwc3JjJTNEJTIyaHR0cHMlM0ElMkYlMkZ3d3cuZ29vZ2xlLmNvbSUyRm1hcHMlMkZlbWJlZCUzRnBiJTNEJTIxMW0xOCUyMTFtMTIlMjExbTMlMjExZDE3NjA3LjgzMjA1NTMyOTI1NCUyMTJkMS4yMDk1NDcwNDQ0ODA1MzE2JTIxM2QzOC45MTQ1Nzg4MTg5OTIyJTIxMm0zJTIxMWYwJTIxMmYwJTIxM2YwJTIxM20yJTIxMWkxMDI0JTIxMmk3NjglMjE0ZjEzLjElMjEzbTMlMjExbTIlMjExczB4MTI5OTRiNDkzZWUwOGVmOSUyNTNBMHg3Y2I1NTliMTM1NzcwYTA5JTIxMnNDYWxhJTJCVmVkZWxsYSUyMTVlMSUyMTNtMiUyMTFzZXMlMjEyc2VzJTIxNHYxNTQ2MDE4MDAyNTg0JTIyJTIwd2lkdGglM0QlMjI2MDAlMjIlMjBoZWlnaHQlM0QlMjI0NTAlMjIlMjBmcmFtZWJvcmRlciUzRCUyMjAlMjIlMjBzdHlsZSUzRCUyMmJvcmRlciUzQTAlMjIlMjBhbGxvd2Z1bGxzY3JlZW4lM0UlM0MlMkZpZnJhbWUlM0U=&#8221;]  [vc_custom_heading text =&#8221;Zus\u00e4tzliche Leistungen&#8221; font_container =&#8221; Tag: h3|Text_align:center|color:%23ffffff&#8221; Use_theme_fonts =&#8221;yes&#8221; Css =&#8221;.vc_custom_1540662764537{Margin-Bottom: 30px !important; Background-color:#f3ad2a !important;} &#8220;] [vc_row_inner gap = &#8220;30&#8221;] [vc_column_inner  width= &#8220;1\/3&#8221;] [vc_icon Icon_hubbleicons = &#8220;icono-sun-bath&#8221; color = &#8220;custom&#8221; size = &#8220;xl&#8221; align = &#8220;Center&#8221; Icons_reach_icons = &#8220;icon-beach-1&#8221; Custom_color = &#8220;#f1ae28&#8221;] [vc_column_text] <\/p>\n<p style=\"text-align: center;\"><span style=\"color:#f3ad2a;\"><strong >Sonnenschirme<\/strong><\/span><\/p>\n<p> [\/vc_column_text] [\/vc_column_inner] [vc_column_inner width= &#8220;1\/3&#8221;] [vc_icon icon_hubbleicons = &#8220;icono-relax-5&#8221; color = &#8220;custom&#8221; size = &#8220;xl&#8221; align = &#8220;center&#8221; icons_reach_icons = &#8220;Icon-beach-1&#8221; custom_color = &#8220;#f1ae28&#8221;] [vc_column_text] <\/p>\n<p style=\"text-align: center;\"><span style=\"color:#f3ad2a;\"><strong >H\u00e4ngematten<\/strong><\/span><\/p>\n<p> [\/vc_column_text] [\/vc_column_inner] [vc_column_inner width= &#8220;1\/3&#8221;] [vc_icon icon_hubbleicons = &#8220;icono-swimming-pool-3&#8221; color = &#8220;custom&#8221; size = &#8220;xl&#8221; align = &#8220;center&#8221; icons_reach_icons = &#8220;Icon-beach-1&#8221; custom_color = &#8220;#f1ae28&#8221;] [vc_column_text] <\/p>\n<p style=\"text-align: center;\"><span style=\"color:#f3ad2a;\"><strong >Bad<\/strong><\/span><\/p>\n<p> [\/vc_column_text] [\/vc_column_inner] [\/vc_row_inner] [vc_row_inner gap = &#8220;30&#8221;] [vc_column_inner width= &#8220;1\/3&#8221;] [vc_icon icon_hubbleicons = &#8220;icono-terrace&#8221; color = &#8220;custom&#8221; size = &#8220;xl&#8221; align = &#8220;center&#8221; icons_reach_icons = &#8220;Icon-Beach-1&#8221; custom_color = &#8220;#f1ae28&#8221;] [vc_column_text] <\/p>\n<p style=\"text-align: center;\"><span style=\"color:#f3ad2a;\"><strong >Restaurant<\/strong><\/span><\/p>\n<p> [\/vc_column_text] [\/vc_column_inner] [vc_column_inner width= &#8220;1\/3&#8221;] [vc_icon icon_hubbleicons = &#8220;icono-kayak&#8221; color = &#8220;custom&#8221; size = &#8220;xl&#8221; align = &#8220;center&#8221; icons_reach_icons = &#8220;Icon-beach-1&#8221; custom_color = &#8220;#f1ae28&#8221;] [vc_column_text] <\/p>\n<p style=\"text-align: center;\"><span style=\"color:#f3ad2a;\"><strong >Kanu<\/strong><\/span><\/p>\n<p> [\/vc_column_text] [\/vc_column_inner] [vc_column_inner width= &#8220;1\/3&#8221;] [vc_icon icon_hubbleicons = &#8220;icono-restroom&#8221; color = &#8220;custom&#8221; size = &#8220;xl&#8221;-align = &#8220;center&#8221; icons_reach_icons = &#8220;Icon-Beach-1&#8221; custom_color = &#8220;#f1ae28&#8221;] [vc_column_text] <\/p>\n<p style=\"text-align: center;\"><span style=\"color:#f3ad2a;\"><strong >Zug\u00e4nglich<\/strong><\/span><\/p>\n<p> [\/vc_column_text] [\/vc_column_inner] [\/vc_row_inner] [\/vc_column] [\/vc_row] [vc_row] [vc_column] [vc_column_text] <\/p>\n<div class=\"entry clearfloat\">\n<h2 id=\"t2\" class=\"title\" >Wir finden in Cala Vadella<\/h2>\n<div class=\"entry clearfloat\"> Diese Bucht ist sehr verschlossen, gesch\u00fctzt vor der Botschaft des Meeres. Dede the beach of Cala Vadella erweckt den Eindruck, keinen Ausgang zu haben, obwohl die Wahrheit ist, dass die Bucht wie L geformt ist, so dass das Wasser nach dem Abprall an den W\u00e4nden der K\u00fcste ankommt. Der <strong>Strand <\/strong>ist etwa drei-bis vierhundert Meter lang und schwankt seine  widthzwischen drei\u00dfig und hundert Metern. Der Sand ist sehr wei\u00df und fein, encontrandonos Felsen an den Enden der Bucht. Der Meeresboden ist sandig, mit einem sehr weichen Hang, nicht erreichen das Wasser bis etwa f\u00fcnfzig Meter vom Ufer. Die felsige Formation der Seiten von Cala Vadella hat eine sch\u00f6ne Struktur von steilen W\u00e4nden mit einigen Konstruktionen, die bergauf. Der Blick von hier ist ein ziemlicher Luxus. Der Wind ist in der Regel nicht stark, und in Anw\u00e4rtern, weht ins Meer, aber durch die Struktur der Bucht, neigt dazu, weich zu sein und bietet keine Risiken f\u00fcr das Bad. Der <strong>Strand <\/strong>verf\u00fcgt \u00fcber alle Dienstleistungen f\u00fcr einen ruhigen Strandtag, mit Bars und Gesch\u00e4ften, einem effektiven Freizeitangebot und einem akzeptablen Angebot an Unterk\u00fcnften. Wir werden immer noch die Chance haben, den Nachmittag zu genie\u00dfen, mit einem wundersch\u00f6nen Sonnenuntergang, wie es sonst nicht an der Westk\u00fcste von Ibiza sein k\u00f6nnte. Nat\u00fcrlich, wenn Sie nicht in <strong>Cala Vadella<\/strong> bleiben, ben\u00f6tigen Sie einen Mietwagen auf Ibiza, weil der Busfahrplan Ihnen nicht erlauben wird, den Sonnenuntergang zu betrachten. <\/div><\/div>\n<p> [\/vc_column_text] [\/vc_column] [\/vc_row] [vc_row full_width = &#8220;Stretch_row&#8221; css = &#8220;.vc_custom_1540634055579 {padding-top: 30px !important; padding-bottom: 60px !important; Background-color:#f1ae28 !important; Background-Position: center !important; Background-Wiederholung: No-Wieder-Wiederholungs-Bedeutung; background-size: Cover !important;} &#8220;] [vc_column] [vc_custom_heading text = &#8220;Buslinien zum Strand von Cala Vadella&#8221; font_container = &#8220;Tag: H2|font_size: 40px|text_align: center|color:#FFFF|line_height: 48px&#8221; use_theme_fonts= &#8220;yes&#8221; ] [vc_custom_heading text = &#8220;Es ist wichtig, den Fahrplan der Busse zu kontrollieren, denn der Verlust des letzten ist ein Problem. Wir empfehlen Ihnen, mit dem Auto zu mieten. &#8221; font_container =&#8221; Tag: P|font_size: 24px|text_align: center|color:#ffffff &#8221; use_theme_fonts =&#8221;yes&#8221; link =&#8221; URL: HTTPS% 3a% 2f% 2Falquilercochesibiza.soloibiza.com][\/vc_column] [\/vc_row] [vc_row] [vc_column] [vc_column_text] <\/p>\n<ul>\n<li >Bus San Jos\u00e9 Cala Vadella, <a href=\"https:\/autobuses-de-ibiza-lineas-y-horarios\/autobus-linea-l26-san-jose-cala-vadella\/\">Linie 26<\/a><\/li>\n<\/ul>\n<p> [\/vc_column_text] [\/vc_column] [\/vc_row] [vc_row full_width = &#8220;Stretch_row&#8221; css = &#8220;.vc_custom_1540634055579 {padding-top: 30px !important; padding-bottom: 60px !important; Background-color:#f1ae28 !important; Background-Position: center !important; Background-Wiederholung: No-Wieder-Wiederholungs-Bedeutung; background-size: Cover !important;} &#8220;] [vc_column] [vc_custom_heading text = &#8220;Andere Str\u00e4nde in der N\u00e4he von Playa de Cala Vadella&#8221; font_container = &#8220;tag:H2|font_size: 40px|text_align: center|color:#FFFF|line_height: 48px&#8221; use_theme_fonts = &#8220;yes&#8221; ] [\/vc_column] [\/vc_row] [vc_row] [vc_column width = &#8220;1\/3&#8221; El_class = &#8220;Filaplayas&#8221;] [vc_single_image image= &#8220;47332&#8221; img_size = &#8220;full&#8221;] [vc_column_text El_class = &#8220;.conelanteriorreducido&#8221;] <a href=\"https:\/cala-moli\/\">Cala Mol\u00ed<\/a> [\/vc_column_text] [vc_column_text] <\/p>\n<h3 style=\"text-align: center;\" >Cala Mol\u00ed 2 Km<\/h3>\n<p style=\"text-align: center;\" >Zur Gemeinde Sant Josep geh\u00f6ren der Strand von Cala Mol\u00ed, etwa dreiundzwanzig Kilometer von Ibiza und etwa zehn von der Pfarrei Sant Josep entfernt.<\/p>\n<p> [\/vc_column_text] [\/vc_column] [vc_column width = &#8220;1\/3&#8221; El_class = &#8220;Filaplayas&#8221;] [vc_single_image image = &#8220;47546&#8221; img_size = &#8220;full&#8221;] [vc_column_text El_class = &#8220;.conelanteriorreducido&#8221;] <a href=\"https:\/cala-carbo\/\">Cala Carb\u00f3<\/a> [\/vc_column_text] [vc_column_text] <\/p>\n<h3 style=\"text-align: center;\" >Cala Carb\u00f3 2 Km<\/h3>\n<p style=\"text-align: center;\" >Cala Carb\u00f3 ist eine kleine Bucht, etwa f\u00fcnfzig Meter lang und f\u00fcnfzig Meter breit, gesch\u00fctzt von H\u00fcgeln, die von Pinien umgeben sind.<\/p>\n<p> [\/vc_column_text] [\/vc_column] [vc_column width = &#8220;1\/3&#8221; El_class = &#8220;Filaplayas&#8221;] [vc_single_image image= &#8220;47595&#8221; img_size = &#8220;full&#8221;] [vc_column_text El_class = &#8220;.conelanteriorreducido&#8221;] <a href=\"https:\/cala-dhort\/\">Cala D &#8216; Hort<\/a> [\/vc_column_text] [vc_column_text] <\/p>\n<h3 style=\"text-align: center;\" >Cala D &#8216; Hort 3 Km<\/h3>\n<p style=\"text-align: center;\" >Wenn man sich einem Strand auf der Insel Ibiza n\u00e4hert, pr\u00fcft man, wie die Vegetation normalerweise dichter wird, da die Stra\u00dfe den Geruch von Salz annimmt und man sieht, dass wir in der n\u00e4chsten Kurve ein Dutzend geparkte Autos finden, die das Ende der Stra\u00dfe anzeigen.<\/p>\n<p> [\/vc_column_text] [\/vc_column] [\/vc_row] [vc_row full_width = &#8220;Stretch_row&#8221; css = &#8220;.vc_custom_1539928959405 {padding-top: 20px !important; padding-bottom: 20px !important; Background-color:#1b7f47 !important;}&#8221;] [vc_column] [vc_custom_heading text = &#8220;Mehr Sehensw\u00fcrdigkeiten&#8221; font_container = &#8220;Tag: H2|text_align: center|color:#ffffff&#8221; use_theme_fonts = &#8220;yes&#8221;] [vc_custom_heading text = &#8220;Wenn Sie einen Mietwagen haben, k\u00f6nnen Sie diese anderen Orte mit einem touristischen Interesse&#8221; font_container = &#8220;Tag besuchen: P|font_size: 24px|text_align: center|color:#ffffff&#8221; use_theme_fonts = &#8220;yes&#8221; link = &#8220;URL: HTTPS% 3a% 2f% 2Falquilercochesibiza.soloibiza.com][\/vc_column] [\/vc_row] [vc_row] [vc_column width = &#8220;1\/3&#8221;] [vc_single_image image= &#8220;46634&#8221; img_size = &#8220;full&#8221; onclick = &#8220;custom_link&#8221; link = &#8220;https:\/guia-de-turismo-de-ibiza-cultural-y-natural\/guia-turismo-sant-josep-ibiza\/guia-de-turismo-de-san-francisco-o-sant-francesc-destany\/ses-paises-de-cala-dhort\/&#8221;] [vc_column_text] <\/p>\n<h3 style=\"text-align: center;\" >Site of Ses Pa\u00efses de Cala d \u0301Hort 3 Km<\/h3>\n<p style=\"text-align: center;\" >Zw\u00f6lf Jahrhunderte Geschichte ruhen unter dem aufmerksamen Blick von Es Vedr\u00e1.<\/p>\n<p> [\/vc_column_text] [\/vc_column] [vc_column width = &#8220;1\/3&#8221;] [vc_single_image image = &#8220;47082&#8221; img_size = &#8220;full&#8221; onclick = &#8220;custom_link&#8221; link = &#8220;https:\/guia-de-turismo-de-ibiza-cultural-y-natural\/guia-turismo-sant-josep-ibiza\/guia-de-turismo-de-es-cubells\/torre-des-savinar\/&#8221;] [vc_column_text] <\/p>\n<h3 style=\"text-align: center;\" >Torre des Savinar 5 Km<\/h3>\n<p style=\"text-align: center;\" >Der Torre des Savinar liegt im \u00e4u\u00dfersten S\u00fcdwesten der Insel, in der Gegend, die als Punta de Sa Pedrera bekannt ist.<\/p>\n<p> [\/vc_column_text] [\/vc_column] [vc_column width = &#8220;1\/3&#8221; El_class = &#8220;Filaplayas&#8221;] [vc_single_image image= &#8220;46604&#8221; img_size = &#8220;full&#8221; onclick = &#8220;custom_link&#8221; link = &#8220;https:\/guia-de-turismo-de-ibiza-cultural-y-natural\/guia-turismo-sant-josep-ibiza\/guia-de-turismo-de-san-agustin-o-sant-agusi-des-vedra\/torre-de-comte-o-torre-den-rovira\/&#8221;] [vc_column_text] <\/p>\n<h3 style=\"text-align: center;\" >Torre de Comte 7 Km entfernt<\/h3>\n<p style=\"text-align: center;\" >Der Torre de Comte, dessen Entstehungsdatum aus dem Jahr 1763 stammt, obwohl er sieben Jahre zuvor genehmigt wurde, wurde als Wachturm und Verteidigung der K\u00fcste von Sant Antoni genutzt.<\/p>\n<p> [\/vc_column_text] [\/vc_column] [\/vc_row] [vc_row full_width = &#8220;Stretch_row&#8221; css = &#8220;.vc_custom_1539928959405 {padding-top: 20px !important; padding-bottom: 20px !important; Background-color:#1b7f47 !important;}&#8221;] [vc_column] [vc_custom_heading text = &#8220;Locations in der N\u00e4he von Playa de Cala Vadella&#8221; font_container = &#8220;tag:H2|text_align: center|color:#ffff&#8221; use_theme_fonts = &#8220;yes&#8221;] [\/vc_column] [\/vc_row] [vc_row] [vc_column width = &#8220;1\/3&#8221;] [vc_single_image image= &#8220;47434&#8221; img_size = &#8220;full&#8221; onclick = &#8220;custom_link&#8221; link = &#8220;https:\/guia-de-turismo-de-ibiza-cultural-y-natural\/guia-turismo-sant-josep-ibiza\/guia-de-turismo-de-es-cubells\/&#8221;] [vc_column_text] <\/p>\n<h3 style=\"text-align: center;\" >Es Cubells 6 Km<\/h3>\n<p style=\"text-align: center;\" >Zur Gemeinde Sant Josep geh\u00f6rt die Pfarrei Es Cubells.<\/p>\n<p> [\/vc_column_text] [\/vc_column] [vc_column width = &#8220;1\/3&#8221;] [vc_single_image image= &#8220;46982&#8221; img_size = &#8220;full&#8221; onclick = &#8220;custom_link&#8221; link = &#8220;https:\/guia-de-turismo-de-ibiza-cultural-y-natural\/guia-turismo-sant-josep-ibiza\/&#8221;] [vc_column_text] <\/p>\n<h3 style=\"text-align: center;\" >Sant Josep 8 Km<\/h3>\n<p style=\"text-align: center;\" >Sant Josep de Sa Talaia ist ein Dorf, das sich zwischen den Bergen befindet, obwohl es aufgrund seiner Ausdehnung und wirtschaftlichen Bedeutung es zu einem geeigneten Ort f\u00fcr Liebhaber der Landschaft und Liebhaber des Meeres macht.<\/p>\n<p> [\/vc_column_text] [\/vc_column] [vc_column width = &#8220;1\/3&#8221;] [vc_single_image image= &#8220;46958&#8221; img_size = &#8220;full&#8221; onclick = &#8220;custom_link&#8221; link = &#8220;https:\/guia-de-turismo-de-ibiza-cultural-y-natural\/guia-turismo-sant-josep-ibiza\/guia-de-turismo-de-san-agustin-o-sant-agusi-des-vedra\/&#8221;] [vc_column_text] <\/p>\n<h3 style=\"text-align: center;\" >Sant Agust\u00ed 9 Km<\/h3>\n<p style=\"text-align: center;\" >Sant Agust\u00ed des Vedr\u00e0 liegt zwischen den st\u00e4dtischen Zentren Sant Antoni und Sant Josep, die zu der letzteren Gemeinde geh\u00f6ren, aber mit st\u00e4dtischen Gebieten, die an den Kern von Sant Antoni angrenzen.<\/p>\n<p> [\/vc_column_text] [\/vc_column] [\/vc_row] [vc_row] [vc_column] [vc_column_text] [toc] [\/vc_column_text] [\/vc_column] [\/vc_row] <\/p>\n<\/div>","protected":false},"excerpt":{"rendered":"<p>[vc_row full_width = &#8220;Stretch_row&#8221; parallax = &#8220;Content-Moving-fade&#8221; css = &#8220;.vc_custom_1546001995461 {padding-top: 20px !important; padding-bottom: 60px !important; Background-image: url(http:\/\/soloibiza.com\/wp-content\/uploads\/2018\/12\/Cala-Vadella.jpg?id=47386) !important;}&#8221;] [vc_column] [vc_custom_heading text = &#8220;Cala Vadella Beach, a spectacular West Cove&#8221; font_container = &#8220;tag:H1|text_align: center|color:#ffffff&#8221; use_theme_fonts = &#8220;yes&#8221;] [vc_custom_heading text = &#8220;Der Strand von Cala Vadella ist eine unserer Lieblingsbuchten f\u00fcr die Sch\u00f6nheit seiner Umgebung&#8221; font_container [&hellip;]<\/p>\n","protected":false},"author":1,"featured_media":0,"parent":0,"menu_order":0,"comment_status":"closed","ping_status":"closed","template":"","meta":{"_acf_changed":false,"footnotes":""},"class_list":["post-51542","page","type-page","status-publish","hentry"],"acf":[],"_links":{"self":[{"href":"https:\/\/soloibiza.com\/de\/wp-json\/wp\/v2\/pages\/51542","targetHints":{"allow":["GET"]}}],"collection":[{"href":"https:\/\/soloibiza.com\/de\/wp-json\/wp\/v2\/pages"}],"about":[{"href":"https:\/\/soloibiza.com\/de\/wp-json\/wp\/v2\/types\/page"}],"author":[{"embeddable":true,"href":"https:\/\/soloibiza.com\/de\/wp-json\/wp\/v2\/users\/1"}],"replies":[{"embeddable":true,"href":"https:\/\/soloibiza.com\/de\/wp-json\/wp\/v2\/comments?post=51542"}],"version-history":[{"count":0,"href":"https:\/\/soloibiza.com\/de\/wp-json\/wp\/v2\/pages\/51542\/revisions"}],"wp:attachment":[{"href":"https:\/\/soloibiza.com\/de\/wp-json\/wp\/v2\/media?parent=51542"}],"curies":[{"name":"wp","href":"https:\/\/api.w.org\/{rel}","templated":true}]}}