{"id":51474,"date":"2019-03-09T19:12:43","date_gmt":"2019-03-09T18:12:43","guid":{"rendered":"https:\/?page_id=51474"},"modified":"2019-03-09T20:46:31","modified_gmt":"2019-03-09T19:46:31","slug":"cala-jondal-strand-auf-ibiza","status":"publish","type":"page","link":"https:\/\/soloibiza.com\/de\/cala-jondal-strand-auf-ibiza\/","title":{"rendered":"Cala Jondal Strand auf Ibiza"},"content":{"rendered":"<div class=\"wpb-content-wrapper\"><p> [vc_row full_width = &#8220;Stretch_row&#8221; parallax = &#8220;Content-Moving-fade&#8221; css = &#8220;.vc_custom_1546003508768 {padding-top: 20px !important; padding-bottom: 60px !important; Background-image: url(http:\/\/soloibiza.com\/wp-content\/uploads\/2018\/11\/cala-jondal.jpg?id=45009) !important;}&#8221;] [vc_column] [vc_custom_heading text = &#8220;Cala Jondal Strand, eine sehr lebendige Bucht&#8221; font_container = &#8220;tag:h1|text_align: center|color:#ffffff&#8221; use_theme_fonts = &#8220;yes&#8221;] [vc_custom_heading text = &#8220;Der Strand von Cala Jondal kombiniert eine Bucht von Felsbl\u00f6cken mit verschiedenen musikalischen Umgebungen&#8221; font_container = &#8220;Tag: P|font_size: 24px|text_align: center|color:#ffff&#8221; use_theme_fonts = &#8220;yes&#8221;] [\/vc_column] [\/vc_row] [vc_row] [vc_column width = &#8220;2\/3&#8221;] [vc_row_inner] [vc_column_inner] [\/vc_column_inner] [\/vc_row_inner] [vc_single_image image = &#8220;48293&#8221; img_size = &#8220;full&#8221;] [vc_column_text] In der Gemeinde <a href=\"https:\/guia-de-turismo-de-ibiza-cultural-y-natural\/guia-turismo-sant-josep-ibiza\/\"> <strong>Sant Josep finden<\/strong> <\/a> wir den <strong>Strand von Cala Jondal<\/strong>, mit mehr als zweihundert Meter L\u00e4nge und f\u00fcnfzehn Meter breit. Es liegt etwa dreizehn Kilometer von <a href=\"https:\/\"> <strong>Ibiza<\/strong> <\/a>und zehn Kilometer von <strong>Sant Josep entfernt<\/strong>. Es ist eine gro\u00dfe Bucht, die durch ihre S\u00fcdausrichtung und Morphologie ziemlich windgesch\u00fctzt ist. Dieser Schutz darf die Bildung von Felsbrocken am Ufer, weiche Sandfl\u00e4chen im Inneren des Meeres umgewandelt werden. Sie haben eine H\u00f6he, Zugang zu Meer in vierzig Meter ohne Wasser zu uns, zu decken, macht es einen idealen Ort f\u00fcr Familien und Senioren. Immer weht der Wind vom Meer in Richtung land, wodurch eine weiche wind immer Schutz vor der Struktur der eigenen Bucht. Der <strong>Strand<\/strong> ist flankiert von Feldern mit der Landwirtschaft, die typisch f\u00fcr die Insel und bietet spektakul\u00e4re Ausblicke, wird umgeben von Meeresbuchten, die Stunden der Sonne werden reduziert. Au\u00dferdem gibt es ein Strom, der direkt ins Meer flie\u00dft. <\/p>\n<h3 >Zugang nach Cala Jondal<\/h3>\n<p> Sie ist von der Flughafenstra\u00dfe aus zu erreichen und biegt rechts in Richtung Cala Jondal ab. Das letzte St\u00fcck Stra\u00dfe ist nicht in sehr gutem Zustand, mit einer eher schmalen und kurvenreichen Stra\u00dfe. Wer die San Jose Road erreicht, findet auch einen Umweg auf Kilometer 7. Der Zugang wird \u00fcber ein eigenes Fahrzeug empfohlen, aber auch mit dem Fahrrad, wenn Sie es gewohnt sind, diese Medien zu benutzen. [\/vc_column_text] [\/vc_column] [vc_column width = &#8220;1\/3&#8243;] [vc_gmaps link=&#8221;#E-8_JTNDaWZyYW1lJTIwc3JjJTNEJTIyaHR0cHMlM0ElMkYlMkZ3d3cuZ29vZ2xlLmNvbSUyRm1hcHMlMkZlbWJlZCUzRnBiJTNEJTIxMW0xOCUyMTFtMTIlMjExbTMlMjExZDQ0MDQuODY3Njg2OTExNDUxNSUyMTJkMS4zMTQ3MTkwMTU4NjE4MTElMjEzZDM4Ljg2NzY0Mzg1NjMwMTU0JTIxMm0zJTIxMWYwJTIxMmYwJTIxM2YwJTIxM20yJTIxMWkxMDI0JTIxMmk3NjglMjE0ZjEzLjElMjEzbTMlMjExbTIlMjExczB4MTI5OTRlZWY5OGMzMWY5ZCUyNTNBMHhhZmJkNzg2ZjE4ZWNjNWUwJTIxMnNDYWxhJTJCSm9uZGFsJTIxNWUxJTIxM20yJTIxMXNlcyUyMTJzZXMlMjE0djE1NDYwMTg1NTUyNzUlMjIlMjB3aWR0aCUzRCUyMjYwMCUyMiUyMGhlaWdodCUzRCUyMjQ1MCUyMiUyMGZyYW1lYm9yZGVyJTNEJTIyMCUyMiUyMHN0eWxlJTNEJTIyYm9yZGVyJTNBMCUyMiUyMGFsbG93ZnVsbHNjcmVlbiUzRSUzQyUyRmlmcmFtZSUzRQ==&#8221;] [vc_custom_heading text =&#8221; Zusatzleistungen &#8221; font_container =&#8221; Tag: H3|text_align: center|color:#ffffff&#8221; use_theme_fonts =&#8221;yes&#8221;css =&#8221;.vc_custom_1540662764537 { Margin-Boden: 30px !important; Background-color:#f3ad2a !important;} &#8220;] [vc_row_inner gap = &#8220;30&#8221;] [vc_column_inner width= &#8220;1\/3&#8221;] [vc_icon icon_hubbleicons = &#8220;icono-sun-bath&#8221; color = &#8220;custom&#8221; size = &#8220;xl&#8221; align = &#8220;center&#8221; icons_reach_icons = &#8220;Icon-beach-1&#8221; custom_color = &#8220;#f1ae28&#8221;] [vc_column_text] <\/p>\n<p style=\"text-align: center;\"><span style=\"color:#f3ad2a;\"><strong >Sonnenschirme<\/strong><\/span><\/p>\n<p> [\/vc_column_text] [\/vc_column_inner] [vc_column_inner width= &#8220;1\/3&#8221;] [vc_icon icon_hubbleicons = &#8220;icono-relax-5&#8221; color = &#8220;custom&#8221; size = &#8220;xl&#8221; align = &#8220;center&#8221; icons_reach_icons = &#8220;Icon-beach-1&#8221; custom_color = &#8220;#f1ae28&#8221;] [vc_column_text] <\/p>\n<p style=\"text-align: center;\"><span style=\"color:#f3ad2a;\"><strong >H\u00e4ngematten<\/strong><\/span><\/p>\n<p> [\/vc_column_text] [\/vc_column_inner] [vc_column_inner width= &#8220;1\/3&#8221;] [vc_icon icon_hubbleicons = &#8220;icono-swimming-pool-3&#8221; color = &#8220;custom&#8221; size = &#8220;xl&#8221; align = &#8220;center&#8221; icons_reach_icons = &#8220;Icon-beach-1&#8221; custom_color = &#8220;#f1ae28&#8221;] [vc_column_text] <\/p>\n<p style=\"text-align: center;\"><span style=\"color:#f3ad2a;\"><strong >Bad<\/strong><\/span><\/p>\n<p> [\/vc_column_text] [\/vc_column_inner] [\/vc_row_inner] [vc_row_inner gap = &#8220;30&#8221;] [vc_column_inner width= &#8220;1\/3&#8221;] [vc_icon icon_hubbleicons = &#8220;icono-terrace&#8221; color = &#8220;custom&#8221; size = &#8220;xl&#8221; align = &#8220;center&#8221; icons_reach_icons = &#8220;Icon-Beach-1&#8221; custom_color = &#8220;#f1ae28&#8221;] [vc_column_text] <\/p>\n<p style=\"text-align: center;\"><span style=\"color:#f3ad2a;\"><strong >Restaurant<\/strong><\/span><\/p>\n<p> [\/vc_column_text] [\/vc_column_inner] [vc_column_inner width= &#8220;1\/3&#8221;] [vc_icon icon_hubbleicons = &#8220;icono-kayak&#8221; color = &#8220;custom&#8221; size = &#8220;xl&#8221; align = &#8220;center&#8221; icons_reach_icons = &#8220;Icon-beach-1&#8221; custom_color = &#8220;#f1ae28&#8221;] [vc_column_text] <\/p>\n<p style=\"text-align: center;\"><span style=\"color:#f3ad2a;\"><strong >Kanu<\/strong><\/span><\/p>\n<p> [\/vc_column_text] [\/vc_column_inner] [vc_column_inner width= &#8220;1\/3&#8221;] [vc_icon icon_hubbleicons = &#8220;icono-parking&#8221; color = &#8220;custom&#8221; size = &#8220;xl&#8221; align = &#8220;center&#8221; icons_reach_icons = &#8220;Icon-Beach-1&#8221; custom_color = &#8220;#f1ae28&#8221;] [vc_column_text] <\/p>\n<p style=\"text-align: center;\"><span style=\"color:#f3ad2a;\"><strong >Parkplatz<\/strong><\/span><\/p>\n<p> [\/vc_column_text] [\/vc_column_inner] [\/vc_row_inner] [\/vc_column] [\/vc_row] [vc_row] [vc_column] [vc_column_text] <\/p>\n<div class=\"entry clearfloat\">\n<h2 id=\"t2\" class=\"title\" >Die neue Physiognomie von Cala Jondal<\/h2>\n<div class=\"entry clearfloat\"> Ich habe diesen Strand schon lange nicht mehr besucht. Die Parkpl\u00e4tze sind zu einem Parkplatz f\u00fcr die Strandbars von La Cala geworden. Es ist merkw\u00fcrdig, die Transformation, die das Ufer gelitten hat, wo sie drei Musikbars installiert haben, die den Strand in drei sehr unterschiedliche Umgebungen teilen. Wir k\u00f6nnen die letzte Bar f\u00fcr reiche Menschen konditioniert finden. Der centerlbereich richtet sich an Jugendliche. Die erste ist die VIP-Zahl, die wir finden k\u00f6nnen. <strong>Cala Jondal ist<\/strong> gut ausgestattet mit H\u00e4ngematten und Sonnenschirmen und Duschen. Au\u00dferdem ist der <strong>Strand<\/strong> von einem Warnfeuer f\u00fcr Schwimmer umgeben. Bemerkenswert sind auch ein Tretboot-Service und ein Beachvolleyballplatz. Wir k\u00f6nnen in einer Bar oder einem Restaurant in der Umgebung essen und sogar die Nacht an mehreren Orten genie\u00dfen. <\/div><\/div>\n<p> [\/vc_column_text] [\/vc_column] [\/vc_row] [vc_row full_width = &#8220;Stretch_row&#8221; css = &#8220;.vc_custom_1540634055579 {padding-top: 30px !important; padding-bottom: 60px !important; Background-color:#f1ae28 !important; Background-Position: center !important; Background-Wiederholung: No-Wieder-Wiederholungs-Bedeutung; background-size: Cover !important;} &#8220;] [vc_column] [vc_custom_heading text = &#8220;Buslinien zum Strand von Cala Jondal&#8221; font_container = &#8220;tag:h2|font_size:40px|text_align:center|color:%23ffffff|line_height:48px&#8221; use_theme_font = &#8220;yes&#8221; ] [vc_custom_heading text = &#8220;Es ist wichtig, den Fahrplan der Busse zu kontrollieren, denn der Verlust des letzten ist ein Problem. Wir empfehlen Ihnen, sich in einem Mietwagen zu bewegen. &#8221; font_container =&#8221; Tag: P|font_size: 24px|text_align: center|color:#ffffff &#8221; use_theme_fonts =&#8221;yes&#8221; link =&#8221; URL: HTTPS% 3a% 2f% 2Falquilercochesibiza.soloibiza.com][\/vc_column] [\/vc_row] [vc_row] [vc_column] [vc_column_text] Es gibt keine Busse, die nach Cala Jondal kommen, daher empfehlen wir Ihnen, zu diesem Strand zu fahren. Schn\u00e4ppchen finden Sie in unserem <a href=\"https:\/\/alquilercochesibiza.soloibiza.com\/\">wirtschaftlichen Ibiza Autovermietung<\/a>Finder [\/vc_column_text] [\/vc_column] [\/vc_row] [vc_row full_width = &#8220;stretch_row&#8221; Css = &#8220;.vc_custom_1540634055579 {Padding-Top: 30px !important; Padding-Bottom: 60px!important; Background-color:#f1ae28 !important; Hintergrund-Position: Zentrum !important; Hintergrund-Repeat: keine-Repeat !important; Hintergrund size: cover !important;} &#8220;] [vc_column] [vc_custom_heading text = &#8220;Andere Str\u00e4nde in der N\u00e4he der Strand Cala Jondal&#8221; font_container = &#8220;Tag: h2|Font_size:40px|Text_align:center|color:%23ffffff|Line_height:48px&#8221; Use_theme_fonts = &#8220;yes&#8221;] [\/vc_column] [\/vc_row] [vc_row] [vc_column  width= &#8220;1\/3&#8221; el_class = &#8220;Filaplayas&#8221;] [vc_single_image image= &#8220;47464&#8221; Img_size = &#8220;full&#8221;] [vc_column_text el_class = &#8220;.conelanteriorreducido&#8221;] <a href=\"https:\/es-xarcu\/\">Xarcu ist<\/a> [\/vc_column_text] [vc_column_text] <\/p>\n<h2 style=\"text-align: center;\" >Strand ist Xarcu auf 663 Metern<\/h2>\n<p style=\"text-align: center;\" >Zur Gemeinde Sant Josep geh\u00f6rt der Strand von Es Xarcu, etwa dreizehn Kilometer von Ibiza und neun Kilometer von Sant Josep entfernt.<\/p>\n<p> [\/vc_column_text] [\/vc_column] [vc_column width = &#8220;1\/3&#8221; El_class = &#8220;Filaplayas&#8221;] [vc_single_image image= &#8220;47494&#8221; img_size = &#8220;full&#8221;] [vc_column_text El_class = &#8220;.conelanteriorreducido&#8221;] <a href=\"https:\/sa-caleta\/\">Sa Caleta<\/a> [\/vc_column_text] [vc_column_text] <\/p>\n<h2 style=\"text-align: center;\">Cala Bol Nou. Sa Caleta auf 1680 Meter<\/h2>\n<p style=\"text-align: center;\" >Zur Gemeinde Sant Josep geh\u00f6ren Cala Bol Nou, besser bekannt als Sa Caleta.<\/p>\n<p> [\/vc_column_text] [\/vc_column] [vc_column width = &#8220;1\/3&#8221; El_class = &#8220;Filaplayas&#8221;] [vc_single_image image= &#8220;47428&#8221; img_size = &#8220;full&#8221;] [vc_column_text El_class = &#8220;.conelanteriorreducido&#8221;] <a href=\"https:\/es-codolar\/\">It es codollar<\/a> [\/vc_column_text] [vc_column_text] <\/p>\n<h2 style=\"text-align: center;\" >It es cogreenback at 3 Km<\/h2>\n<p style=\"text-align: center;\" >Zur Gemeinde Sant Josep geh\u00f6rt der Strand von Sant &#8216; es Colodar, etwa zehn Kilometer von Ibiza und 25 Kilometer vom Stadtkern Sant Josep entfernt.<\/p>\n<p> [\/vc_column_text] [\/vc_column] [\/vc_row] [vc_row full_width = &#8220;Stretch_row&#8221; css = &#8220;.vc_custom_1539928959405 {padding-top: 20px !important; padding-bottom: 20px !important; Background-color:#1b7f47 !important;}&#8221;] [vc_column] [vc_custom_heading text = &#8220;Mehr Sehensw\u00fcrdigkeiten&#8221; font_container = &#8220;Tag: H2|text_align: center|color:#ffffff&#8221; use_theme_fonts = &#8220;yes&#8221;] [vc_custom_heading text = &#8220;Wenn Sie einen Mietwagen haben, k\u00f6nnen Sie diese anderen Orte mit einem touristischen Interesse&#8221; font_container = &#8220;Tag besuchen: P|font_size: 24px|text_align: center|color:#ffffff&#8221; use_theme_font = &#8220;yes&#8221; link = &#8220;URL: HTTPS% 3a% 2f% 2Falquilercochesibiza.soloibiza.com][\/vc_column] [\/vc_row] [vc_row] [vc_column width = &#8220;1\/3&#8221;] [vc_single_image image= &#8220;46898&#8221; img_size = &#8220;full&#8221; onclick = &#8220;custom_link&#8221; link = &#8220;https:\/guia-de-turismo-de-ibiza-cultural-y-natural\/guia-turismo-sant-josep-ibiza\/guia-de-turismo-de-san-francisco-o-sant-francesc-destany\/poblado-fenicio-de-sa-caleta\/&#8221;] [vc_column_text] <\/p>\n<h2 style=\"text-align: center;\" >Ph\u00f6nizisches Dorf Sa Caleta auf 1984 Meter<\/h2>\n<p style=\"text-align: center;\" >Arch\u00e4ologen zufolge war das ph\u00f6nizische Dorf Sa Caleta der Ursprung des heutigen Ibiza.<\/p>\n<p> [\/vc_column_text] [\/vc_column] [vc_column width = &#8220;1\/3&#8221;] [vc_single_image image= &#8220;46712&#8221; img_size = &#8220;full&#8221; onclick = &#8220;custom_link&#8221; link = &#8220;https:\/guia-de-turismo-de-ibiza-cultural-y-natural\/guia-turismo-sant-josep-ibiza\/guia-de-turismo-de-es-cubells\/iglesia-de-es-cubells\/&#8221;] [vc_column_text] <\/p>\n<h2 style=\"text-align: center;\" >Church of Es Cubells 5 Km<\/h2>\n<p style=\"text-align: center;\" >Am Ende der Stra\u00dfe, die zur Stadt Es Cubells f\u00fchrt, befindet sich die Kirche von Es Cubells.<\/p>\n<p> [\/vc_column_text] [\/vc_column] [vc_column width = &#8220;1\/3&#8221; El_class = &#8220;Filaplayas&#8221;] [vc_single_image image= &#8220;46706&#8221; img_size = &#8220;full&#8221; onclick = &#8220;custom_link&#8221; link = &#8220;https:\/guia-de-turismo-de-ibiza-cultural-y-natural\/guia-turismo-sant-josep-ibiza\/font-des-verger\/&#8221;] [vc_column_text] <\/p>\n<h2 style=\"text-align: center;\" >Font des Verger 5 Km<\/h2>\n<p style=\"text-align: center;\" >Font des Verger, ist neben einem Brunnen ein charmanter Ort.<\/p>\n<p> [\/vc_column_text] [\/vc_column] [\/vc_row] [vc_row full_width = &#8220;Stretch_row&#8221; css = &#8220;.vc_custom_1539928959405 {padding-top: 20px !important; padding-bottom: 20px !important; Background-color:#1b7f47 !important;}&#8221;] [vc_column] [vc_custom_heading text = &#8220;Locations in der N\u00e4he von Playa de Cala Jondal&#8221; font_container = &#8220;tag:H2|text_align: center|color:#ffffff&#8221; use_theme_fonts = &#8220;yes&#8221;] [\/vc_column] [\/vc_row] [vc_row] [vc_column width = &#8220;1\/3&#8221;] [vc_single_image image= &#8220;46982&#8221; img_size = &#8220;full&#8221; onclick = &#8220;custom_link&#8221; link = &#8220;https:\/guia-de-turismo-de-ibiza-cultural-y-natural\/guia-turismo-sant-josep-ibiza\/&#8221;] [vc_column_text] <\/p>\n<h2 style=\"text-align: center;\" >Sant Josep 6 Km<\/h2>\n<p style=\"text-align: center;\" >Sant Josep de Sa Talaia ist ein Dorf, das sich zwischen den Bergen befindet, obwohl es aufgrund seiner Ausdehnung und wirtschaftlichen Bedeutung es zu einem geeigneten Ort f\u00fcr Liebhaber der Landschaft und Liebhaber des Meeres macht.<\/p>\n<p> [\/vc_column_text] [\/vc_column] [vc_column width = &#8220;1\/3&#8221;] [vc_single_image image= &#8220;47434&#8221; img_size = &#8220;full&#8221; onclick = &#8220;custom_link&#8221; link = &#8220;https:\/guia-de-turismo-de-ibiza-cultural-y-natural\/guia-turismo-sant-josep-ibiza\/guia-de-turismo-de-es-cubells\/&#8221;] [vc_column_text] <\/p>\n<h2 style=\"text-align: center;\" >Es Cubells 7 Km<\/h2>\n<p style=\"text-align: center;\" >Zur Gemeinde Sant Josep geh\u00f6rt die Pfarrei Es Cubells.<\/p>\n<p> [\/vc_column_text] [\/vc_column] [vc_column width = &#8220;1\/3&#8221;] [vc_single_image image= &#8220;46970&#8221; img_size = &#8220;full&#8221; onclick = &#8220;custom_link&#8221; link = &#8220;https:\/guia-de-turismo-de-ibiza-cultural-y-natural\/guia-turismo-sant-josep-ibiza\/guia-de-turismo-de-san-francisco-o-sant-francesc-destany\/&#8221;] [vc_column_text] <\/p>\n<h2 style=\"text-align: center;\" >Sant Francesc 8 Km<\/h2>\n<p style=\"text-align: center;\" >Sant Francesc de S &#8216; Estany ist eine kleine Stadt am Ausgang von Sant Jordi de ses Salinen und obligatorischer Ort f\u00fcr den Strand von SES-Salinen und es cavalleria.<\/p>\n<p> [\/vc_column_text] [\/vc_column] [\/vc_row] [vc_row] [vc_column] [vc_column_text] [toc] [\/vc_column_text] [\/vc_column] [\/vc_row] <\/p>\n<\/div>","protected":false},"excerpt":{"rendered":"<p>[vc_row full_width = &#8220;Stretch_row&#8221; parallax = &#8220;Content-Moving-fade&#8221; css = &#8220;.vc_custom_1546003508768 {padding-top: 20px !important; padding-bottom: 60px !important; Background-image: url(http:\/\/soloibiza.com\/wp-content\/uploads\/2018\/11\/cala-jondal.jpg?id=45009) !important;}&#8221;] [vc_column] [vc_custom_heading text = &#8220;Cala Jondal Strand, eine sehr lebendige Bucht&#8221; font_container = &#8220;tag:h1|text_align: center|color:#ffffff&#8221; use_theme_fonts = &#8220;yes&#8221;] [vc_custom_heading text = &#8220;Der Strand von Cala Jondal kombiniert eine Bucht von Felsbl\u00f6cken mit verschiedenen musikalischen Umgebungen&#8221; font_container [&hellip;]<\/p>\n","protected":false},"author":1,"featured_media":0,"parent":0,"menu_order":0,"comment_status":"closed","ping_status":"closed","template":"","meta":{"_acf_changed":false,"footnotes":""},"class_list":["post-51474","page","type-page","status-publish","hentry"],"acf":[],"_links":{"self":[{"href":"https:\/\/soloibiza.com\/de\/wp-json\/wp\/v2\/pages\/51474","targetHints":{"allow":["GET"]}}],"collection":[{"href":"https:\/\/soloibiza.com\/de\/wp-json\/wp\/v2\/pages"}],"about":[{"href":"https:\/\/soloibiza.com\/de\/wp-json\/wp\/v2\/types\/page"}],"author":[{"embeddable":true,"href":"https:\/\/soloibiza.com\/de\/wp-json\/wp\/v2\/users\/1"}],"replies":[{"embeddable":true,"href":"https:\/\/soloibiza.com\/de\/wp-json\/wp\/v2\/comments?post=51474"}],"version-history":[{"count":0,"href":"https:\/\/soloibiza.com\/de\/wp-json\/wp\/v2\/pages\/51474\/revisions"}],"wp:attachment":[{"href":"https:\/\/soloibiza.com\/de\/wp-json\/wp\/v2\/media?parent=51474"}],"curies":[{"name":"wp","href":"https:\/\/api.w.org\/{rel}","templated":true}]}}