{"id":51460,"date":"2019-03-09T19:06:28","date_gmt":"2019-03-09T18:06:28","guid":{"rendered":"https:\/?page_id=51460"},"modified":"2020-10-21T07:10:56","modified_gmt":"2020-10-21T05:10:56","slug":"straende-von-san-jose-oder-sant-josep-ibiza","status":"publish","type":"page","link":"https:\/\/soloibiza.com\/de\/straende-von-san-jose-oder-sant-josep-ibiza\/","title":{"rendered":"Str\u00e4nde von San Jos\u00e9 oder Sant Josep Ibiza"},"content":{"rendered":"<div class=\"wpb-content-wrapper\"><p> [vc_row] [vc_column width = &#8220;2\/3&#8221;] [vc_column_text] <\/p>\n<h1 >Str\u00e4nde und Buchten von San Jose<\/h1>\n<div id=\"toc\">Die <strong>Str\u00e4nde von Sant Josep <\/strong>de Sa Talaia oder <strong>San Jos\u00e9<\/strong>erstrecken sich vom S\u00fcden der Insel bis zum Westen. Es ist eine der gr\u00f6\u00dften Gemeinden der Insel, und wirtschaftlich der wichtigste. Etwa neun Kilometer von <strong>Ibiza<\/strong>entfernt hat diese Gemeinde eine Fl\u00e4che von fast einhundertsechzig Quadratkilometern.<\/div>\n<p> Der Begriff ist in kleine Pfarreien unterteilt, da es sich um ihr neuralgisches Zentrum der Pfarrei Sant Josep handelt, wenn auch nicht unbemerkt. Die L\u00e4nge der K\u00fcstenabschnitte ist recht breit, da sie in der Lage sind, mehrere Str\u00e4nde in allen Begabungen zu finden, von Port D &#8216; es Torrent, die an die Gemeinde Sant Antoni angrenzt, bis zu Playa d &#8216; en Bossa, die sich mit den <a href=\"https:\/playas-de-ibiza-ciudad-o-eivissa\/\" >Str\u00e4nden der Stadt Ibiza teilen. <\/a>.<\/div>\n<p> [\/vc_column_text] [\/vc_column] [vc_column width = &#8220;1\/3&#8221;] [vc_single_image image= &#8220;45743&#8221; img_size = &#8220;full&#8221;] [\/vc_column] [\/vc_row] [vc_row] [vc_column width = &#8220;1\/3&#8221;] [vc_single_image image= &#8220;45749&#8221; img_size = &#8220;full&#8221;] [\/vc_column] [vc_column width = &#8220;2\/3&#8221;] [vc_column_text] Im Allgemeinen <strong>sind die Str\u00e4nde von Sant Josep ruhige Wasserstr\u00e4nde.<\/strong> Die meisten sind kleine Buchten, ziemlich verschlossen und nicht sehr bev\u00f6lkert. So finden wir den Strand von Cala Carb\u00f3, den Strand von Cala Vadella, den Strand von Cala de Codolar, den Strand von Cala Mol\u00ed oder den Strand von Cala Tarida. Diese Buchten kontrastiert stark mit Str\u00e4nden, sehr ger\u00e4umig, vor allem diejenigen, die das Gebiet von Las Salinas umgeben. In diesem Sinne finden wir, dass der Strand Xarcu, Cala Strand des Cubells, la Cala Bassa Strand, Strand von Port Essen Torrent oder der Strand der Cala Jondal ist. Schlie\u00dflich die so genannte offiziell FKK-Strand, die Playa des Cavallet. Es sollte erw\u00e4hnt Ansichten, die besitzt die Gemeinde, einschlie\u00dflich die Str\u00e4nde von Comte, von wo Sie die Insel von der Kaninchenstall zu sehen sein. Allerdings sehen Sie die spektakul\u00e4rsten Teil der Insel vom Strand Cala D&#8217;hort. Hier steht eine majest\u00e4tische Insel, Vedra, bekannt als Energie-Punkt des Planeten und das Geburtshaus von zahlreichen Mythen und Legenden. Haben Sie Ihr eigenes werden <a href=\"https:\/\/alquilercochesibiza.soloibiza.com\/\">Mietwagen<\/a> Zugang zu den Str\u00e4nden viel bequemer und sogar in manchen F\u00e4llen m\u00f6glich. Entdecken Sie auch andere Bereiche der K\u00fcste wie die <a href=\"https:\/playas-de-san-juan\/\">Str\u00e4nde von San Juan<\/a>oder die <a href=\"https:\/playas-de-santa-eulalia\/\">Buchten von Santa Eulalia<\/a>. [\/vc_column_text] [\/vc_column] [\/vc_row] [vc_row full_width = &#8220;stretch_row&#8221; Css = &#8220;.vc_custom_1540877850287 {Background-color:Rgba(255,153,0,0.6) !important; *background-color:Rgb(255,153,0) !important;}&#8221;] [vc_column Id = &#8220;Playas-San Jose-&#8220;] [vc_custom_heading text = &#8220;Str\u00e4nde in San Jose, Ibiza&#8221; font_container = &#8220;Tag: h2|Text_align:center|color:%23ffffff&#8221; Use_theme_fonts = &#8220;yes&#8221;] [vc_column_text] <\/p>\n<p style=\"text-align: center;\"><span style=\"color:#ffffff; font-size: 18px;\">Die Str\u00e4nde von San Jose sind in der Regel unter den gro\u00dfen Sand <a style=\"color:#ffffff;\" href=\"https:\/playas-calas-ibiza\/\">der Buchten und Str\u00e4nde von Ibiza<\/a>.<\/span><\/p>\n<p> [\/vc_column_text] [\/vc_column] [\/vc_row] [vc_row] [vc_column width = &#8220;1\/3&#8221; El_class = &#8220;Filaplayas&#8221; el_id = &#8220;Cala Carb\u00f3&#8221;] [vc_single_image image = &#8220;47546&#8221; img_size = &#8220;full&#8221;] [vc_column_text El_class = &#8220;.conelanteriorreducido&#8221;] <a href=\"https:\/cala-carbo\/\">Cala Carb\u00f3<\/a> [\/vc_column_text] [vc_column_text] <\/p>\n<p style=\"text-align: center;\">Cala Carb\u00f3 geh\u00f6rt zu den typischen <strong>San Jose Coves<\/strong> , die sich in einer niedrigen K\u00fcste befinden und gut gesch\u00fctzt sind. Eine Bucht, um die Ruhe zu genie\u00dfen.<\/p>\n<p> [\/vc_column_text] [\/vc_column] [vc_column width = &#8220;1\/3&#8221; El_class = &#8220;Filaplayas&#8221; el_id = &#8220;Cala Vadella&#8221;] [vc_single_image image= &#8220;47386&#8221; img_size = &#8220;full&#8221;] [vc_column_text El_class = &#8220;.conelanteriorreducido&#8221;] <a href=\"https:\/cala-vadella\/\">Cala Vadella<\/a> [\/vc_column_text] [vc_column_text] <\/p>\n<p style=\"text-align: center;\">Eine spektakul\u00e4re Bucht, die den Reisenden \u00fcberrascht. Vor allem, weil die Bucht nach dem Einbiegen von der Stra\u00dfe erscheint und eine einzigartige Aussicht bietet.<\/p>\n<p> [\/vc_column_text] [\/vc_column] [vc_column width = &#8220;1\/3&#8221; El_class = &#8220;Filaplayas&#8221; el_id = &#8220;Cala Mol\u00ed&#8221;] [vc_single_image image= &#8220;47332&#8221; img_size = &#8220;full&#8221;] [vc_column_text El_class = &#8220;.conelanteriorreducido&#8221;] <a href=\"https:\/cala-moli\/\">Cala Mol\u00ed<\/a> [\/vc_column_text] [vc_column_text] <\/p>\n<p style=\"text-align: center;\">Eine sehr ruhige Bucht zwischen zwei sanften H\u00f6henlagen. Obwohl etwas offen, ist es gut vor dem Wind gesch\u00fctzt.<\/p>\n<p> [\/vc_column_text] [\/vc_column] [\/vc_row] [vc_row] [vc_column width = &#8220;1\/3&#8221; El_class = &#8220;Filaplayas&#8221; el_id = &#8220;Es Xarcu&#8221;] [vc_single_image image= &#8220;47464&#8221; img_size = &#8220;full&#8221;] [vc_column_text El_class = &#8220;.conelanteriorreducido&#8221;] <a href=\"https:\/es-xarcu\/\">is Xarcu<\/a> [\/vc_column_text] [vc_column_text] <\/p>\n<p style=\"text-align: center;\">Der Zugang zu ES Xarcu ist nicht einfach. Die Zufahrtsstra\u00dfen sind recht schmal und lange Fahrzeuge k\u00f6nnen Schwierigkeiten haben, ans Ufer zu gelangen.<\/p>\n<p> [\/vc_column_text] [\/vc_column] [vc_column width = &#8220;1\/3&#8221; El_class = &#8220;Filaplayas&#8221; el_id = &#8220;Es Cubells&#8221;] [vc_single_image image= &#8220;47434&#8221; img_size = &#8220;full&#8221;] [vc_column_text El_class = &#8220;.conelanteriorreducido&#8221;] <a href=\"https:\/cala-es-cubells\/\">is Cubells<\/a> [\/vc_column_text] [vc_column_text] <\/p>\n<p style=\"text-align: center;\">Eine weitere Bucht von unbequem Zugang, obwohl als Belohnung werden wir kleine Buchten sehr gesch\u00fctzt und einsam haben. Einige sind nur <strong>Buchten mit dem Boot erreichbar<\/strong>.<\/p>\n<p> [\/vc_column_text] [\/vc_column] [vc_column width = &#8220;1\/3&#8221; El_class = &#8220;Filaplayas&#8221; el_id = &#8220;Cala D &#8216; Hort&#8221;] [vc_single_image image= &#8220;47595&#8221; img_size = &#8220;full&#8221;] [vc_column_text El_class = &#8220;.conelanteriorreducido&#8221;] <a href=\"https:\/cala-dhort\/\">Cala D &#8216; Hort<\/a> [\/vc_column_text] [vc_column_text] <\/p>\n<p style=\"text-align: center;\">Cala D &#8216; Hort ist der bevorzugte Ort f\u00fcr diejenigen, die den Strand als spirituelle Zuflucht verstehen. Die Anwesenheit von Vedr\u00e1 ist \u00fcberw\u00e4ltigend.<\/p>\n<p> [\/vc_column_text] [\/vc_column] [\/vc_row] [vc_row] [vc_column width = &#8220;1\/3&#8221; El_class = &#8220;Filaplayas&#8221; el_id = &#8220;Es Cavalleria&#8221;] [vc_single_image image= &#8220;47422&#8221; img_size = &#8220;full&#8221;] [vc_column_text El_class = &#8220;.conelanteriorreducido&#8221;] <a href=\"https:\/es-cavallet\/\">Es Cavalleria<\/a> [\/vc_column_text] [vc_column_text] <\/p>\n<p style=\"text-align: center;\">Im Naturpark von Ses Salines, einem Weltkulturerbe, finden wir einen <strong>FKK-Strand<\/strong>, aber nicht per Definition. Die Aussicht auf Formentera ist fantastisch.<\/p>\n<p> [\/vc_column_text] [\/vc_column] [vc_column width = &#8220;1\/3&#8221; El_class = &#8220;Filaplayas&#8221; el_id = &#8220;Las Salinas&#8221;] [vc_single_image image = &#8220;47476&#8221; img_size = &#8220;full&#8221;] [vc_column_text El_class = &#8220;.conelanteriorreducido&#8221;] <a href=\"https:\/las-salinas\/\">Las Salinas<\/a> [\/vc_column_text] [vc_column_text] <\/p>\n<p style=\"text-align: center;\"><strong>Der ber\u00fchmte Strand von Ibiza par<\/strong> excellence. Wahrscheinlich wegen seiner exklusiven Bars. So ein Stern verbirgt die Sch\u00f6nheit von Ses Salines und seiner Umgebung.<\/p>\n<p> [\/vc_column_text] [\/vc_column] [vc_column width = &#8220;1\/3&#8221; El_class = &#8220;Filaplayas&#8221; el_id = &#8220;is Codolar&#8221;] [vc_single_image image= &#8220;47428&#8221; img_size = &#8220;full&#8221;] [vc_column_text El_class = &#8220;.conelanteriorreducido&#8221;] <a href=\"https:\/es-codolar\/\">It es Codolar<\/a> [\/vc_column_text] [vc_column_text] <\/p>\n<p style=\"text-align: center;\">Der Strand ist Codolar ist nicht Sandy. Seine Kante ist voll von gro\u00dfen runden Steinen, die einen konstanten Klang erzeugen. Es gibt keine Dienstleistungen, aber es wird entsch\u00e4digt, um den Naturpark Ses Salines auf der R\u00fcckseite zu haben.<\/p>\n<p> [\/vc_column_text] [\/vc_column] [\/vc_row] [vc_row] [vc_column width = &#8220;1\/3&#8221; El_class = &#8220;Filaplayas&#8221; el_id = &#8220;Sa Caleta&#8221;] [vc_single_image image= &#8220;47494&#8221; img_size = &#8220;full&#8221;] [vc_column_text El_class = &#8220;.conelanteriorreducido&#8221;] <a href=\"https:\/sa-caleta\/\">Sa Caleta<\/a> [\/vc_column_text] [vc_column_text] <\/p>\n<p style=\"text-align: center;\">Neben dem ersten Dorf der Insel finden wir Sa Caleta. Der Zugang zum Strand war menschlich, aber der Strand und seine Umgebung sind ein Kunstwerk der Natur.<\/p>\n<p> [\/vc_column_text] [\/vc_column] [vc_column width = &#8220;1\/3&#8221; El_class = &#8220;Filaplayas&#8221; el_id = &#8220;Cala Jondal&#8221;] [vc_single_image image = &#8220;48293&#8221; img_size = &#8220;full&#8221;] [vc_column_text El_class = &#8220;.conelanteriorreducido&#8221;] <a href=\"https:\/cala-jondal\/\">Cala Jondal<\/a> [\/vc_column_text] [vc_column_text] Cala Jondal ist eine der wenigen <strong>Buchten auf der Insel<\/strong> , in der Menschen, die tanzen gehen, diejenigen \u00fcbertreffen, die baden wollen. Wahrscheinlich, weil der einzige bequeme Weg, um das Ufer zu erreichen, durch Planken ist, die auf den Felsbl\u00f6cken angeordnet sind. [\/vc_column_text] [\/vc_column] [vc_column width = &#8220;1\/3&#8221; El_class = &#8220;Filaplayas&#8221; el_id = &#8220;Cala Tarida&#8221;] [vc_single_image image = &#8220;47380&#8221; img_size = &#8220;full&#8221;] [vc_column_text El_class = &#8220;.conelanteriorreducido&#8221;] <a href=\"https:\/cala-tarida\/\">Cala Tarida<\/a> [\/vc_column_text] [vc_column_text] <\/p>\n<p style=\"text-align: center;\">Cala Tarida ist ein spektakul\u00e4rer Strand, von dem Moment an, in dem Sie das Auto parken. Ein breiter Sandstrand bietet Zugang zum Ufer und vielen Ecken, um ihn zu genie\u00dfen. Nicht umsonst ist einer der <a href=\"https:\/blogs\/los-10-lugares-que-no-debes-perderte-en-ibiza\/\">besten Orte auf Ibiza zu besuchen<\/a><\/p>\n<p> [\/vc_column_text] [\/vc_column] [\/vc_row] [vc_row] [vc_column width = &#8220;1\/3&#8221; El_class = &#8220;Filaplayas&#8221; el_id = &#8220;Cala conta&#8221;] [vc_single_image image = &#8220;47558&#8221; img_size = &#8220;full&#8221;] [vc_column_text El_class = &#8220;.conelanteriorreducido&#8221;] <a href=\"https:\/cala-conta\/\">Cala Conta<\/a> [\/vc_column_text] [vc_column_text] <\/p>\n<p style=\"text-align: center;\">Nur wenige Str\u00e4nde auf Ibiza haben den Ruhm von Cala Conta. Aber es ist ein Ruhm, den Pulse durch seine <strong>Sonnenunterg\u00e4nge<\/strong>gewonnen hat. Die Lage des Hotels ist sehr gut, das Personal ist sehr freundlich und hilfsbereit.<\/p>\n<p> [\/vc_column_text] [\/vc_column] [vc_column width = &#8220;1\/3&#8221; El_class = &#8220;Filaplayas&#8221; el_id = &#8220;Cala Codolar&#8221;] [vc_single_image image= &#8220;47552&#8221; img_size = &#8220;full&#8221;] [vc_column_text El_class = &#8220;.conelanteriorreducido&#8221;] <a href=\"https:\/cala-codolar\/\">Cala Codolar<\/a> [\/vc_column_text] [vc_column_text] <\/p>\n<p style=\"text-align: center;\" >Cala Codolar ist ein weiterer <strong>ruhiger Strand<\/strong>, der sich zwischen Pinienw\u00e4ldern und einem nicht sehr frequentierten Zugang befindet.<\/p>\n<p> [\/vc_column_text] [\/vc_column] [vc_column width = &#8220;1\/3&#8221; El_class = &#8220;Filaplayas&#8221; el_id = &#8220;Cala Bassa&#8221;] [vc_single_image image = &#8220;47527&#8221; img_size = &#8220;full&#8221;] [vc_column_text El_class = &#8220;.conelanteriorreducido&#8221;] <a href=\"https:\/cala-bassa\/\">Cala Bassa<\/a> [\/vc_column_text] [vc_column_text] <\/p>\n<p style=\"text-align: center;\">Cala Bassa ist ein Strand in der N\u00e4he der Stadt <a href=\"https:\/playas-de-san-antonio\/\">San Antonio,<\/a> obwohl er zur Gemeinde Sant Josep geh\u00f6rt. Das Vorhandensein eines Campingplatzes macht ihn zu <strong>einem atypischen Strand<\/strong>.<\/p>\n<p> [\/vc_column_text] [\/vc_column] [\/vc_row] [vc_row] [vc_column width = &#8220;1\/3&#8221; El_class = &#8220;Filaplayas&#8221;] [\/vc_column] [vc_column width = &#8220;1\/3&#8221; El_class = &#8220;Filaplayas&#8221; el_id = &#8220;Port des Torrent&#8221;] [vc_single_image image= &#8220;47570&#8221; img_size = &#8220;full&#8221;] [vc_column_text El_class = &#8220;.conelanteriorreducido&#8221;] <a href=\"https:\/port-des-torrent\/\">Port des Torrent<\/a> [\/vc_column_text] [vc_column_text] <\/p>\n<p style=\"text-align: center;\" >In einer sehr nahen Gegend, wieder in der N\u00e4he von San Antonio, finden wir Port Des Torrent, eine <strong>tiefe Bucht<\/strong> , die uns f\u00fcr ihren Schutz und seine Plattformen auf beiden Seiten \u00fcberrascht.<\/p>\n<p> [\/vc_column_text] [\/vc_column] [vc_column width = &#8220;1\/3&#8221; El_class = &#8220;Filaplayas&#8221;] [\/vc_column] [\/vc_row] [vc_row full_width = &#8220;Stretch_row&#8221; css = &#8220;.vc_custom_1539804160222 {padding-top: 30px !important; padding-bottom: 60px !important; Background-color:#1b7f47 !important; Background-Position: center !important; Background-Wiederholung: No-Wieder-Wiederholungs-Bedeutung; background-size: Cover !important;} &#8220;] [vc_column] [vc_custom_heading text = &#8220;Kulturtourismus in Sant Josep de Sa Talaia&#8221; font_container = &#8220;tag:H2|font_size: 40px|text_align: center|color:#FFFFFF|line_height: 48px&#8221; use_theme_fonts = &#8220;yes&#8221; ] [vc_custom_heading text = &#8220;Wir zeigen Ihnen einige Orte von kulturellem Interesse, die Sie bei Ihrem Besuch in Sant Josep&#8221; font_container = &#8220;Tag nicht verpassen sollten: P|font_size: 24px|text_align: center|color:#ffff&#8221; use_theme_fonts = &#8220;yes&#8221;] [\/vc_column] [\/vc_row] [vc_row] [vc_column width = &#8220;1\/3&#8221;] [vc_single_image image= &#8220;46760&#8221; img_size = &#8220;full&#8221;] [vc_column_text El_class = &#8220;.conelanteriorreducido&#8221;] <a href=\"https:\/guia-de-turismo-de-ibiza-cultural-y-natural\/guia-turismo-sant-josep-ibiza\/iglesia-de-sant-josep-o-san-jose\/\">Kirche Sant Josep<\/a> [\/vc_column_text] [vc_column_text] <\/p>\n<h2 style=\"text-align: center;\" >Kirche Sant Josep<\/h2>\n<p style=\"text-align: center;\" >In einer spektakul\u00e4ren Struktur finden zahlreiche religi\u00f6se Feste in der Gemeinde statt.<\/p>\n<p> [\/vc_column_text] [\/vc_column] [vc_column width = &#8220;1\/3&#8221;] [vc_single_image image= &#8220;46604&#8221; img_size = &#8220;full&#8221;] [vc_column_text El_class = &#8220;.conelanteriorreducido&#8221;] <a href=\"https:\/guia-de-turismo-de-ibiza-cultural-y-natural\/guia-turismo-sant-josep-ibiza\/guia-de-turismo-de-san-agustin-o-sant-agusi-des-vedra\/torre-de-comte-o-torre-den-rovira\/\">Torre de Comte<\/a> [\/vc_column_text] [vc_column_text] <\/p>\n<h2 style=\"text-align: center;\" >Torre de Comte<\/h2>\n<p style=\"text-align: center;\" >Ein altes Verteidigungshaus, das heute einen spektakul\u00e4ren Blick auf den Westen der Insel bietet.<\/p>\n<p> [\/vc_column_text] [\/vc_column] [vc_column width = &#8220;1\/3&#8221;] [vc_single_image image= &#8220;46634&#8221; img_size = &#8220;full&#8221;] [vc_column_text El_class = &#8220;.conelanteriorreducido&#8221;] <a href=\"https:\/guia-de-turismo-de-ibiza-cultural-y-natural\/guia-turismo-sant-josep-ibiza\/guia-de-turismo-de-san-francisco-o-sant-francesc-destany\/ses-paises-de-cala-dhort\/\">Ses Pa\u00efses<\/a> [\/vc_column_text] [vc_column_text] <\/p>\n<h2 style=\"text-align: center;\" >Ses paises de Cala D &#8216; Hort<\/h2>\n<p style=\"text-align: center;\" >Ein mystischer Ort, neben einer Altstadt, mit einer sehr eigent\u00fcmlichen geistlichen Luft.<\/p>\n<p> [\/vc_column_text] [\/vc_column] [\/vc_row] [vc_row full_width = &#8220;Stretch_row&#8221; css = &#8220;.vc_custom_1540877850287 {background-color: Rgba (255,153, 0, 0.6) !important; * background-color: RGB (255, 153, 0) !important;}&#8221;]  [vc_column] [vc_column_text] <\/p>\n<p class=\"size24\" style=\"text-align: center;\"><span style=\"color:#ffffff;\" >Der Teil der Str\u00e4nde und Buchten von Sant JOSEP wird mit der Patenschaft der <a style=\"color:#ffffff;\" href=\"https:\/\/disenowebibiza.soloibiza.com\/\">Designer auf Ibiza durchgef\u00fchrt<\/a><\/span><\/p>\n<p> [\/vc_column_text] [\/vc_column] [\/vc_row] <\/p>\n<\/div>","protected":false},"excerpt":{"rendered":"<p>[vc_row] [vc_column width = &#8220;2\/3&#8221;] [vc_column_text] Str\u00e4nde und Buchten von San Jose Die Str\u00e4nde von Sant Josep de Sa Talaia oder San Jos\u00e9erstrecken sich vom S\u00fcden der Insel bis zum Westen. Es ist eine der gr\u00f6\u00dften Gemeinden der Insel, und wirtschaftlich der wichtigste. Etwa neun Kilometer von Ibizaentfernt hat diese Gemeinde eine Fl\u00e4che von fast [&hellip;]<\/p>\n","protected":false},"author":1,"featured_media":45740,"parent":0,"menu_order":0,"comment_status":"closed","ping_status":"closed","template":"","meta":{"_acf_changed":false,"footnotes":""},"class_list":["post-51460","page","type-page","status-publish","has-post-thumbnail","hentry"],"acf":[],"_links":{"self":[{"href":"https:\/\/soloibiza.com\/de\/wp-json\/wp\/v2\/pages\/51460","targetHints":{"allow":["GET"]}}],"collection":[{"href":"https:\/\/soloibiza.com\/de\/wp-json\/wp\/v2\/pages"}],"about":[{"href":"https:\/\/soloibiza.com\/de\/wp-json\/wp\/v2\/types\/page"}],"author":[{"embeddable":true,"href":"https:\/\/soloibiza.com\/de\/wp-json\/wp\/v2\/users\/1"}],"replies":[{"embeddable":true,"href":"https:\/\/soloibiza.com\/de\/wp-json\/wp\/v2\/comments?post=51460"}],"version-history":[{"count":1,"href":"https:\/\/soloibiza.com\/de\/wp-json\/wp\/v2\/pages\/51460\/revisions"}],"predecessor-version":[{"id":66746,"href":"https:\/\/soloibiza.com\/de\/wp-json\/wp\/v2\/pages\/51460\/revisions\/66746"}],"wp:featuredmedia":[{"embeddable":true,"href":"https:\/\/soloibiza.com\/de\/wp-json\/wp\/v2\/media\/45740"}],"wp:attachment":[{"href":"https:\/\/soloibiza.com\/de\/wp-json\/wp\/v2\/media?parent=51460"}],"curies":[{"name":"wp","href":"https:\/\/api.w.org\/{rel}","templated":true}]}}