{"id":53847,"date":"2019-04-13T11:05:41","date_gmt":"2019-04-13T09:05:41","guid":{"rendered":"https:\/?page_id=53847"},"modified":"2019-04-13T11:05:41","modified_gmt":"2019-04-13T09:05:41","slug":"catedral-deivissa","status":"publish","type":"page","link":"https:\/\/soloibiza.com\/ca\/guia-de-turisme-cultural-i-natural-deivissa\/guia-de-la-ciutat-deivissa\/catedral-deivissa\/","title":{"rendered":"Catedral d&#8217;Eivissa"},"content":{"rendered":"<div class=\"wpb-content-wrapper\"><p> [vc_row full_width = &#8220;stretch_row&#8221; parallax = &#8220;content-moving-fade&#8221; css = &#8220;.vc_custom_1544988920380 {padding-top: 20px !important; Padding-Bottom: 60px !important; background-image: url(http:\/\/soloibiza.com\/wp-content\/uploads\/2018\/12\/Catedral-de-Ibiza.jpg?id=46670) !important;}&#8221;] [vc_column] [vc_custom_heading text = &#8220;catedral d&#8217;Eivissa. Dominant la ciutat &#8221; font_container =&#8221;tag:H1|text_align:center|color:#ffffff&#8221; use_theme_fonts =&#8221;yes&#8221;] [vc_custom_heading text =&#8221; dominant la ciutat d&#8217;Eivissa, trobem la catedral d&#8217;Eivissa, una impressi\u00f3 \u00fanica. &#8221; font_container =&#8221; Tag: P|font_size: 24px|Text_align: centre|color:#ffffff&#8221; use_theme_fonts =&#8221;yes&#8221;] [\/vc_column] [\/vc_row] [vc_row] [vc_column width =&#8221; 1\/3 &#8220;] [vc_column_text] <\/p>\n<div class=\"entry clearfloat\">\n<div class=\"texto\"> Una de les estampes m\u00e9s conegudes de tots els visitants d&#8217; <strong>Eivissa<\/strong>, \u00e9s la majestuosa imatge de la <strong>catedral<\/strong> coronant l&#8217;entrada al port. Visible des de pr\u00e0cticament qualsevol punt del poble, el temple es troba dins del recinte emmurallat i s&#8217;hi pot accedir des del carrer de la Universitat o pel carrer Major. La hist\u00f2ria d&#8217;aquest preci\u00f3s edifici tal i com el coneixem avui comen\u00e7a en 1235, despr\u00e9s de la conquesta de les tropes cristianes, l&#8217;esgl\u00e9sia de Santa Maria es construeix a la mesquita de Yebisah en honor a Santa Mar\u00eda la Mayor o la nostra Senyora de les neus , per ser el padr\u00ed m\u00e9s proper dels Sants a la data de la conquesta. <\/div><\/div>\n<p> [\/vc_column_text] [\/vc_column] [vc_column width = &#8220;2\/3&#8221;] [vc_single_image Image = &#8220;46670&#8221; img_size = &#8220;full&#8221;] [\/vc_column] [\/vc_row] [vc_row] [vc_column] [vc_column_text] <\/p>\n<h2 class=\"title\" >Culte a la hist\u00f2ria<\/h2>\n<div class=\"entry clearfloat\">\n<div class=\"texto\"> Durant el segle XIV, es va ampliar amb la construcci\u00f3 del campanar i de les capelles de Sant Jaume, Sant Miquel, Santa Tecla i Sant Antoni, Sant Joan i Sant Pere i Sant Pau. La resta de les capelles corresponen al segle XVI, aix\u00ed com la porta principal d&#8217;acc\u00e9s. Ja en 1817, es converteix en la <strong>catedral d&#8217;Eivissa<\/strong>, prenent possessi\u00f3 Felipe Gonzalez Abarca, encara que el primer bisbe va ser Manuel Abad i sierra en 1782, per\u00f2 l&#8217;estat de ru\u00efna de l&#8217;esgl\u00e9sia no va permetre consagrar fins un segle despr\u00e9s. L&#8217;entrada principal de l&#8217;edifici es troba a la pla\u00e7a. Podem observar un antic rellotge de vidre al campanar i una imatge de la mare de D\u00e9u a la porta d&#8217;acc\u00e9s. A la part superior s\u00f3n visibles les muralles que divideixen la nau principal en capelles. La majoria de visitants es queda amb aquesta visi\u00f3 de l&#8217;edifici, per\u00f2, us recomanem envoltar el campanar, primer per les vistes que trobareu, i en segon lloc perqu\u00e8 poden veure perfectament les vidrieres que donen llum a l&#8217;altar i donen una imatge molt diferent del temple. Un lloc perfecte per veure aquesta zona \u00e9s just als afores del Museu Arqueol\u00f2gic. L&#8217;interior de l&#8217;edifici pot costar alguna cosa m\u00e9s per veure, ja que tot i que el seu horari de visites oficial comen\u00e7a a les deu al mat\u00ed, les portes no obren uns dies i altres tampoc. Et recomanem que facis la teva visita els diumenges. <\/div><\/div>\n<p> [\/vc_column_text] [\/vc_column] [\/vc_row] [vc_row] [vc_column] [vc_gmaps link=&#8221;#E-8_JTNDaWZyYW1lJTIwc3JjJTNEJTIyaHR0cHMlM0ElMkYlMkZ3d3cuZ29vZ2xlLmNvbSUyRm1hcHMlMkZlbWJlZCUzRnBiJTNEJTIxMW0xOCUyMTFtMTIlMjExbTMlMjExZDIxMzkuNzU2NzAwNzI0NzQzNSUyMTJkMS40MzYzMzM4ODM2OTExNTU3JTIxM2QzOC45MDYyNTk0OTgzMzU5JTIxMm0zJTIxMWYwJTIxMmYwJTIxM2YwJTIxM20yJTIxMWkxMDI0JTIxMmk3NjglMjE0ZjEzLjElMjEzbTMlMjExbTIlMjExczB4MTI5OTQ2YjFjOTNhZWU4NyUyNTNBMHg0MzAxYzNkMTIxZWMyYjQyJTIxMnNPYmlzcGFkbyUyQmRlJTJCSWJpemElMjE1ZTElMjEzbTIlMjExc2VzJTIxMnNlcyUyMTR2MTU0NDk4NDM0MzkzNyUyMiUyMHdpZHRoJTNEJTIyNjAwJTIyJTIwaGVpZ2h0JTNEJTIyNDUwJTIyJTIwZnJhbWVib3JkZXIlM0QlMjIwJTIyJTIwc3R5bGUlM0QlMjJib3JkZXIlM0EwJTIyJTIwYWxsb3dmdWxsc2NyZWVuJTNFJTNDJTJGaWZyYW1lJTNF&#8221;] [\/vc_column] [\/vc_row] [vc_row full_width =&#8221;stretch_row&#8221; css =&#8221;.vc_custom_1539804160222 {encoixinat-Top: 30px !important; padding-bottom: 60px !important; background-color:#1b7f47 !important; background-position: centre !important; background-repeat: no-repeat !important; fons-mida: Cover !important;} &#8220;] [vc_column] [vc_custom_heading text = &#8220;Altres llocs per descobrir en l&#8217;entorn de la catedral d&#8217;Eivissa&#8221; font_container = &#8220;tag:h2|font_size:40px|text_align:center|color:%23ffff| line_height:48px&#8221; use_theme_fonts = &#8220;yes&#8221;] [vc_custom_heading text = &#8220;La catedral \u00e9s l&#8217;epicentre cultural des de la qual s&#8217;accedeix a llocs d&#8217;inter\u00e8s cultural&#8221; font_container = &#8220;tag:p|font_size:24px|text_align:center|23ffffff de color: % use_theme_fonts = &#8220;yes&#8221;] [\/vc_column] [\/vc_row] [vc_row] [vc_column width= &#8220;1\/3&#8221;] [vc_single_image image = &#8220;46862&#8221; img_size = &#8220;full&#8221; onclick = &#8220;custom_link&#8221; enlla\u00e7 = &#8220;https:\/guia-de-turismo-de-ibiza-cultural-y-natural\/guia-de-turismo-de-la-ciudad-de-ibiza\/museo-arqueologico-de-ibiza\/&#8221;] [vc_column_text] <\/p>\n<h2 style=\"text-align: center;\" >Museu Arqueol\u00f2gic d&#8217;Eivissa a 23 metres<\/h2>\n<p style=\"text-align: center;\" >Si us agrada la mitologia, visiteu el Museu Arqueol\u00f2gic d&#8217;Eivissa, m\u00e9s que no pas una obligaci\u00f3, \u00e9s un compte pendent.<\/p>\n<p> [\/vc_column_text] [\/vc_column] [vc_column width = &#8220;1\/3&#8221;] [vc_single_image Image = &#8220;46832&#8221; img_size = &#8220;full&#8221; onclick = &#8220;custom_link&#8221; enlla\u00e7 = &#8220;https:\/guia-de-turismo-de-ibiza-cultural-y-natural\/guia-de-turismo-de-la-ciudad-de-ibiza\/madina-yabisa-lugares-de-interes-cultura-en-ibiza\/&#8221; ] [vc_column_text] <\/p>\n<h2 style=\"text-align: center;\" >Madina Yabisa a 48 metres<\/h2>\n<p style=\"text-align: center;\" >Madina Yabisa va ser el nom que va rebre Eivissa durant l&#8217;\u00e8poca musulmana.<\/p>\n<p> [\/vc_column_text] [\/vc_column] [vc_column width = &#8220;1\/3&#8221;] [vc_single_image Image = &#8220;46868&#8221; img_size = &#8220;full&#8221; onclick = &#8220;custom_link&#8221; Link = &#8220;https:\/guia-de-turismo-de-ibiza-cultural-y-natural\/guia-de-turismo-de-la-ciudad-de-ibiza\/museo-de-arte-contemporaneo-ibiza\/&#8221;] [vc_column_text] <\/p>\n<h2 style=\"text-align: center;\" >Museu d&#8217;art contemporani d&#8217;Eivissa<\/h2>\n<p style=\"text-align: center;\" >El Museu d&#8217;art contemporani d&#8217;Eivissa (MACE) es troba a la zona de Dalt Vila, ocupant la sala d&#8217;armes.<\/p>\n<p> [\/vc_column_text] [\/vc_column] [\/vc_row] [vc_row full_width = &#8220;stretch_row&#8221; css = &#8220;.vc_custom_1539804160222 {Padding-Top: 30px !important; padding-bottom: 60px !important; background-color:#1b7f47 !important; background-position: centre !important; background-repeat: no-repeat !important; background-repeat: no-repeat !important;} &#8220;] [vc_column] [vc_custom_heading text = &#8220;altres llocs per descobrir a l&#8217;entorn de la catedral d&#8217;Eivissa&#8221; font_container = &#8220;tag:H2|font_size: 40px|text_align:center|color:#FFFFFF|line_height: 48px&#8221; use_theme_fonts = &#8220;yes&#8221;] [\/vc_column] [\/vc_row] [vc_row] [vc_column width = &#8220;1\/3&#8221;] [vc_single_image Image = &#8220;46856&#8221; img_size = &#8220;full&#8221; onclick = &#8220;custom_link&#8221; Link = &#8220;https:\/guia-de-turismo-de-ibiza-cultural-y-natural\/guia-de-turismo-de-la-ciudad-de-ibiza\/&#8221;] [vc_column_text] <\/p>\n<h2 style=\"text-align: center;\" >Eivissa<\/h2>\n<p style=\"text-align: center;\" >El turisme a Eivissa va venir de la m\u00e0 del sol, la festa i la platja.<\/p>\n<p> [\/vc_column_text] [\/vc_column] [vc_column width = &#8220;1\/3&#8221;] [vc_single_image Image = &#8220;46940&#8221; img_size = &#8220;full&#8221; onclick = &#8220;custom_link&#8221; Link = &#8220;https:\/guia-de-turismo-de-ibiza-cultural-y-natural\/guia-turismo-santa-eulalia-ibiza\/guia-de-turismo-de-puig-den-valls\/&#8221;] [vc_column_text] <\/p>\n<h2 style=\"text-align: center;\" >Puig den Valls a 2 km<\/h2>\n<p style=\"text-align: center;\" >Puig d&#8217;en valls est\u00e0 situat a l&#8217;extrem sud del municipi de Santa Eul\u00e0ria, vorejant el municipi d&#8217;Eivissa.<\/p>\n<p> [\/vc_column_text] [\/vc_column] [vc_column width = &#8220;1\/3&#8221;] [vc_single_image Image = &#8220;46826&#8221; img_size = &#8220;full&#8221; onclick = &#8220;custom_link&#8221; Link = &#8220;https:\/guia-de-turismo-de-ibiza-cultural-y-natural\/guia-turismo-santa-eulalia-ibiza\/guia-de-turismo-de-jesus\/&#8221;] [vc_column_text] <\/p>\n<h2 style=\"text-align: center;\" >A 3 km de Jes\u00fas<\/h2>\n<p style=\"text-align: center;\" >Jes\u00fas \u00e9s una de les parr\u00f2quies del municipi de Santa Eul\u00e1ria, vorejant la ciutat d&#8217;Eivissa.<\/p>\n<p> [\/vc_column_text] [\/vc_column] [\/vc_row] [vc_row full_width = &#8220;stretch_row&#8221; css = &#8220;.vc_custom_1540877850287 {background-color: RGBA(255,153,0,0.6) !important; * background-color:RGB(255,153,0) !important;}&#8221;] [vc_column] [vc_custom_heading text = &#8220;platges prop de la catedral d&#8217;Eivissa&#8221; font_container = &#8220;tag:H2|text_align:center|color:#ffffff&#8221; use_theme_fonts = &#8220;yes&#8221; el_id = &#8220;platges de la ciutat d&#8217;Eivissa&#8221;] [vc_column_text] <\/p>\n<p style=\"text-align: center;\"><span style=\"color:#ffffff; font-size: 18px;\">Al costat de la pla\u00e7a de la catedral, podrem gaudir de les vistes a les <a style=\"color:#ffffff; font-size: 18px;\" href=\"https:\/playas-de-ibiza-ciudad-o-eivissa\/\">platges de la ciutat d&#8217;Eivissa<\/a>.<\/span><\/p>\n<p> [\/vc_column_text] [\/vc_column] [\/vc_row] [vc_row el_id = &#8220;Figueretes&#8221;] [vc_column width = &#8220;1\/3&#8221; El_class = &#8220;Filaplayas&#8221; el_id = &#8220;platja d&#8217;en bossa&#8221;] [vc_single_image Image = &#8220;47608&#8221; img_size = &#8220;full&#8221;] [vc_column_text El_class = &#8220;.conelanteriorreducido&#8221;] <a href=\"https:\/playa-den-bossa\/\">P.<\/a>d&#8217;en Bossa [\/vc_column_text] [vc_column_text] parlar de platja d&#8217;en Bossa \u00e9s parlar d&#8217;un dels llocs m\u00e9s coneguts de l&#8217;illa d&#8217;Eivissa. [\/vc_column_text] [\/vc_column] [vc_column width = &#8220;1\/3&#8221; El_class = &#8220;Filaplayas&#8221; el_id = &#8220;Talamanca&#8221;] [vc_single_image Image = &#8220;47470&#8221; img_size = &#8220;full&#8221;] [vc_column_text El_class = &#8220;.conelanteriorreducido&#8221;] <a href=\"https:\/figueretas\/\">Figueretes<\/a> [\/vc_column_text] [vc_column_text] <\/p>\n<p style=\"text-align: center;\" >La platja de ses Figueretes, o platja de Figueretes est\u00e0 situada al nucli urb\u00e0 d&#8217;Eivissa.<\/p>\n<p> [\/vc_column_text] [\/vc_column] [vc_column width = &#8220;1\/3&#8221; El_class = &#8220;Filaplayas&#8221;] [vc_single_image Image = &#8220;47515&#8221; img_size = &#8220;full&#8221;] [vc_column_text El_class = &#8220;.conelanteriorreducido&#8221;] <a href=\"https:\/talamanca\/\">Talamanca<\/a> [\/vc_column_text] [vc_column_text] <\/p>\n<p style=\"text-align: center;\" >Una de les millors platges urbanes que podem gaudir es troba a la platja de Talamanca.<\/p>\n<p> [\/vc_column_text] [\/vc_column] [\/vc_row] <\/p>\n<\/div>","protected":false},"excerpt":{"rendered":"<p>[vc_row full_width = &#8220;stretch_row&#8221; parallax = &#8220;content-moving-fade&#8221; css = &#8220;.vc_custom_1544988920380 {padding-top: 20px !important; Padding-Bottom: 60px !important; background-image: url(http:\/\/soloibiza.com\/wp-content\/uploads\/2018\/12\/Catedral-de-Ibiza.jpg?id=46670) !important;}&#8221;] [vc_column] [vc_custom_heading text = &#8220;catedral d&#8217;Eivissa. Dominant la ciutat &#8221; font_container =&#8221;tag:H1|text_align:center|color:#ffffff&#8221; use_theme_fonts =&#8221;yes&#8221;] [vc_custom_heading text =&#8221; dominant la ciutat d&#8217;Eivissa, trobem la catedral d&#8217;Eivissa, una impressi\u00f3 \u00fanica. &#8221; font_container =&#8221; Tag: P|font_size: 24px|Text_align: centre|color:#ffffff&#8221; use_theme_fonts [&hellip;]<\/p>\n","protected":false},"author":1,"featured_media":0,"parent":53783,"menu_order":0,"comment_status":"closed","ping_status":"closed","template":"","meta":{"_acf_changed":false,"footnotes":""},"class_list":["post-53847","page","type-page","status-publish","hentry"],"acf":[],"_links":{"self":[{"href":"https:\/\/soloibiza.com\/ca\/wp-json\/wp\/v2\/pages\/53847","targetHints":{"allow":["GET"]}}],"collection":[{"href":"https:\/\/soloibiza.com\/ca\/wp-json\/wp\/v2\/pages"}],"about":[{"href":"https:\/\/soloibiza.com\/ca\/wp-json\/wp\/v2\/types\/page"}],"author":[{"embeddable":true,"href":"https:\/\/soloibiza.com\/ca\/wp-json\/wp\/v2\/users\/1"}],"replies":[{"embeddable":true,"href":"https:\/\/soloibiza.com\/ca\/wp-json\/wp\/v2\/comments?post=53847"}],"version-history":[{"count":0,"href":"https:\/\/soloibiza.com\/ca\/wp-json\/wp\/v2\/pages\/53847\/revisions"}],"up":[{"embeddable":true,"href":"https:\/\/soloibiza.com\/ca\/wp-json\/wp\/v2\/pages\/53783"}],"wp:attachment":[{"href":"https:\/\/soloibiza.com\/ca\/wp-json\/wp\/v2\/media?parent=53847"}],"curies":[{"name":"wp","href":"https:\/\/api.w.org\/{rel}","templated":true}]}}