{"id":53783,"date":"2019-04-09T20:51:20","date_gmt":"2019-04-09T18:51:20","guid":{"rendered":"https:\/?page_id=53783"},"modified":"2019-04-10T07:01:57","modified_gmt":"2019-04-10T05:01:57","slug":"guia-de-la-ciutat-deivissa","status":"publish","type":"page","link":"https:\/\/soloibiza.com\/ca\/guia-de-turisme-cultural-i-natural-deivissa\/guia-de-la-ciutat-deivissa\/","title":{"rendered":"Guia de la ciutat d&#8217;Eivissa"},"content":{"rendered":"<div class=\"wpb-content-wrapper\"><p>[vc_row full_width=&#8221;stretch_row&#8221; parallax=&#8221;content-moving-fade&#8221; css=&#8221;.vc_custom_1540700829932{padding-top: 20px !important;padding-bottom: 60px !important;background-image: url(http:\/\/soloibiza.com\/wp-content\/uploads\/2018\/10\/guia-turismo-ibiza-ciudad.jpg?id=44532) !important;background-position: center;background-repeat: no-repeat !important;background-size: cover !important;}&#8221;] [vc_column] [vc_custom_heading text = &#8220;Guia tur\u00edstica d&#8217;Eivissa o Eivissa&#8221; font_container = &#8220;tag:H1|text_align:center|color:#ffffff&#8221; use_theme_fonts = &#8220;yes&#8221;] [vc_custom_heading text = &#8220;descobrim la ciutat d&#8217;Eivissa, o Eivissa, fent un recorregut pels racons m\u00e9s interessants i no et pots perdre la teva visita a la ciutat.&#8221; font_container = &#8220;Tag:P|font_size: 24px|text_align:center|color:#FFFFFF&#8221; use_theme_fonts = &#8220;yes&#8221;] [\/vc_column] [\/vc_row] [vc_row] [vc_column width = &#8220;2\/3&#8221;] [vc_column_text]<\/p>\n<div class=\"entry clearfloat\">\n<div class=\"texto\"><strong>Turisme a Eivissa<\/strong> va venir de la m\u00e0 del sol, la festa i la platja. Hi ha infinitat de platges i <a title=\"Calas de Ibiza\" href=\"https:\/playas-calas-ibiza\/\">cales d&#8217;Eivissa<\/a>, algunes nom\u00e9s accessibles amb barca, que conformen tota l&#8217;extensi\u00f3 del litoral mar\u00edtim. La primera onada de <strong>turistes <\/strong>va venir amb la intenci\u00f3 de gaudir d&#8217;un parad\u00eds a la Mediterr\u00e0nia. Al mateix temps van arribar, van trobar un lloc on viure i expressar lliurement, un m\u00f3n en el qual es cantava la llibertat i la natura. Va ser l&#8217;inici d&#8217;una altra<strong> Eivissa tur\u00edstica<\/strong>. Les antigues terrasses, llocs de trobada del m\u00f3n hippy, es convertien en els majors centres d&#8217;oci nocturn del m\u00f3n, fins al punt de marcar els inicis i el final de la temporada tur\u00edstica. Per\u00f2 quan es van comen\u00e7ar a escur\u00e7ar les temporades, per tenir major compet\u00e8ncia dins i fora d&#8217;Europa, els ingressos tur\u00edstics van deixar de ser suficients, i, gr\u00e0cies a aix\u00f2, vam comen\u00e7ar a descobrir un tresor que sense estar amagat, va quedar oblidat. S&#8217;obriren noves possibilitats a <strong>Eivissa. Turisme cultural <\/strong>, que ho diria aix\u00ed. I el m\u00e9s incre\u00efble, \u00e9s que la riquesa de l&#8217;illa s&#8217;havia d&#8217;assignar a la humanitat, de manera que, per primera vegada en la seva llarga hist\u00f2ria, adquireixi el valor que mereixia.<\/div>\n<\/div>\n<h2 class=\"title\">Visitant la ciutat d&#8217;Eivissa<\/h2>\n<div class=\"entry clearfloat\">\n<div class=\"texto\">Quan arribes a <a title=\"Ibiza\" href=\"https:\/\">Eivissa<\/a>, ja sigui per mar, terra o aire, el turista obt\u00e9 el segell de l&#8217;enorme fortificaci\u00f3 emmurallada que domina l&#8217;horitz\u00f3. Dalt Vila, inici d&#8217;una gira de l&#8217;\u00e8poca medieval, es troba omnipresent a la vall principal de la ciutat. L&#8217;Acr\u00f2polis millor conservada del Mediterrani, ens ofereix una ruta \u00fanica que comen\u00e7a a la porta de ses taules i acaba al peu de la catedral.<\/div>\n<\/div>\n<p>[\/vc_column_text] [\/vc_column] [vc_column width = &#8220;1\/3&#8221;] [vc_single_image Image = &#8220;44532&#8221; img_size = &#8220;full&#8221;] [\/vc_column] [\/vc_row] [vc_row] [vc_column] [vc_column_text]<\/p>\n<h3>Tresors de la ciutat d&#8217;Eivissa<\/h3>\n<p>En el cam\u00ed, escenaris que han estat a tot el m\u00f3n estampat en postals eternes. El pati d&#8217;armes, els sis baluards de la muralla, amb les seves espectaculars vistes. Els ermites de Sant Cir\u00edaco o l&#8217;esgl\u00e9sia de Santo Domingo han estat llocs de pelegrinatge per la sensaci\u00f3 d&#8217;un poble que ha sabut preservar les seves tradicions m\u00e9s singulars. Els edificis del <strong>Museu Arqueol\u00f2gic<\/strong> o <strong>Medina Yabisa<\/strong>, erigits a les muralles \u00e0rabs m\u00e9s antigues, s\u00f3n un exemple clar de com la ciutat d&#8217; <em>Eivissa<\/em> ha sobreviscut. Al final del nostre recorregut per l&#8217;edat mitjana, podem viatjar una mica m\u00e9s enrere en el temps. La <strong>Necr\u00f2polis p\u00fanica des Puig des Molins<\/strong>, que tamb\u00e9 va declarar patrimoni de la Humanitat a prendre en consideraci\u00f3 s&#8217;obre una porta al passat, amb el Museu com a principal exponent del seu descobriment. Aclaparadora almenys les tombes visitants potser, algun avantpassat. Per deixar Turisme hist\u00f2ric i visita a la <strong>pla\u00e7a del parc<\/strong> est\u00e0 obligat punt de trobada per a la inspiraci\u00f3 m\u00e9s actual a la ciutat d&#8217;Eivissa. Terrasses tranquil\u00b7les que alleujar el refugi de l&#8217;hivern fred o calor d&#8217;estiu. Al seu costat, el passeig de Vara de rei ret homenatge al poble, amb molts actes i celebracions. No hi ha res m\u00e9s a la ciutat. B\u00e9, una cosa que hem de. La nostra pr\u00f2pia \u00e0nima de turistes i la vida nocturna del port. Perqu\u00e8 ja som aqu\u00ed, veure un somriure de qualsevol nacionalitat de sortir la cercavila, \u00e9s la millor publicitat que pot ser un <strong>turista Ibiza<\/strong> . [\/vc_column_text] [\/vc_column] [\/vc_row] [vc_row full_width = &#8220;stretch_row&#8221; css= &#8220;.vc_custom_1539804160222 {padding-top: 30px !important, padding-bottom: 60px !important;background-color:#1b7f47 !important; background-position: center !important; background-repeat: no-repeat!important;background-size: cover !important;} &#8220;] [vc_column] [vc_custom_heading text = &#8220;Eivissa, patrimoni de la humanitat&#8221; font_container = &#8220;tag:h2|font_size:40px|text_align:center|color:%23ffff| line_height:48px&#8221; use_theme_fonts = &#8220;yes&#8221;] [vc_custom_heading text = &#8221; la ruta m\u00e9s important d&#8217;Eivissa \u00e9s probablement dins seu hist\u00f2ric conegut com a Dalt Vila. Ara ens ajudar\u00e0 a descobrir it &#8221; font_container =&#8221; tag: p|font_size:24px|text_align:center|color:%23ffff&#8221; use_theme_fonts =&#8221;yes&#8221;] [\/vc_column] [\/vc_row] [vc_row] [vc_column width=&#8221; 1\/3 &#8220;] [vc_single_image image =&#8221;46856&#8243; img_size =&#8221;full&#8221;] [vc_column_text El_class = &#8220;.conelanteriorreducido&#8221;]<a href=\"https:\/guia-de-turismo-de-ibiza-cultural-y-natural\/guia-de-turismo-de-la-ciudad-de-ibiza\/murallas-de-ibiza-la-historia\/\">parets<\/a>[\/vc_column_text] [vc_column_text]<\/p>\n<h2 style=\"text-align: center;\">Les muralles de Dalt Vila<\/h2>\n<p style=\"text-align: center;\">Passeja per les muralles de la <strong>ciutat emmurallada<\/strong> i gaudeix d&#8217;unes vistes realment incre\u00efbles. Un passeig per la hist\u00f2ria amb una perspectiva \u00fanica.<\/p>\n<p>[\/vc_column_text] [\/vc_column] [vc_column width = &#8220;1\/3&#8221;] [vc_single_image Image = &#8220;46670&#8221; img_size = &#8220;full&#8221;] [vc_column_text El_class = &#8220;.conelanteriorreducido&#8221;] <a href=\"https:\/guia-de-turismo-de-ibiza-cultural-y-natural\/guia-de-turismo-de-la-ciudad-de-ibiza\/catedral-de-ibiza\/\">Cathedral<\/a> [\/vc_column_text] [vc_column_text]<\/p>\n<h2 style=\"text-align: center;\">Catedral d&#8217;Eivissa<\/h2>\n<p style=\"text-align: center;\">Coronant la ciutat, trobem el perfil de la <strong>catedral<\/strong> a l&#8217;horitz\u00f3. Una imatge emblem\u00e0tica que es converteix en un color especial en les vacances.<\/p>\n<p>[\/vc_column_text] [\/vc_column] [vc_column width = &#8220;1\/3&#8221;] [vc_single_image Image = &#8220;46640&#8221; img_size = &#8220;full&#8221;] [vc_column_text El_class = &#8220;.conelanteriorreducido&#8221;] <a href=\"https:\/guia-de-turismo-de-ibiza-cultural-y-natural\/guia-de-turismo-de-la-ciudad-de-ibiza\/baluarte-de-sant-pere-historia-y-cultura\/\">Baluarte S. Pere<\/a> [\/vc_column_text] [vc_column_text]<\/p>\n<h2 style=\"text-align: center;\">Baluard de Sant Pere<\/h2>\n<p style=\"text-align: center;\">Entre els racons m\u00e9s populars de la muralla trobem aquest petit <strong>Baluard defensiu<\/strong> que avui acull nombrosos esdeveniments culturals.<\/p>\n<p>[\/vc_column_text] [\/vc_column] [\/vc_row] [vc_row] [vc_column width = &#8220;1\/3&#8221;] [vc_single_image Image = &#8220;46862&#8221; img_size = &#8220;full&#8221;] [vc_column_text El_class = &#8220;.conelanteriorreducido&#8221;] <a href=\"https:\/guia-de-turismo-de-ibiza-cultural-y-natural\/guia-de-turismo-de-la-ciudad-de-ibiza\/museo-arqueologico-de-ibiza\/\">M. arqueol\u00f2gica<\/a> [\/vc_column_text] [vc_column_text]<\/p>\n<h2 style=\"text-align: center;\">Museu Arqueol\u00f2gic<\/h2>\n<p style=\"text-align: center;\">Un museu que ens introdueix a la hist\u00f2ria i tamb\u00e9 dins de les pr\u00f2pies muralles, on descobrirem els tresors m\u00e9s incre\u00efbles.<\/p>\n<p>[\/vc_column_text] [\/vc_column] [vc_column width = &#8220;1\/3&#8221;] [vc_single_image Image = &#8220;46814&#8221; img_size = &#8220;full&#8221;] [vc_column_text El_class = &#8220;.conelanteriorreducido&#8221;] <a href=\"https:\/guia-de-turismo-de-ibiza-cultural-y-natural\/guia-de-turismo-de-la-ciudad-de-ibiza\/iglesia-del-convento\/\">I. del Convento<\/a>[\/vc_column_text] [vc_column_text]<\/p>\n<h2 style=\"text-align: center;\">Esgl\u00e9sia del convent<\/h2>\n<p style=\"text-align: center;\">Des de la seva remodelaci\u00f3 despr\u00e9s de la destrucci\u00f3 per una explosi\u00f3 de la revista de p\u00f3lvora, aquesta esgl\u00e9sia ha estat la pres\u00f3, l&#8217;escola i l&#8217;Hospital.<\/p>\n<p>[\/vc_column_text] [\/vc_column] [vc_column width = &#8220;1\/3&#8221;] [vc_single_image Image = &#8220;46850&#8221; img_size = &#8220;full&#8221;] [vc_column_text El_class = &#8220;.conelanteriorreducido&#8221;] <a href=\"https:\/guia-de-turismo-de-ibiza-cultural-y-natural\/guia-de-turismo-de-la-ciudad-de-ibiza\/monasterio-de-san-cristofol\/\">Monastery<\/a> [\/vc_column_text] [vc_column_text]<\/p>\n<h2 style=\"text-align: center;\">Monestir de Sant Cristofol<\/h2>\n<p style=\"text-align: center;\">Les monges que habiten aquest convent s\u00f3n famoses pels seus dol\u00e7os i <strong>artesans<\/strong>tradicionals. Un plaer per al gust.<\/p>\n<p>[\/vc_column_text] [\/vc_column] [\/vc_row] [vc_row] [vc_column width = &#8220;1\/3&#8221;] [vc_single_image Image = &#8220;46892&#8221; img_size = &#8220;full&#8221;] [vc_column_text El_class = &#8220;.conelanteriorreducido&#8221;] <a href=\"https:\/guia-de-turismo-de-ibiza-cultural-y-natural\/guia-de-turismo-de-la-ciudad-de-ibiza\/museo-puig-des-molins\/\">Puig des Molins<\/a> [\/vc_column_text] [vc_column_text]<\/p>\n<h2 style=\"text-align: center;\">Museu Puig des Molins<\/h2>\n<p style=\"text-align: center;\">Situat en restes fen\u00edcies i P\u00fariques, aquest museu ens permet fer un recorregut per la <strong>necr\u00f2polis<\/strong> a la qual deu el seu nom.<\/p>\n<p>[\/vc_column_text] [\/vc_column] [vc_column width = &#8220;1\/3&#8221;] [vc_single_image Image = &#8220;46886&#8221; img_size = &#8220;full&#8221;] [vc_column_text El_class = &#8220;.conelanteriorreducido&#8221;] <a href=\"https:\/guia-de-turismo-de-ibiza-cultural-y-natural\/guia-de-turismo-de-la-ciudad-de-ibiza\/museo-puget-la-pintura-al-servicio-de-la-historia\/\">Puget Museum<\/a> [\/vc_column_text] [vc_column_text]<\/p>\n<h2 style=\"text-align: center;\">Museu Puget<\/h2>\n<p style=\"text-align: center;\">Una visita art\u00edstica a Eivissa en els segles XIX i XX. Un Museu d&#8217;\u00e0mbit privat en un <strong>edifici espectacular<\/strong>.<\/p>\n<p>[\/vc_column_text] [\/vc_column] [vc_column width = &#8220;1\/3&#8221;] [vc_single_image Image = &#8220;46832&#8221; img_size = &#8220;full&#8221;] [vc_column_text El_class = &#8220;.conelanteriorreducido&#8221;] <a href=\"https:\/guia-de-turismo-de-ibiza-cultural-y-natural\/guia-de-turismo-de-la-ciudad-de-ibiza\/madina-yabisa-lugares-de-interes-cultura-en-ibiza\/\">Madina Yabisa<\/a> [\/vc_column_text] [vc_column_text]<\/p>\n<h2 style=\"text-align: center;\">La medina<\/h2>\n<p style=\"text-align: center;\">Un recorregut audiovisual per la <strong>hist\u00f2ria de l&#8217;illa<\/strong>, amb interessants informacions sobre la hist\u00f2ria de Dalt Vila.<\/p>\n<p>[\/vc_column_text] [\/vc_column] [\/vc_row] [vc_row] [vc_column width = &#8220;1\/6&#8221;] [\/vc_column] [vc_column width = &#8220;1\/3&#8221;] [vc_single_image Image = &#8220;46820&#8221; img_size = &#8220;full&#8221;] [vc_column_text El_class = &#8220;.conelanteriorreducido&#8221;] <a href=\"https:\/guia-de-turismo-de-ibiza-cultural-y-natural\/guia-de-turismo-de-la-ciudad-de-ibiza\/iglesias-de-ibiza\/\">Esgl\u00e9sies d&#8217;Eivissa<\/a> [\/vc_column_text] [vc_column_text]<\/p>\n<h2 style=\"text-align: center;\">Esgl\u00e9sies d&#8217;Eivissa<\/h2>\n<p style=\"text-align: center;\">Un recorregut per les esgl\u00e9sies de l&#8217;illa, des de les m\u00e9s petites i acollidores fins a les grans <strong>fortificacions<\/strong>.<\/p>\n<p>[\/vc_column_text] [\/vc_column] [vc_column width = &#8220;1\/3&#8221;] [vc_single_image Image = &#8220;46868&#8221; img_size = &#8220;full&#8221;] [vc_column_text El_class = &#8220;.conelanteriorreducido&#8221;] <a href=\"https:\/guia-de-turismo-de-ibiza-cultural-y-natural\/guia-de-turismo-de-la-ciudad-de-ibiza\/museo-de-arte-contemporaneo-ibiza\/\">MACE<\/a> [\/vc_column_text] [vc_column_text]<\/p>\n<h2 style=\"text-align: center;\">Museu d&#8217;art contemporani<\/h2>\n<p style=\"text-align: center;\">Reubicat a la part alta de la ciutat, aquest museu acull exposicions temporals i <strong>col\u00b7leccions permanents<\/strong>.<\/p>\n<p>[\/vc_column_text] [\/vc_column] [vc_column width = &#8220;1\/6&#8221;] [\/vc_column] [\/vc_row] [vc_row full_width = &#8220;stretch_row&#8221; css = &#8220;.vc_custom_1539928959405 {Padding-Top: 20px !important; padding-bottom: 20px !important; background-color:#1b7f47 !important;}&#8221;] [vc_column] [vc_custom_heading text = &#8220;m\u00e9s llocs d&#8217;inter\u00e8s&#8221; font_container = &#8220;tag:H2|text_align:center|color:#ffffff&#8221; use_theme_fonts = &#8220;yes&#8221;] [vc_custom_heading text = &#8220;Si teniu un cotxe de lloguer podeu visitar aquestes altres ciutats amb atraccions tur\u00edstiques&#8221; font_container = &#8220;tag:p|font_size:24px|text_align:center|23ffffff de color: % use_theme_fonts = &#8220;yes&#8221; link=&#8221;url:https%3A\/\/alquilercochesibiza.soloibiza.com|||&#8221;] [vc_row_inner css = &#8220;.vc_custom_1539926670780 {margin-top: 20px !important;}&#8221;] [vc_column_inner width= &#8220;1\/4&#8221;] [vc_btn title = &#8220;Santa Eul\u00e0lia&#8221; style= &#8220;classic&#8221; color = &#8220;default&#8221; align=&#8221;center&#8221; link= &#8220;url: https % 3A % 2F % 2F www.soloibiza.com\/guia-de-turismo-de-ibiza-cultural-y-natural\/guia-turismo-santa-eulalia-ibiza\/&#8221;] [\/vc_column_inner] [vc_column_inner width= &#8220;1\/4&#8221;] [vc_btn title = &#8220;San Antonio&#8221; style = &#8220;classic&#8221; color = &#8220;default&#8221; align=&#8221;center&#8221; link= &#8220;url:https%3A\/guia-de-turismo-de-ibiza-cultural-y-natural\/guia-de-turismo-de-sant-antoni\/&#8221;] [\/vc_column_inner] [vc_column_inner width= &#8220;1\/4&#8221;] [vc_btn title = &#8220;San Jos\u00e9&#8221; style= &#8220;classic&#8221; color = &#8220;default&#8221; align=&#8221;center&#8221; link= &#8220;url: https%3A\/guia-de-turismo-de-ibiza-cultural-y-natural\/guia-turismo-sant-josep-ibiza\/&#8221;] [\/vc_column_inner] [vc_column_inner width= &#8220;1\/4&#8221;] [vc_btn title = &#8220;San Juan&#8221; style = &#8220;classic&#8221; color = &#8220;default&#8221; align=&#8221;center&#8221; link = &#8220;url: https%3A\/guia-de-turismo-de-ibiza-cultural-y-natural\/guia-turismo-sant-joan-ibiza\/&#8221;] [\/vc_column_inner] [\/vc_row_inner] [\/vc_column] [\/vc_row] [vc_row class = &#8220;filaplayas&#8221;] [vc_column width= &#8220;1\/3&#8221;] [vc_single_image image = &#8220;47515&#8221; img_size = &#8220;full&#8221;] [vc_column_text el_class = &#8220;.conelanteriorreducido&#8221;] <a href=\"https:\/talamanca\/\">Talamanca<\/a> [\/vc_column_text] [vc_column_text]<\/p>\n<h2 style=\"text-align: center;\">Talamanca<\/h2>\n<p style=\"text-align: center;\">Una platja espectacular molt freq\u00fcentada a l&#8217;estiu i a l&#8217;hivern. El seu entorn mariner i el seu <strong>enclavament natural<\/strong> s\u00f3n el seu secret.<\/p>\n<p>[\/vc_column_text] [\/vc_column] [vc_column width = &#8220;1\/3&#8221;] [vc_single_image Image = &#8220;47470&#8221; img_size = &#8220;full&#8221;] [vc_column_text El_class = &#8220;.conelanteriorreducido&#8221;] <a href=\"https:\/figueretas\/\">Figueretas<\/a> [\/vc_column_text] [vc_column_text]<\/p>\n<h2 style=\"text-align: center;\">Figueretes<\/h2>\n<p style=\"text-align: center;\">La <strong>platja m\u00e9s urbana d&#8217;Eivissa<\/strong>, \u00e0mpliament coneguda i un lloc perfecte per gaudir del mar i la ciutat.<\/p>\n<p>[\/vc_column_text] [\/vc_column] [vc_column width = &#8220;1\/3&#8221;] [vc_single_image Image = &#8220;47608&#8221; img_size = &#8220;full&#8221;] [vc_column_text El_class = &#8220;.conelanteriorreducido&#8221;] <a href=\"https:\/playa-den-bossa\/\">P.<\/a>d&#8217;en Bossa [\/vc_column_text] [vc_column_text]<\/p>\n<h2 style=\"text-align: center;\">Platja d&#8217;en Bossa<\/h2>\n<p style=\"text-align: center;\">Una platja per a dos municipis amb <strong>ambients<\/strong> molt diferents. Descobreix els m\u00e9s coneguts de la zona d&#8217;Eivissa.<\/p>\n<p>[\/vc_column_text] [\/vc_column] [\/vc_row] [vc_row full_width = &#8220;stretch_row&#8221; css = &#8220;.vc_custom_1539810191369 {background-color:#1b7f47 !important;}&#8221;] [vc_column] [vc_column_text css_animation = &#8220;fadeIn&#8221; El_class = &#8220;. Size24&#8221;]<\/p>\n<p class=\"size24\" style=\"text-align: center;\"><span style=\"color: #ffffff;\">La secci\u00f3 de guies tur\u00edstics d&#8217;Eivissa ciutat est\u00e0 patrocinada per<\/span> <a href=\"https:\/\/disenowebibiza.soloibiza.com\/\"> <span style=\"color: #ffffff;\">Disseny web a Eivissa<\/span> <\/a><\/p>\n<p>[\/vc_column_text] [\/vc_column] [\/vc_row] [vc_row el_class = &#8220;Columna3&#8221;] [vc_column] [vc_custom_heading text = &#8220;festes a la ciutat d&#8217;Eivissa&#8221; use_theme_fonts = &#8220;yes&#8221;] [rt_list_style]<\/p>\n<ul>\n<li><strong>Concert d&#8217;any nou<\/strong> El gener de Can Breezy<\/li>\n<li><strong>Carnestoltes<\/strong> Isidor Macabich-Avda Espanya febrer<\/li>\n<li><strong>Process\u00f3 de Pasqua<\/strong> Dalt Vila March<\/li>\n<li><strong>Ruta de la sal regata<\/strong> Marina Botafoch mar\u00e7<\/li>\n<li><strong>Pla\u00e7a d&#8217;art (Fira<\/strong> de l&#8217;artesania) Bast\u00f3 de marxa de rei<\/li>\n<li><strong>Dia del llibre <\/strong>23 d&#8217;abril<\/li>\n<li><strong>Eivissa medieval<\/strong> El Dalt Vila Mayo<\/li>\n<li><strong>Recital po\u00e8tic<\/strong> Claustre de l&#8217;Ajuntament de juny<\/li>\n<li><strong>Noche de San Juan (fogueres)<\/strong> Distribu\u00eft per Eivissa 23 juny<\/li>\n<li><strong>Madonna del Carmen<\/strong> La Marina i Puerto Julio<\/li>\n<li><strong>Concurs internacional de jazz<\/strong> Parc Reina Sof\u00eda<\/li>\n<li><strong>Estiu jove<\/strong> Recinte firal de juliol<\/li>\n<li><strong>Festivals de terra<\/strong> Santa Mar\u00eda agost 5<\/li>\n<li><strong>Festivals de terra<\/strong> Sant Salvador 6 d&#8217;agost<\/li>\n<li><strong>Festivals de terra<\/strong> Sant Ciriac agost 8<\/li>\n<li><strong>Fira andalusa<\/strong> Recinte firal de setembre<\/li>\n<li><strong>Concurs de curtmetratges Elektrozine<\/strong> Can Windy cultural centre de setembre<\/li>\n<li><strong>Concurs de moda AdLib<\/strong> Setembre<\/li>\n<li><strong>Home by ferro<\/strong> Octubre<\/li>\n<li><strong>Quadriatl\u00f3n internacional<\/strong> Octubre<\/li>\n<li><strong>Milla urbana de l&#8217;illa d&#8217;Eivissa<\/strong> Octubre<\/li>\n<li><strong>Can Windy Mostra de teatre<\/strong> Can vent\u00f3s a l&#8217;octubre<\/li>\n<li><strong>Sal\u00f3<\/strong> Recinte firal de novembre<\/li>\n<li><strong>Partit contra el c\u00e0ncer<\/strong> Recinte firal de novembre<\/li>\n<li><strong>Concert de Santa Cecilia<\/strong> Can vent\u00f3s novembre<\/li>\n<li><strong>Sant Esteve. Mercat de puces i festes de Nadal <\/strong>a peu canya del rei 26 de desembre<\/li>\n<\/ul>\n<p>[\/rt_list_style] [\/vc_column] [\/vc_row] [vc_row] [vc_column] [vc_column_text]<\/p>\n<h2 class=\"title\">L\u00ednies d&#8217;autobusos<\/h2>\n<h3><b>L\u00ednia 3 Eivissa-Sant Rafel-Sant Antoni<\/b><\/h3>\n<p>Policia Municipal-Ses pa\u00efses-Can Guillemo-S \u0301 olivera-sa caixa-cooperativa hotelera-Can Begot-Can pertone-Sant Rafel-Club Sant Rafel<\/p>\n<p style=\"text-align: left;\" align=\"right\"><a title=\"\" href=\"https:\/autobuses-de-ibiza-lineas-y-horarios\/autobus-linea-3-san-antonio-san-rafael-ibiza\/\">M\u00e9s informaci\u00f3<\/a><\/p>\n<h3><b>L\u00ednia 8 Eivissa-Sant Josep-Sant Antoni<\/b><\/h3>\n<p>Eivissa-cases Baraes-Can Bellotera-cova Santa-Sant Josep-Sant Agust\u00ed-Sant Antoni<\/p>\n<p style=\"text-align: left;\" align=\"right\"><a title=\"\" href=\"https:\/autobuses-de-ibiza-lineas-y-horarios\/autobuses-linea-8-sant-antoni-sant-josep-ibiza\/\">M\u00e9s informaci\u00f3<\/a><\/p>\n<h3><b>L\u00ednia 10 Eivissa-Sant Jordi-aeroport<\/b><\/h3>\n<p>I. Macabich-C. Del pais valenci\u00e0-cases Baraes-rotonda platja d den Bossa-Can Fomis-avidesa\/Camy-aeroport-la Ponderosa-S \u0301 olivera-Sant Jordi-Can codi-R. Figueretes-Av. Espanya-Vara de Rey-port-estaci\u00f3 mar\u00edtima de Formentera-Av.de Bartolom\u00e9 Rosell\u00f3-Eivissa<\/p>\n<p style=\"text-align: left;\" align=\"right\"><a title=\"\" href=\"https:\/autobuses-de-ibiza-lineas-y-horarios\/autobuses-linea-l10-ibiza-aeropuerto\/\">M\u00e9s informaci\u00f3<\/a><\/p>\n<h3><b>L\u00ednia 10 B Eivissa-platja d den Bossa-aeroport<\/b><\/h3>\n<p>Eivissa (Isidoro Macabich)-C. del pais valenci\u00e0-Can Fomis-Avidessa\/Camy-aeroport-la Ponderosa-S \u0301 olivera-llis-H. Bahames-H. Don Toni-es daus-bar Xumeu-H. Algarb-H. Mare Nostrum-H. Goleta-Maacosta-rotunda Ses Figueretes-Av. Espanya-Vara de King-port-estaci\u00f3 mar\u00ed<\/p>\n<p style=\"text-align: left;\" align=\"right\"><a title=\"\" href=\"https:\/autobuses-de-ibiza-lineas-y-horarios\/autobuses-linea-l10-ibiza-aeropuerto\/\">M\u00e9s informaci\u00f3<\/a><\/p>\n<h3><b>L\u00ednia 11 Eivissa-Sant Jordi-Ses Salines<\/b><\/h3>\n<p>Eivissa-avinguda Espanya-Can SIFRE-Sant Jordi-Can Tixedor-Sant Francesc-Ses Salines-sa caixa-illa blanca-creuament Platja den Bossa-cases barats-avinguda Isidor Macabich-Eivissa<\/p>\n<p style=\"text-align: left;\" align=\"right\"><a title=\"\" href=\"https:\/autobuses-de-ibiza-lineas-y-horarios\/autobuses-linea-l11-ibiza-sant-jordi-ses-salines\/\">M\u00e9s informaci\u00f3<\/a><\/p>\n<h3><b>L\u00ednia 12 A (circular)-Eivissa-Puig d&#8217;en valls-Jes\u00fas-Eivissa<\/b><\/h3>\n<p>Isidor Macabich-port-Club Na\u00fatic-rotonda-Pacha-Av. 8d\u00c1gost-Marina Botafoc-H. Playa real-H. Victoria-Ses Torres Baixas-Jes\u00fas (Ses Pitreres)-Jes\u00fas (Arguimbau)-Jes\u00fas (S&#8217;esgl\u00e9sia)-la Guarderia de la f\u00e0brica Jes\u00fas-mobles-Puig d den Valls (aljub)-Puig D \u0301 A Valls (C<\/p>\n<p style=\"text-align: left;\" align=\"right\"><a title=\"\" href=\"https:\/autobuses-de-ibiza-lineas-y-horarios\/autobus-linea-12a-ibiza-hospital-can-misses-puig-den-valls-jesus-talamanca-marina-botafoch-puerto\/\">M\u00e9s informaci\u00f3<\/a><\/p>\n<h3><b>L\u00ednia 12 B (circular)-Eivissa-Jes\u00fas-Puig den valls-Eivissa<\/b><\/h3>\n<p>Isidor Macabich-port-Club Na\u00fatic-rotonda-Pacha-Av. 8 d \u0301Agost-H. Playa real-H. Victoria-cap Martinet-H. vict\u00f2ries-Ses Torres Baixas-Jes\u00fas (Ses Pitreres)-Jes\u00fas (Arguimbau)-Jes\u00fas (S&#8217;esgl\u00e9sia)-la Guarderia de Jes\u00fas-f\u00e0brica de mobles-Puig d den Valls (Can Cisterna)-Puig<\/p>\n<p style=\"text-align: left;\" align=\"right\"><a title=\"\" href=\"https:\/autobuses-de-ibiza-lineas-y-horarios\/autobus-linea-l12b-ibiza-puerto-marina-botafoch-puerto-ferrys-talamanca-cap-martinet-jesus\/\">M\u00e9s informaci\u00f3<\/a><\/p>\n<h3><b>L\u00ednia 13 Eivissa-Santa Eul\u00e0ria<\/b><\/h3>\n<p>Santa Eul\u00e0ria-Can Mar\u00e7\u00e0-Ca na negreta-Eivissa-Instituto Santa Maria-Can Xiquet pou-Can Mosson-Santa Eul\u00e0ria<\/p>\n<p style=\"text-align: left;\" align=\"right\"><a title=\"\" href=\"https:\/autobuses-de-ibiza-lineas-y-horarios\/autobus-l13-ibiza-santa-eulalia\/\">M\u00e9s informaci\u00f3<\/a><\/p>\n<h3><b>L\u00ednia 14 Eivissa-Can Misses-Platja den Bossa<\/b><\/h3>\n<p>Eivissa (Isidor Macabich)-Hospital Can Misses \u2013 Can Misses (piscina)-Av. d \u0301Ignaci Wallis-Instituto Santa Maria-Eivissa (Isidoro Macabich)-MC. Donals-centre de salut es Viver-H. Club Palladium-H. Bahames-H. Don Toni-es daus-<\/p>\n<p style=\"text-align: left;\" align=\"right\"><a title=\"\" href=\"https:\/autobuses-de-ibiza-lineas-y-horarios\/bus-l14-eivissa-platja-den-bossa\/\">M\u00e9s informaci\u00f3<\/a><\/p>\n<h3><b>L\u00ednia 15 Eivissa-Jes\u00fas-Cala Llonga<\/b><\/h3>\n<p>Eivissa-Jes\u00fas-Roca Llisa-Cala Llonga-sa Encumbered-Can Fornet-Ses Pitreres-Eivissa<\/p>\n<p style=\"text-align: left;\" align=\"right\"><a title=\"\" href=\"https:\/autobuses-de-ibiza-lineas-y-horarios\/autobus-linea-l15-ibiza-jesus-cala-llonga\/\">M\u00e9s informaci\u00f3<\/a><\/p>\n<h3><b>L\u00ednia 20 Eivissa-Sant Joan-Cala de Sant Vicent-Portinatx<\/b><\/h3>\n<p>Eivissa-Can Mosson-Ca na Smith-Sant Joan-Portinatx-Can Mossonet-Can vinyes-Eivissa<\/p>\n<p style=\"text-align: left;\" align=\"right\"><a title=\"\" href=\"https:\/autobuses-de-ibiza-lineas-y-horarios\/autobus-linea-20a-ibiza-san-lorenzo-san-juan-portinatx\/\">M\u00e9s informaci\u00f3<\/a><\/p>\n<h3><b>L\u00ednia 25 Eivissa-Santa Gertrudis-Sant Miquel<\/b><\/h3>\n<p>Eivissa-Santa Gertrudis-Sant Miquel<\/p>\n<p style=\"text-align: left;\" align=\"right\"><a title=\"\" href=\"https:\/autobuses-de-ibiza-lineas-y-horarios\/autobus-linea-l25a-ibiza-puerto-de-san-miguel\/\">M\u00e9s informaci\u00f3<\/a><\/p>\n<h3><b>L\u00ednia 26 Eivissa-Sant Josep-Cala vedella<\/b><\/h3>\n<p>Eivissa-Sant Jordi-cova Santa-Cova Santa-Can Pep xica-Can Verger-Cala vedella-Sant Josep-Can Puvil-la Ponderosa-cases barats<\/p>\n<p style=\"text-align: left;\" align=\"right\"><a title=\"\" href=\"https:\/autobuses-de-ibiza-lineas-y-horarios\/autobus-linea-l26-san-jose-cala-vadella\/\">M\u00e9s informaci\u00f3<\/a><\/p>\n<h3><b>L\u00ednia 30 Eivissa-Santa Agn\u00e8s-Sant Antoni-Santa Agn\u00e8s<\/b><\/h3>\n<p>Eivissa-taller Torres-cru\u00eflla cor de Jesus-es Puig-Hip\u00f2drom-Can Mosson-bassa Roja-Ses Marrades-Santa Agn\u00e8s-cas Ferrer-Can Tixed\u00f3-ca n \u0301Agust\u00ed-Sant Rafel-S&#8217;hort nou-creu d den marge-torrent-fusteria-Eivissa<\/p>\n<p style=\"text-align: left;\" align=\"right\"><a title=\"\" href=\"https:\/autobuses-de-ibiza-lineas-y-horarios\/autobus-linea-l30-san-antonio-santa-ines-ibiza\/\">M\u00e9s informaci\u00f3<\/a><\/p>\n<h3><b>L\u00ednia 33 Eivissa-Sant MATEU<\/b><\/h3>\n<p>Eivissa-Sant Mateu<\/p>\n<p style=\"text-align: left;\" align=\"right\"><a title=\"\" href=\"https:\/autobuses-de-ibiza-lineas-y-horarios\/autobus-linea-33-san-mateo-ibiza\/\">M\u00e9s informaci\u00f3<\/a><\/p>\n<h3><b>L\u00ednia 35 Eivissa-Can Misses-sa maroca-Sant Jordi<\/b><\/h3>\n<p>Eivissa-H. Can Misses-Can Pereira-pot fita (preso)-Can many\u00e0-bar Sa Rocato-Can Bellotera-Can sord-botiga Can Ribas-S. Jordi (pla\u00e7a de S. Josep-Super sa compra-Can Guerxo-Can Noguera-es Torrent-camp Club-Ca na Perica-Can SIFRE-bar Isidro-pou de cas mut<\/p>\n<p style=\"text-align: left;\" align=\"right\"><a title=\"\" href=\"https:\/autobuses-de-ibiza-lineas-y-horarios\/autobus-linea-l35-ibiza-can-misses-sa-carroca-san-jorge\/\">M\u00e9s informaci\u00f3<\/a><\/p>\n<h3><b>L\u00ednia 38 Eivissa-Sant Josep-Cala Tarida<\/b><\/h3>\n<p>Eivissa-cases Baraes-Can many\u00e0-Can Puvil-Sant Josep-S \u0301 partar-platja Tarida-Cala Tarida-la sirena-Tarida Playa-Can Verger-Can Pep xica-cova Santa-Can Bellotera-Av. d \u0301Espanya-Eivissa<\/p>\n<p style=\"text-align: left;\" align=\"right\"><a title=\"\" href=\"https:\/autobuses-de-ibiza-lineas-y-horarios\/autobus-linea-l38-cala-tarida-san-jose-ibiza\/\">M\u00e9s informaci\u00f3<\/a><\/p>\n<h3><b>L\u00ednia 42 Eivissa-platja d den Bossa-Sant Josep-es Cubells<\/b><\/h3>\n<p>Eivissa-platja d den Bossa-Sant Josep-es Cubells<\/p>\n<p style=\"text-align: left;\" align=\"right\"><a title=\"\" href=\"https:\/autobuses-de-ibiza-lineas-y-horarios\/autobus-linea-l42-es-cubells-san-jose\/\">M\u00e9s informaci\u00f3<\/a><\/p>\n<h3><b>L\u00ednia 45 canya de rei-Dalt Vila-Avda. 8 d&#8217;agost-ca n \u0301Escandell-cas serres<\/b><\/h3>\n<p>Eivisssa-port-Dalt Vila-Vara de Rey-Av. d \u0301Espanya-Av. d \u0301Espanya (Creu Roja)-cas serres (Auditori)-cas serres (Colegio)-cases Baraes-ca n \u0301Escandell-Multiplex cinemes-Can Misses-Eivissa<\/p>\n<p style=\"text-align: left;\" align=\"right\"><a title=\"\" href=\"https:\/autobuses-de-ibiza-lineas-y-horarios\/autobus-linea-l45-vara-de-rey-dalt-vila-can-misses-casas-baratas-cas-serres\/\">M\u00e9s informaci\u00f3<\/a><\/p>\n<p>[\/vc_column_text] [\/vc_column] [\/vc_row] [vc_row] [vc_column] [vc_basic_grid Post_type = &#8220;missatge&#8221; Max_items = &#8220;3&#8221; grid_id = &#8220;vc_gid: 1552497343127-EFFB84BF-30a4-8&#8221; taxonomies = &#8220;637&#8221;] [\/vc_column] [\/vc_row]<\/p>\n<\/div>","protected":false},"excerpt":{"rendered":"<p>[vc_row full_width=&#8221;stretch_row&#8221; parallax=&#8221;content-moving-fade&#8221; css=&#8221;.vc_custom_1540700829932{padding-top: 20px !important;padding-bottom: 60px !important;background-image: url(http:\/\/soloibiza.com\/wp-content\/uploads\/2018\/10\/guia-turismo-ibiza-ciudad.jpg?id=44532) !important;background-position: center;background-repeat: no-repeat !important;background-size: cover !important;}&#8221;] [vc_column] [vc_custom_heading text = &#8220;Guia tur\u00edstica d&#8217;Eivissa o Eivissa&#8221; font_container = &#8220;tag:H1|text_align:center|color:#ffffff&#8221; use_theme_fonts = &#8220;yes&#8221;] [vc_custom_heading text = &#8220;descobrim la ciutat d&#8217;Eivissa, o Eivissa, fent un recorregut pels racons m\u00e9s interessants i no et pots perdre la teva visita a [&hellip;]<\/p>\n","protected":false},"author":1,"featured_media":44537,"parent":53781,"menu_order":0,"comment_status":"closed","ping_status":"closed","template":"","meta":{"_acf_changed":false,"footnotes":""},"class_list":["post-53783","page","type-page","status-publish","has-post-thumbnail","hentry"],"acf":[],"_links":{"self":[{"href":"https:\/\/soloibiza.com\/ca\/wp-json\/wp\/v2\/pages\/53783","targetHints":{"allow":["GET"]}}],"collection":[{"href":"https:\/\/soloibiza.com\/ca\/wp-json\/wp\/v2\/pages"}],"about":[{"href":"https:\/\/soloibiza.com\/ca\/wp-json\/wp\/v2\/types\/page"}],"author":[{"embeddable":true,"href":"https:\/\/soloibiza.com\/ca\/wp-json\/wp\/v2\/users\/1"}],"replies":[{"embeddable":true,"href":"https:\/\/soloibiza.com\/ca\/wp-json\/wp\/v2\/comments?post=53783"}],"version-history":[{"count":0,"href":"https:\/\/soloibiza.com\/ca\/wp-json\/wp\/v2\/pages\/53783\/revisions"}],"up":[{"embeddable":true,"href":"https:\/\/soloibiza.com\/ca\/wp-json\/wp\/v2\/pages\/53781"}],"wp:featuredmedia":[{"embeddable":true,"href":"https:\/\/soloibiza.com\/ca\/wp-json\/wp\/v2\/media\/44537"}],"wp:attachment":[{"href":"https:\/\/soloibiza.com\/ca\/wp-json\/wp\/v2\/media?parent=53783"}],"curies":[{"name":"wp","href":"https:\/\/api.w.org\/{rel}","templated":true}]}}