{"id":51969,"date":"2019-03-10T11:50:21","date_gmt":"2019-03-10T10:50:21","guid":{"rendered":"https:\/?page_id=51969"},"modified":"2019-03-10T17:42:33","modified_gmt":"2019-03-10T16:42:33","slug":"calo-de-salga-es-reco-de-salga","status":"publish","type":"page","link":"https:\/\/soloibiza.com\/ca\/calo-de-salga-es-reco-de-salga\/","title":{"rendered":"Cal\u00f3 de s&#8217;alga. Es rec\u00f3 de s&#8217;alga"},"content":{"rendered":"<div class=\"wpb-content-wrapper\"><p> [vc_row full_width = &#8220;stretch_row&#8221; parallax = &#8220;content-moving-fade&#8221; css = &#8220;.vc_custom_1545901029025 {padding-top: 20px !important; Padding-Bottom: 60px !important; background-image: url(http:\/\/soloibiza.com\/wp-content\/uploads\/2018\/12\/Calo-de-s-alga.jpg?id=47602) !important;}&#8221;] [vc_column] [vc_custom_heading text = &#8220;Cal\u00f3 de s&#8217;alga. &#8220;Una dif\u00edcil de trobar cantonada per\u00f2 bonic i tranquil \u2022 litat.&#8221; font_container = &#8220;tag:h1|text_align:center|color: %23ffffff&#8221; use_theme_fonts = &#8220;yes&#8221;] [vc_custom_heading text = &#8220;algues Cal\u00f3 de S&#8217; \u00e9s una petita platja de Santa Eulalia, dins el municipi, per\u00f2 que hi ha que accedir a trav\u00e9s de carrerons. &#8221; font_container =&#8221; tag:p|font_size:24px|text_align:center|color:%23ffff&#8221; use_theme_fonts =&#8221;yes&#8221;] [\/vc_column] [\/vc_row] [vc_row] [vc_column width=&#8221; 2\/3 &#8220;] [vc_row_inner] [vc_column_inner] [\/vc_column_inner] [\/vc_row_inner] [vc_single_image image = &#8220;47602&#8221; img_size = &#8220;full&#8221;] [vc_column_text] un curi\u00f3s platja que es poden trobar <strong>a la finca de la Siesta, a Santa Eul\u00e0lia del riu<\/strong>. Acc\u00e9s amb cotxe dif\u00edcil, pel laberint de carrers en direcci\u00f3 prohibida, Cal\u00f3 de <strong>S&#8217;Alga<\/strong> est\u00e0 situat al final de la finca. No \u00e9s una platja molt conegut, per qu\u00e8 vost\u00e8 no trobar\u00e0 molta gent. Observar aquestes instruccions. Al seu torn a la carretera de Santa Eul\u00e0lia de migdiada. No deixar el cam\u00ed fins a trobar el segon carrer passat a l&#8217;esquerra abans de pedra a la dreta la carretera. Avall cap a la platja, i, quan es passa una corba a l&#8217;esquerra, trobareu un petit cam\u00ed a la dreta amb un gran pendent. \u00c9s la \u00fanica manera d&#8217;arribar amb cotxe. Si ets a peu, es recomana no que accedeixes amb carros o persones amb mobilitat redu\u00efda. [\/vc_column_text] [\/vc_column] [vc_column width= &#8220;1\/3&#8243;] [vc_gmaps link=&#8221;#E-8_JTNDaWZyYW1lJTIwc3JjJTNEJTIyaHR0cHMlM0ElMkYlMkZ3d3cuZ29vZ2xlLmNvbSUyRm1hcHMlMkZlbWJlZCUzRnBiJTNEJTIxMW0xOCUyMTFtMTIlMjExbTMlMjExZDEyNDA3LjA4NDI0MTg1OTQ3MyUyMTJkMS41MjI2NDYxNDQ0OTc3MjUzJTIxM2QzOC45NzQ4OTUzMDQ2NDU2NSUyMTJtMyUyMTFmMCUyMTJmMCUyMTNmMCUyMTNtMiUyMTFpMTAyNCUyMTJpNzY4JTIxNGYxMy4xJTIxM20zJTIxMW0yJTIxMXMweDEyOTk2YWIyNjNjYzZjNWYlMjUzQTB4Mzc5YjMyNzM2MGQ4NWZkNiUyMTJzQ2FsJTI1QzMlMjVCMyUyQmRlJTJCcyUyNiUyMzM5JTNCQWxnYSUyMTVlMCUyMTNtMiUyMTFzZXMlMjEyc2VzJTIxNHYxNTQ1OTAwNjk4NDc1JTIyJTIwd2lkdGglM0QlMjI2MDAlMjIlMjBoZWlnaHQlM0QlMjI0NTAlMjIlMjBmcmFtZWJvcmRlciUzRCUyMjAlMjIlMjBzdHlsZSUzRCUyMmJvcmRlciUzQTAlMjIlMjBhbGxvd2Z1bGxzY3JlZW4lM0UlM0MlMkZpZnJhbWUlM0U=&#8221;] [vc_custom_heading text = &#8216;Serveis Addicionals&#8217; font_container =&#8221; tag: h3|text_align:center|color:%23ffff&#8221; use_theme_fonts =&#8221;yes&#8221; css =&#8221;.vc_custom_1540662764537 {margin-bottom: 30px !important; background-color:#f3ad2a !important;} &#8220;] [vc_row_inner gap= &#8220;30&#8221;] [vc_column_inner width= &#8220;1\/3&#8221;] [vc_icon icon_hubbleicons = &#8220;icono-sun-bath&#8221; color = &#8220;custom&#8221; size = &#8220;xl&#8221; text_align=&#8221;centre&#8221; icons_reach_icons = &#8220;Icon-Beach-1&#8221; custom_color = &#8220;#f1ae28&#8221;] [vc_column_text] <\/p>\n<p style=\"text-align: center;\"><span style=\"color:#f3ad2a;\"><strong >Paraig\u00fces<\/strong><\/span><\/p>\n<p> [\/vc_column_text] [\/vc_column_inner] [vc_column_inner width = &#8220;1\/3&#8221;] [vc_icon icon_hubbleicons = &#8220;icono-relax-5&#8221; color = &#8220;custom&#8221; size = &#8220;xl&#8221; align = &#8220;Center&#8221; icons_reach_icons = &#8220;Icon-Beach-1&#8221; custom_color = &#8220;#f1ae28&#8221;] [vc_column_text] <\/p>\n<p style=\"text-align: center;\"><span style=\"color:#f3ad2a;\"><strong >Hamaques<\/strong><\/span><\/p>\n<p> [\/vc_column_text] [\/vc_column_inner] [vc_column_inner width = &#8220;1\/3&#8221;] [vc_icon icon_hubbleicons = &#8220;icono-parking&#8221; color = &#8220;custom&#8221; size = &#8220;xl&#8221; align = &#8220;Center&#8221; icons_reach_icons = &#8220;Icon-Beach-1&#8221; custom_color = &#8220;#f1ae28&#8221;] [vc_column_text] <\/p>\n<p style=\"text-align: center;\"><span style=\"color:#f3ad2a;\"><strong >Aparcament<\/strong><\/span><\/p>\n<p> [\/vc_column_text] [\/vc_column_inner] [\/vc_row_inner] [vc_row_inner Gap = &#8220;30&#8221;] [vc_column_inner width = &#8220;1\/3&#8221;] [\/vc_column_inner] [vc_column_inner width = &#8220;1\/3&#8221;] [\/vc_column_inner] [vc_column_inner width = &#8220;1\/3&#8221;] [\/vc_column_inner] [\/vc_row_inner] [\/vc_column] [\/vc_row] [vc_row] [vc_column] [vc_column_text] <\/p>\n<div class=\"entry clearfloat\">\n<h2 id=\"t2\" class=\"title\" >Entre el nucli urb\u00e0 i el natural<\/h2>\n<div class=\"entry clearfloat\"> La <strong>platja del Cal\u00f3 de s&#8217;alga<\/strong>, tamb\u00e9 coneguda com<strong> rac\u00f3 de s&#8217;alga<\/strong>, t\u00e9 uns cent metres de llargada durant uns vint anys. La traducci\u00f3 literal indica la Cala, o cantonada, de les algues. I aquests abunden en el paisatge submar\u00ed. A la part dreta, trobem un embarcador marcant el final de la zona de bany. Despr\u00e9s d&#8217;ell la costa puja una mica, per\u00f2 no gaire, donant lloc a curioses formacions rocoses. Aix\u00f2, juntament amb el fons mar\u00ed, <strong>fan que sigui molt prop\u00edcia per al busseig superficial<\/strong>. El costat oposat de la platja est\u00e0 acabat d&#8217;una manera una mica curiosa. El formig\u00f3 ha creat un moll real en el qual embarcar-se i fins i tot per atracar un petit vaixell. Denses una mica <strong>de s&#8217;alga<\/strong> per\u00f2 pot ser molt \u00fatil per a aquells que no els agrada la sorra. <\/div><\/div>\n<p> [\/vc_column_text] [\/vc_column] [\/vc_row] [vc_row full_width = &#8220;stretch_row&#8221; css = &#8220;.vc_custom_1540634055579 {Padding-Top: 30px !important; padding-bottom: 60px !important; background-color:#f1ae28 !important; background-position: centre !important; background-repeat: no-repeat !important; background-mida: Cover !important;} &#8220;] [vc_column] [vc_custom_heading text = &#8220;l\u00ednies de bus a Cal\u00f3 de s&#8217;alga&#8221; font_container = &#8220;Tag: H2|font_size: 40px|text_align:center|color:#FFFFFF|line_height: 48px&#8221; use_theme_fonts = &#8220;yes&#8221;] [\/vc_column] [\/vc_row] [vc_row] [vc_column] [vc_column_text] No hi ha autobusos que arribin a Cal\u00f3 de S&#8217;alga per aix\u00f2 us recomanem que condu\u00efu a aquesta platja. Pots trobar ofertes al nostre <a href=\"https:\/\/alquilercochesibiza.soloibiza.com\/\">cercador de cotxes a Eivissa<\/a>[\/vc_column_text] [\/vc_column] [\/vc_row] [vc_row full_width = &#8220;STRETCH_ROW&#8221; css = &#8220;.vc_custom_1540634055579 {embuatat-Top: 30px !important; embuatat-inferior: 60px !important background-color:#f1ae28 !important, el fons de la posici\u00f3: el centre !important; antecedents-repetir: no-repetir !important; fons de mida: Cover !important;} &#8220;] [vc_column] [vc_custom_heading text = &#8220;altres platges a prop de Cal\u00f3 de s&#8217;alga&#8221; font_container = &#8220;Tag: H2|font_size: 40px|text_align:center|color:#FFFFFF|line_height: 48px&#8221; use_theme_fonts = &#8220;yes&#8221;] [\/vc_column] [\/vc_row] [vc_row] [vc_column width = &#8220;1\/3&#8221; El_class = &#8220;Filaplayas&#8221;] [vc_single_image Image = &#8220;47700&#8221; img_size = &#8220;full&#8221;] [vc_column_text El_class = &#8220;.conelanteriorreducido&#8221;] <a href=\"https:\/rio-de-santa-eulalia\/\">Riomar<\/a> [\/vc_column_text] [vc_column_text] <\/p>\n<h2 style=\"text-align: center;\" >Platja de Santa Eul\u00e0ria o riu Riomar a 478 metres<\/h2>\n<p style=\"text-align: center;\" >Hi ha llocs en aquesta illa que passen desapercebuts pel simple fet de ser una font m\u00e9s enll\u00e0.<\/p>\n<p> [\/vc_column_text] [\/vc_column] [vc_column width = &#8220;1\/3&#8221; El_class = &#8220;Filaplayas&#8221;] [vc_single_image Image = &#8220;47500&#8221; img_size = &#8220;full&#8221;] [vc_column_text El_class = &#8220;.conelanteriorreducido&#8221;] <a href=\"https:\/playa-santa-eulalia\/\">P. Santa Eul\u00e0ria<\/a>[\/vc_column_text] [vc_column_text] <\/p>\n<h2 style=\"text-align: center;\" >Platja de Santa Eul\u00e0ria a 1055 metres<\/h2>\n<p style=\"text-align: center;\" >Un dels grans atractius que ofereix Santa Eul\u00e0lia \u00e9s, sens dubte, la platja urbana que discorre paral. lelament a la costa, entre el riu Santa Eul\u00e0ria i el port esportiu.<\/p>\n<p> [\/vc_column_text] [\/vc_column] [vc_column width = &#8220;1\/3&#8221; El_class = &#8220;Filaplayas&#8221;] [vc_single_image Image = &#8220;47320&#8221; img_size = &#8220;full&#8221;] [vc_column_text El_class = &#8220;.conelanteriorreducido&#8221;] <a href=\"https:\/cala-llonga\/\">Cala Llonga<\/a> [\/vc_column_text] [vc_column_text] <\/p>\n<h2 style=\"text-align: center;\" >Cala Llonga 3 km<\/h2>\n<p style=\"text-align: center;\" >La platja de Cala Llonga es troba a uns dotze quil\u00f2metres de la ciutat d&#8217;Eivissa i a uns sis quil\u00f2metres de Santa Eul\u00e0lia.<\/p>\n<p> [\/vc_column_text] [\/vc_column] [\/vc_row] [vc_row full_width = &#8220;stretch_row&#8221; css = &#8220;.vc_custom_1539928959405 {Padding-Top: 20px !important; padding-bottom: 20px !important; background-color:#1b7f47 !important;}&#8221;] [vc_column] [vc_custom_heading text = &#8220;m\u00e9s llocs d&#8217;inter\u00e8s&#8221; font_container = &#8220;tag:H2|text_align:center|color:#ffffff&#8221; use_theme_fonts = &#8220;yes&#8221;] [vc_custom_heading text = &#8220;si tens un cotxe de lloguer pots visitar aquests altres llocs amb un inter\u00e8s tur\u00edstic&#8221; font_container = &#8220;Tag: P|font_size: 24px|text_align:center|color:#ffffff&#8221; use_theme_fonts = &#8220;yes&#8221; Link = &#8220;URL: HTTPS% 3a% 2f% 2Falquilercochesibiza. Soloibiza. com|| |&#8221;] [\/vc_column] [\/vc_row] [vc_row] [vc_column width = &#8220;1\/3&#8221;] [vc_single_image Image = &#8220;46910&#8221; img_size = &#8220;full&#8221; onclick = &#8220;custom_link&#8221; Link = &#8220;https:\/guia-de-turismo-de-ibiza-cultural-y-natural\/guia-turismo-santa-eulalia-ibiza\/pont-vell\/&#8221;] [vc_column_text] <\/p>\n<h2 style=\"text-align: center;\" >Pont vell a 997 metres<\/h2>\n<p style=\"text-align: center;\" >Pont vell es troba a l&#8217;entrada de Santa Eul\u00e0ria des Riu, al costat del nou pont que d\u00f3na acc\u00e9s al poble.<\/p>\n<p> [\/vc_column_text] [\/vc_column] [vc_column width = &#8220;1\/3&#8221;] [vc_single_image Image = &#8220;46880&#8221; img_size = &#8220;full&#8221; onclick = &#8220;custom_link&#8221; Link = &#8220;https:\/guia-de-turismo-de-ibiza-cultural-y-natural\/guia-turismo-santa-eulalia-ibiza\/museo-etnologico-can-ros\/&#8221;] [vc_column_text] <\/p>\n<h2 style=\"text-align: center;\" >Museu Etnol\u00f2gic a 1062 metres<\/h2>\n<p style=\"text-align: center;\" >Dins del nucli de Puig de Missa es pot visitar el Museu Etnol\u00f2gic de Can Ros.<\/p>\n<p> [\/vc_column_text] [\/vc_column] [vc_column width = &#8220;1\/3&#8221; El_class = &#8220;Filaplayas&#8221;] [vc_single_image Image = &#8220;46874&#8221; img_size = &#8220;full&#8221; onclick = &#8220;custom_link&#8221; Link = &#8220;https:\/guia-de-turismo-de-ibiza-cultural-y-natural\/guia-turismo-santa-eulalia-ibiza\/museo-barrau\/&#8221;] [vc_column_text] <\/p>\n<h2 style=\"text-align: center;\" >Museo Barrau A 1084<\/h2>\n<p style=\"text-align: center;\" >Al cor del Puig de Missa, en un indret privilegiat, davant de la porta de l&#8217;esgl\u00e9sia, es troba la Casa-Museu dedicada a la Barcelona Laure\u00e0 Barrau i Bu\u00f1ol.<\/p>\n<p> [\/vc_column_text] [\/vc_column] [\/vc_row] [vc_row full_width = &#8220;stretch_row&#8221; css = &#8220;.vc_custom_1539928959405 {padding-top: 20px !important; Padding-Bottom: 20px !important; background-color:#1b7f47 !important;}&#8221;] [vc_column] [vc_custom_heading text = &#8220;ubicacions a Cal\u00f3 de s&#8217;alga&#8221; font_container = &#8220;tag:H2|text_align:center|color:#ffffff&#8221; use_theme_fonts = &#8220;yes&#8221;] [\/vc_column] [\/vc_row] [vc_row] [vc_column width = &#8220;1\/3&#8221;] [vc_single_image Image = &#8220;46952&#8221; img_size = &#8220;full&#8221; onclick = &#8220;custom_link&#8221; Link = &#8220;https:\/guia-de-turismo-de-ibiza-cultural-y-natural\/guia-turismo-santa-eulalia-ibiza\/&#8221;] [vc_column_text] <\/p>\n<h2 style=\"text-align: center;\" >Santa Eul\u00e0ria<\/h2>\n<p style=\"text-align: center;\" >La pres\u00e8ncia humana en aquest municipi s&#8217;ha establert en l&#8217;era prehist\u00f2rica<\/p>\n<p> [\/vc_column_text] [\/vc_column] [vc_column width = &#8220;1\/3&#8221;] [vc_single_image Image = &#8220;46964&#8221; img_size = &#8220;full&#8221; onclick = &#8220;custom_link&#8221; Link = &#8220;https:\/guia-de-turismo-de-ibiza-cultural-y-natural\/guia-turismo-santa-eulalia-ibiza\/guia-de-turismo-de-san-carlos-o-sant-carles-de-peralta\/&#8221; ] [vc_column_text] <\/p>\n<h2 style=\"text-align: center;\" >Sant Carles 8 km<\/h2>\n<p style=\"text-align: center;\" >Situat a uns sis quil\u00f2metres del nucli de Santa Eul\u00e0ria \u00e9s la parr\u00f2quia de Sant Carles de Peralta, o Sant Carles.<\/p>\n<p> [\/vc_column_text] [\/vc_column] [vc_column width = &#8220;1\/3&#8221;] [vc_single_image Image = &#8220;46988&#8221; img_size = &#8220;full&#8221; onclick = &#8220;custom_link&#8221; Link = &#8220;https:\/guia-de-turismo-de-ibiza-cultural-y-natural\/guia-turismo-sant-joan-ibiza\/guia-de-turismo-de-san-lorenzo-o-sant-llorenc-de-balafia\/&#8221;] [vc_column_text] <\/p>\n<h2 style=\"text-align: center;\" >Sant LLoren\u00e7, 9 km<\/h2>\n<p style=\"text-align: center;\" >Sant Lloren\u00e7 de Bal\u00e0fia, o San Lorenzo, \u00e9s una poblaci\u00f3 rural, pr\u00e0cticament sense nucli urb\u00e0, situada en el terme municipal de Sant Joan.<\/p>\n<p> [\/vc_column_text] [\/vc_column] [\/vc_row] [vc_row] [vc_column] [vc_column_text] [toc] [\/vc_column_text] [\/vc_column] [\/vc_row] <\/p>\n<\/div>","protected":false},"excerpt":{"rendered":"<p>[vc_row full_width = &#8220;stretch_row&#8221; parallax = &#8220;content-moving-fade&#8221; css = &#8220;.vc_custom_1545901029025 {padding-top: 20px !important; Padding-Bottom: 60px !important; background-image: url(http:\/\/soloibiza.com\/wp-content\/uploads\/2018\/12\/Calo-de-s-alga.jpg?id=47602) !important;}&#8221;] [vc_column] [vc_custom_heading text = &#8220;Cal\u00f3 de s&#8217;alga. &#8220;Una dif\u00edcil de trobar cantonada per\u00f2 bonic i tranquil \u2022 litat.&#8221; font_container = &#8220;tag:h1|text_align:center|color: %23ffffff&#8221; use_theme_fonts = &#8220;yes&#8221;] [vc_custom_heading text = &#8220;algues Cal\u00f3 de S&#8217; \u00e9s una petita platja [&hellip;]<\/p>\n","protected":false},"author":1,"featured_media":0,"parent":0,"menu_order":0,"comment_status":"closed","ping_status":"closed","template":"","meta":{"_acf_changed":false,"footnotes":""},"class_list":["post-51969","page","type-page","status-publish","hentry"],"acf":[],"_links":{"self":[{"href":"https:\/\/soloibiza.com\/ca\/wp-json\/wp\/v2\/pages\/51969","targetHints":{"allow":["GET"]}}],"collection":[{"href":"https:\/\/soloibiza.com\/ca\/wp-json\/wp\/v2\/pages"}],"about":[{"href":"https:\/\/soloibiza.com\/ca\/wp-json\/wp\/v2\/types\/page"}],"author":[{"embeddable":true,"href":"https:\/\/soloibiza.com\/ca\/wp-json\/wp\/v2\/users\/1"}],"replies":[{"embeddable":true,"href":"https:\/\/soloibiza.com\/ca\/wp-json\/wp\/v2\/comments?post=51969"}],"version-history":[{"count":0,"href":"https:\/\/soloibiza.com\/ca\/wp-json\/wp\/v2\/pages\/51969\/revisions"}],"wp:attachment":[{"href":"https:\/\/soloibiza.com\/ca\/wp-json\/wp\/v2\/media?parent=51969"}],"curies":[{"name":"wp","href":"https:\/\/api.w.org\/{rel}","templated":true}]}}